{"id":20128,"date":"2026-07-30T12:29:07","date_gmt":"2026-07-30T10:29:07","guid":{"rendered":"https:\/\/labenefica.org\/?page_id=20128"},"modified":"2026-08-12T13:18:55","modified_gmt":"2026-08-12T11:18:55","slug":"casapalma-iv-alcuentru-de-folclor","status":"publish","type":"page","link":"https:\/\/labenefica.org\/ast\/casapalma-iv-alcuentru-de-folclor\/","title":{"rendered":"Casapalma -IV Alcuentru de Folclor"},"content":{"rendered":"\t\t<div data-elementor-type=\"wp-page\" data-elementor-id=\"20128\" class=\"elementor elementor-20128 elementor-20127\" data-elementor-post-type=\"page\">\n\t\t\t\t\t\t<section class=\"elementor-section elementor-top-section elementor-element elementor-element-f666289 elementor-section-boxed elementor-section-height-default elementor-section-height-default qodef-elementor-content-no\" data-id=\"f666289\" data-element_type=\"section\" data-e-type=\"section\">\n\t\t\t\t\t\t<div class=\"elementor-container elementor-column-gap-default\">\n\t\t\t\t\t<div class=\"elementor-column elementor-col-100 elementor-top-column elementor-element elementor-element-4f117d0\" data-id=\"4f117d0\" data-element_type=\"column\" data-e-type=\"column\">\n\t\t\t<div class=\"elementor-widget-wrap elementor-element-populated\">\n\t\t\t\t\t\t<div class=\"elementor-element elementor-element-b2c1c3b elementor-widget elementor-widget-heading\" data-id=\"b2c1c3b\" data-element_type=\"widget\" data-e-type=\"widget\" data-widget_type=\"heading.default\">\n\t\t\t\t<div class=\"elementor-widget-container\">\n\t\t\t\t\t<h1 class=\"elementor-heading-title elementor-size-default\">CASAPALMA<br \/>IV ALCUENTRU<\/h1>\t\t\t\t<\/div>\n\t\t\t\t<\/div>\n\t\t\t\t<div class=\"elementor-element elementor-element-a220188 elementor-widget elementor-widget-heading\" data-id=\"a220188\" data-element_type=\"widget\" data-e-type=\"widget\" data-widget_type=\"heading.default\">\n\t\t\t\t<div class=\"elementor-widget-container\">\n\t\t\t\t\t<h3 class=\"elementor-heading-title elementor-size-default\">VIENRES 11 DE SETIEMBRE, 22:00 (APERTURA 21:00)<\/h3>\t\t\t\t<\/div>\n\t\t\t\t<\/div>\n\t\t\t\t\t<\/div>\n\t\t<\/div>\n\t\t\t\t\t<\/div>\n\t\t<\/section>\n\t\t\t\t<section class=\"elementor-section elementor-top-section elementor-element elementor-element-711bc47 elementor-section-boxed elementor-section-height-default elementor-section-height-default qodef-elementor-content-no\" data-id=\"711bc47\" data-element_type=\"section\" data-e-type=\"section\">\n\t\t\t\t\t\t<div class=\"elementor-container elementor-column-gap-default\">\n\t\t\t\t\t<div class=\"elementor-column elementor-col-100 elementor-top-column elementor-element elementor-element-4a6336f\" data-id=\"4a6336f\" data-element_type=\"column\" data-e-type=\"column\">\n\t\t\t<div class=\"elementor-widget-wrap elementor-element-populated\">\n\t\t\t\t\t\t<div class=\"elementor-element elementor-element-78abdfe elementor-widget elementor-widget-text-editor\" data-id=\"78abdfe\" data-element_type=\"widget\" data-e-type=\"widget\" data-widget_type=\"text-editor.default\">\n\t\t\t\t<div class=\"elementor-widget-container\">\n\t\t\t\t\t\t\t\t\t\n<!-- MISTERPLAN PLUGIN 1.1.46-->\n<!-- MISTERPLAN PLUGIN MOTOR TIPO 2 ID ELEMENTO 27067 DESTINO 5826 PV 8961-->\n<div class=\"MrPlanPlugin_MotorContainer MrPlanPlugin_MotorContainer_2\" >\n    <div id=\"rpsv_IncWidgetFicha\" class=\"MrPlanPlugin_CapaMotor\">       \n        \n                <script \n            nowprocket\n            type=\"text\/javascript\"\n            id_elemento=\"27067\"\n            tipo_elemento=\"2\"\n            idw=\"4397\"\n            w_type=\"ficha\"\n            TEws_fecha_ini=\"\"\n            url_confirmacion=\"https:\/\/labenefica.org\/confirmacion-de-reserva\/\"\n            w_contenido=\"simple\"\n            w_param=\"getURL\"\n            id_idioma=\"0\"\n            paramHash=\"015d546a1422cf0d4abefa55ff32450f46f988ee\"\n            src=\"https:\/\/www.mrplan.io\/experiencias\/modulos\/TExpReverse\/lib\/TExpReverseInc.php?id_experiencia=27067&#038;idw=4397&#038;paramHash=015d546a1422cf0d4abefa55ff32450f46f988ee&#038;source_plugin=MrPlanPlugin&#038;web_plugin=https%3A%2F%2Flabenefica.org%2Fast%2Fcasapalma-iv-alcuentru-de-folclor%2F\">\n        <\/script>\n            <\/div>\n<\/div>\n\t\t\t\t\t\t\t\t<\/div>\n\t\t\t\t<\/div>\n\t\t\t\t<div class=\"elementor-element elementor-element-b9ec1f2 elementor-widget elementor-widget-image\" data-id=\"b9ec1f2\" data-element_type=\"widget\" data-e-type=\"widget\" data-widget_type=\"image.default\">\n\t\t\t\t<div class=\"elementor-widget-container\">\n\t\t\t\t\t\t\t\t\t\t\t\t\t\t\t<img fetchpriority=\"high\" decoding=\"async\" width=\"819\" height=\"1024\" src=\"https:\/\/labenefica.org\/wp-content\/uploads\/2026\/08\/01-Floclor26-IG-819x1024.jpg\" class=\"attachment-large size-large wp-image-20769\" alt=\"\" srcset=\"https:\/\/labenefica.org\/wp-content\/uploads\/2026\/08\/01-Floclor26-IG-819x1024.jpg 819w, https:\/\/labenefica.org\/wp-content\/uploads\/2026\/08\/01-Floclor26-IG-240x300.jpg 240w, https:\/\/labenefica.org\/wp-content\/uploads\/2026\/08\/01-Floclor26-IG-768x960.jpg 768w, https:\/\/labenefica.org\/wp-content\/uploads\/2026\/08\/01-Floclor26-IG-1229x1536.jpg 1229w, https:\/\/labenefica.org\/wp-content\/uploads\/2026\/08\/01-Floclor26-IG-1638x2048.jpg 1638w, https:\/\/labenefica.org\/wp-content\/uploads\/2026\/08\/01-Floclor26-IG-1000x1250.jpg 1000w, https:\/\/labenefica.org\/wp-content\/uploads\/2026\/08\/01-Floclor26-IG.jpg 2000w\" sizes=\"(max-width: 819px) 100vw, 819px\" \/>\t\t\t\t\t\t\t\t\t\t\t\t\t\t\t<\/div>\n\t\t\t\t<\/div>\n\t\t\t\t\t<\/div>\n\t\t<\/div>\n\t\t\t\t\t<\/div>\n\t\t<\/section>\n\t\t\t\t<\/div>\n\t\t","protected":false},"excerpt":{"rendered":"<p>CASAPALMAIV ALCUENTRU VIENRES 11 DE SETIEMBRE, 22:00 (APERTURA 21:00)<\/p>\n","protected":false},"author":743,"featured_media":20146,"parent":0,"menu_order":0,"comment_status":"closed","ping_status":"closed","template":"","meta":{"_monsterinsights_skip_tracking":false,"footnotes":""},"class_list":["post-20128","page","type-page","status-publish","has-post-thumbnail","hentry"],"aioseo_notices":[],"aioseo_head":"\n\t\t<!-- All in One SEO 5.0.1.1 - aioseo.com -->\n\t<meta name=\"description\" content=\"CASAPALMAIV ALCUENTRU VIENRES 11 DE SETIEMBRE, 22:00 (APERTURA 21:00)\" \/>\n\t<meta name=\"robots\" content=\"max-image-preview:large\" \/>\n\t<link rel=\"canonical\" href=\"https:\/\/labenefica.org\/ast\/casapalma-iv-alcuentru-de-folclor\/\" \/>\n\t<meta name=\"generator\" content=\"All in One SEO (AIOSEO) 5.0.1.1\" \/>\n\t\t<meta property=\"og:locale\" content=\"en_US\" \/>\n\t\t<meta property=\"og:site_name\" content=\"La Ben\u00e9fica de Pilo\u00f1a | Espaciu Cultural\" \/>\n\t\t<meta property=\"og:type\" content=\"article\" \/>\n\t\t<meta property=\"og:title\" content=\"Casapalma -IV Alcuentru de Folclor | La Ben\u00e9fica de Pilo\u00f1a\" \/>\n\t\t<meta property=\"og:description\" content=\"CASAPALMAIV ALCUENTRU VIENRES 11 DE SETIEMBRE, 22:00 (APERTURA 21:00)\" \/>\n\t\t<meta property=\"og:url\" content=\"https:\/\/labenefica.org\/ast\/casapalma-iv-alcuentru-de-folclor\/\" \/>\n\t\t<meta property=\"og:image\" content=\"https:\/\/labenefica.org\/wp-content\/uploads\/2026\/07\/01-Floclor26-IG-1.jpg\" \/>\n\t\t<meta property=\"og:image:secure_url\" content=\"https:\/\/labenefica.org\/wp-content\/uploads\/2026\/07\/01-Floclor26-IG-1.jpg\" \/>\n\t\t<meta property=\"og:image:width\" content=\"2000\" \/>\n\t\t<meta property=\"og:image:height\" content=\"2500\" \/>\n\t\t<meta property=\"article:published_time\" content=\"2026-07-30T10:29:07+00:00\" \/>\n\t\t<meta property=\"article:modified_time\" content=\"2026-08-12T11:18:55+00:00\" \/>\n\t\t<meta property=\"article:publisher\" content=\"https:\/\/www.facebook.com\/labeneficadepilona\" \/>\n\t\t<meta name=\"twitter:card\" content=\"summary\" \/>\n\t\t<meta name=\"twitter:title\" content=\"Casapalma -IV Alcuentru de Folclor | La Ben\u00e9fica de Pilo\u00f1a\" \/>\n\t\t<meta name=\"twitter:description\" content=\"CASAPALMAIV ALCUENTRU VIENRES 11 DE SETIEMBRE, 22:00 (APERTURA 21:00)\" \/>\n\t\t<meta name=\"twitter:image\" content=\"https:\/\/labenefica.org\/wp-content\/uploads\/2026\/07\/01-Floclor26-IG-1.jpg\" \/>\n\t\t<script type=\"application\/ld+json\" class=\"aioseo-schema\">\n\t\t\t{\"@context\":\"https:\\\/\\\/schema.org\",\"@graph\":[{\"@type\":\"BreadcrumbList\",\"@id\":\"https:\\\/\\\/labenefica.org\\\/ast\\\/casapalma-iv-alcuentru-de-folclor\\\/#breadcrumblist\",\"itemListElement\":[{\"@type\":\"ListItem\",\"@id\":\"https:\\\/\\\/labenefica.org\\\/ast\\\/#listItem\",\"position\":1,\"name\":\"Inicio\",\"item\":\"https:\\\/\\\/labenefica.org\\\/ast\\\/\",\"nextItem\":{\"@type\":\"ListItem\",\"@id\":\"https:\\\/\\\/labenefica.org\\\/ast\\\/casapalma-iv-alcuentru-de-folclor\\\/#listItem\",\"name\":\"Casapalma -IV Alcuentru de Folclor\"}},{\"@type\":\"ListItem\",\"@id\":\"https:\\\/\\\/labenefica.org\\\/ast\\\/casapalma-iv-alcuentru-de-folclor\\\/#listItem\",\"position\":2,\"name\":\"Casapalma -IV Alcuentru de Folclor\",\"previousItem\":{\"@type\":\"ListItem\",\"@id\":\"https:\\\/\\\/labenefica.org\\\/ast\\\/#listItem\",\"name\":\"Inicio\"}}]},{\"@type\":\"Organization\",\"@id\":\"https:\\\/\\\/labenefica.org\\\/ast\\\/#organization\",\"name\":\"La Ben\\u00e9fica de Pilo\\u00f1a\",\"description\":\"Espaciu Cultural\",\"url\":\"https:\\\/\\\/labenefica.org\\\/ast\\\/\",\"sameAs\":[\"https:\\\/\\\/www.facebook.com\\\/labeneficadepilona\",\"https:\\\/\\\/www.instagram.com\\\/la_benefica_pilona\\\/\"]},{\"@type\":\"WebPage\",\"@id\":\"https:\\\/\\\/labenefica.org\\\/ast\\\/casapalma-iv-alcuentru-de-folclor\\\/#webpage\",\"url\":\"https:\\\/\\\/labenefica.org\\\/ast\\\/casapalma-iv-alcuentru-de-folclor\\\/\",\"name\":\"Casapalma -IV Alcuentru de Folclor | La Ben\\u00e9fica de Pilo\\u00f1a\",\"description\":\"CASAPALMAIV ALCUENTRU VIENRES 11 DE SETIEMBRE, 22:00 (APERTURA 21:00)\",\"inLanguage\":\"ast-ES\",\"isPartOf\":{\"@id\":\"https:\\\/\\\/labenefica.org\\\/ast\\\/#website\"},\"breadcrumb\":{\"@id\":\"https:\\\/\\\/labenefica.org\\\/ast\\\/casapalma-iv-alcuentru-de-folclor\\\/#breadcrumblist\"},\"image\":{\"@type\":\"ImageObject\",\"url\":\"https:\\\/\\\/labenefica.org\\\/wp-content\\\/uploads\\\/2026\\\/07\\\/01-Floclor26-IG-1.jpg\",\"@id\":\"https:\\\/\\\/labenefica.org\\\/ast\\\/casapalma-iv-alcuentru-de-folclor\\\/#mainImage\",\"width\":2000,\"height\":2500},\"primaryImageOfPage\":{\"@id\":\"https:\\\/\\\/labenefica.org\\\/ast\\\/casapalma-iv-alcuentru-de-folclor\\\/#mainImage\"},\"datePublished\":\"2026-07-30T12:29:07+02:00\",\"dateModified\":\"2026-08-12T13:18:55+02:00\"},{\"@type\":\"WebSite\",\"@id\":\"https:\\\/\\\/labenefica.org\\\/ast\\\/#website\",\"url\":\"https:\\\/\\\/labenefica.org\\\/ast\\\/\",\"name\":\"La Ben\\u00e9fica de Pilo\\u00f1a\",\"description\":\"Espaciu Cultural\",\"inLanguage\":\"ast-ES\",\"publisher\":{\"@id\":\"https:\\\/\\\/labenefica.org\\\/ast\\\/#organization\"}}]}\n\t\t<\/script>\n\t\t<!-- All in One SEO -->\n\n","aioseo_head_json":{"title":"Casapalma -IV Alcuentru de Folclor | La Ben\u00e9fica de Pilo\u00f1a","description":"CASAPALMAIV ALCUENTRU VIENRES 11 DE SETIEMBRE, 22:00 (APERTURA 21:00)","canonical_url":"https:\/\/labenefica.org\/ast\/casapalma-iv-alcuentru-de-folclor\/","robots":"max-image-preview:large","keywords":"","webmasterTools":{"miscellaneous":""},"schema":{"@context":"https:\/\/schema.org","@graph":[{"@type":"BreadcrumbList","@id":"https:\/\/labenefica.org\/ast\/casapalma-iv-alcuentru-de-folclor\/#breadcrumblist","itemListElement":[{"@type":"ListItem","@id":"https:\/\/labenefica.org\/ast\/#listItem","position":1,"name":"Inicio","item":"https:\/\/labenefica.org\/ast\/","nextItem":{"@type":"ListItem","@id":"https:\/\/labenefica.org\/ast\/casapalma-iv-alcuentru-de-folclor\/#listItem","name":"Casapalma -IV Alcuentru de Folclor"}},{"@type":"ListItem","@id":"https:\/\/labenefica.org\/ast\/casapalma-iv-alcuentru-de-folclor\/#listItem","position":2,"name":"Casapalma -IV Alcuentru de Folclor","previousItem":{"@type":"ListItem","@id":"https:\/\/labenefica.org\/ast\/#listItem","name":"Inicio"}}]},{"@type":"Organization","@id":"https:\/\/labenefica.org\/ast\/#organization","name":"La Ben\u00e9fica de Pilo\u00f1a","description":"Espaciu Cultural","url":"https:\/\/labenefica.org\/ast\/","sameAs":["https:\/\/www.facebook.com\/labeneficadepilona","https:\/\/www.instagram.com\/la_benefica_pilona\/"]},{"@type":"WebPage","@id":"https:\/\/labenefica.org\/ast\/casapalma-iv-alcuentru-de-folclor\/#webpage","url":"https:\/\/labenefica.org\/ast\/casapalma-iv-alcuentru-de-folclor\/","name":"Casapalma -IV Alcuentru de Folclor | La Ben\u00e9fica de Pilo\u00f1a","description":"CASAPALMAIV ALCUENTRU VIENRES 11 DE SETIEMBRE, 22:00 (APERTURA 21:00)","inLanguage":"ast-ES","isPartOf":{"@id":"https:\/\/labenefica.org\/ast\/#website"},"breadcrumb":{"@id":"https:\/\/labenefica.org\/ast\/casapalma-iv-alcuentru-de-folclor\/#breadcrumblist"},"image":{"@type":"ImageObject","url":"https:\/\/labenefica.org\/wp-content\/uploads\/2026\/07\/01-Floclor26-IG-1.jpg","@id":"https:\/\/labenefica.org\/ast\/casapalma-iv-alcuentru-de-folclor\/#mainImage","width":2000,"height":2500},"primaryImageOfPage":{"@id":"https:\/\/labenefica.org\/ast\/casapalma-iv-alcuentru-de-folclor\/#mainImage"},"datePublished":"2026-07-30T12:29:07+02:00","dateModified":"2026-08-12T13:18:55+02:00"},{"@type":"WebSite","@id":"https:\/\/labenefica.org\/ast\/#website","url":"https:\/\/labenefica.org\/ast\/","name":"La Ben\u00e9fica de Pilo\u00f1a","description":"Espaciu Cultural","inLanguage":"ast-ES","publisher":{"@id":"https:\/\/labenefica.org\/ast\/#organization"}}]},"og:locale":"en_US","og:site_name":"La Ben\u00e9fica de Pilo\u00f1a | Espaciu Cultural","og:type":"article","og:title":"Casapalma -IV Alcuentru de Folclor | La Ben\u00e9fica de Pilo\u00f1a","og:description":"CASAPALMAIV ALCUENTRU VIENRES 11 DE SETIEMBRE, 22:00 (APERTURA 21:00)","og:url":"https:\/\/labenefica.org\/ast\/casapalma-iv-alcuentru-de-folclor\/","og:image":"https:\/\/labenefica.org\/wp-content\/uploads\/2026\/07\/01-Floclor26-IG-1.jpg","og:image:secure_url":"https:\/\/labenefica.org\/wp-content\/uploads\/2026\/07\/01-Floclor26-IG-1.jpg","og:image:width":2000,"og:image:height":2500,"article:published_time":"2026-07-30T10:29:07+00:00","article:modified_time":"2026-08-12T11:18:55+00:00","article:publisher":"https:\/\/www.facebook.com\/labeneficadepilona","twitter:card":"summary","twitter:title":"Casapalma -IV Alcuentru de Folclor | La Ben\u00e9fica de Pilo\u00f1a","twitter:description":"CASAPALMAIV ALCUENTRU VIENRES 11 DE SETIEMBRE, 22:00 (APERTURA 21:00)","twitter:image":"https:\/\/labenefica.org\/wp-content\/uploads\/2026\/07\/01-Floclor26-IG-1.jpg"},"aioseo_meta_data":{"post_id":"20128","title":null,"description":null,"keywords":null,"keyphrases":{"focus":[],"additional":[]},"primary_term":null,"canonical_url":null,"og_title":null,"og_description":null,"og_object_type":"default","og_image_type":"default","og_image_url":null,"og_image_width":null,"og_image_height":null,"og_image_custom_url":null,"og_image_custom_fields":null,"og_video":"","og_custom_url":null,"og_article_section":null,"og_article_tags":null,"twitter_use_og":false,"twitter_card":"default","twitter_image_type":"default","twitter_image_url":null,"twitter_image_custom_url":null,"twitter_image_custom_fields":null,"twitter_title":null,"twitter_description":null,"schema":{"blockGraphs":[],"customGraphs":[],"default":{"data":{"Article":[],"Course":[],"Dataset":[],"FAQPage":[],"Movie":[],"Person":[],"Product":[],"ProductReview":[],"Car":[],"Recipe":[],"Service":[],"SoftwareApplication":[],"WebPage":[]},"graphName":"WebPage","isEnabled":true},"graphs":[]},"schema_type":"default","schema_type_options":null,"pillar_content":false,"robots_default":true,"robots_noindex":false,"robots_noarchive":false,"robots_nosnippet":false,"robots_nofollow":false,"robots_noimageindex":false,"robots_noodp":false,"robots_notranslate":false,"robots_max_snippet":"-1","robots_max_videopreview":"-1","robots_max_imagepreview":"large","priority":null,"frequency":"default","local_seo":null,"breadcrumb_settings":null,"limit_modified_date":false,"ai":{"faqs":[],"keyPoints":[],"schemas":[],"titles":[],"descriptions":[],"socialPosts":{"email":{"subject":"","preview":"","content":""},"linkedin":[],"twitter":[],"facebook":[],"instagram":[]}},"created":"2026-07-30 10:28:26","updated":"2026-08-12 12:14:03","seo_analyzer_scan_date":null,"focus_keyword":null,"additional_keywords":null,"truseo_locale":null},"aioseo_breadcrumb":"<div class=\"aioseo-breadcrumbs\"><span class=\"aioseo-breadcrumb\">\n\t\t\t<a href=\"https:\/\/labenefica.org\/ast\/\" title=\"Inicio\">Inicio<\/a>\n\t\t<\/span><span class=\"aioseo-breadcrumb-separator\">&raquo;<\/span><span class=\"aioseo-breadcrumb\">\n\t\t\tCasapalma -IV Alcuentru de Folclor\n\t\t<\/span><\/div>","aioseo_breadcrumb_json":[{"label":"Inicio","link":"https:\/\/labenefica.org\/ast\/"},{"label":"Casapalma -IV Alcuentru de Folclor","link":"https:\/\/labenefica.org\/ast\/casapalma-iv-alcuentru-de-folclor\/"}],"_links":{"self":[{"href":"https:\/\/labenefica.org\/ast\/wp-json\/wp\/v2\/pages\/20128","targetHints":{"allow":["GET"]}}],"collection":[{"href":"https:\/\/labenefica.org\/ast\/wp-json\/wp\/v2\/pages"}],"about":[{"href":"https:\/\/labenefica.org\/ast\/wp-json\/wp\/v2\/types\/page"}],"author":[{"embeddable":true,"href":"https:\/\/labenefica.org\/ast\/wp-json\/wp\/v2\/users\/743"}],"replies":[{"embeddable":true,"href":"https:\/\/labenefica.org\/ast\/wp-json\/wp\/v2\/comments?post=20128"}],"version-history":[{"count":4,"href":"https:\/\/labenefica.org\/ast\/wp-json\/wp\/v2\/pages\/20128\/revisions"}],"predecessor-version":[{"id":20772,"href":"https:\/\/labenefica.org\/ast\/wp-json\/wp\/v2\/pages\/20128\/revisions\/20772"}],"wp:featuredmedia":[{"embeddable":true,"href":"https:\/\/labenefica.org\/ast\/wp-json\/wp\/v2\/media\/20146"}],"wp:attachment":[{"href":"https:\/\/labenefica.org\/ast\/wp-json\/wp\/v2\/media?parent=20128"}],"curies":[{"name":"wp","href":"https:\/\/api.w.org\/{rel}","templated":true}]}}