{"id":17302,"date":"2025-10-16T10:33:34","date_gmt":"2025-10-16T08:33:34","guid":{"rendered":"https:\/\/labenefica.org\/axenda\/"},"modified":"2026-08-31T17:41:17","modified_gmt":"2026-08-31T15:41:17","slug":"axenda","status":"publish","type":"page","link":"https:\/\/labenefica.org\/ast\/axenda\/","title":{"rendered":"Axenda"},"content":{"rendered":"\t\t<div data-elementor-type=\"wp-page\" data-elementor-id=\"17302\" class=\"elementor elementor-17302 elementor-15875\" data-elementor-post-type=\"page\">\n\t\t\t\t\t\t<section class=\"elementor-section elementor-top-section elementor-element elementor-element-7384a44a elementor-section-boxed elementor-section-height-default elementor-section-height-default qodef-elementor-content-no\" data-id=\"7384a44a\" data-element_type=\"section\" data-e-type=\"section\">\n\t\t\t\t\t\t<div class=\"elementor-container elementor-column-gap-default\">\n\t\t\t\t\t<div class=\"elementor-column elementor-col-100 elementor-top-column elementor-element elementor-element-762f09e9\" data-id=\"762f09e9\" data-element_type=\"column\" data-e-type=\"column\">\n\t\t\t<div class=\"elementor-widget-wrap elementor-element-populated\">\n\t\t\t\t\t\t<div class=\"elementor-element elementor-element-2b76edc5 elementor-widget elementor-widget-heading\" data-id=\"2b76edc5\" data-element_type=\"widget\" data-e-type=\"widget\" data-widget_type=\"heading.default\">\n\t\t\t\t<div class=\"elementor-widget-container\">\n\t\t\t\t\t<h1 class=\"elementor-heading-title elementor-size-default\">AXENDA<\/h1>\t\t\t\t<\/div>\n\t\t\t\t<\/div>\n\t\t\t\t<div class=\"elementor-element elementor-element-1d71a9a elementor-widget elementor-widget-text-editor\" data-id=\"1d71a9a\" data-element_type=\"widget\" data-e-type=\"widget\" data-widget_type=\"text-editor.default\">\n\t\t\t\t<div class=\"elementor-widget-container\">\n\t\t\t\t\t\t\t\t\t<p style=\"line-height: 1.2; text-align: center;\"><strong>Si quies recibir cada mes la nuestra fueyina<br\/>de bilordios, suscr\u00edbite darr\u00e9u:<br\/><br><\/strong><\/p>\t\t\t\t\t\t\t\t<\/div>\n\t\t\t\t<\/div>\n\t\t\t\t<div class=\"elementor-element elementor-element-153e61a elementor-widget elementor-widget-text-editor\" data-id=\"153e61a\" data-element_type=\"widget\" data-e-type=\"widget\" data-widget_type=\"text-editor.default\">\n\t\t\t\t<div class=\"elementor-widget-container\">\n\t\t\t\t\t\t\t\t\t<script>(function() {\n\twindow.mc4wp = window.mc4wp || {\n\t\tlisteners: [],\n\t\tforms: {\n\t\t\ton: function(evt, cb) {\n\t\t\t\twindow.mc4wp.listeners.push(\n\t\t\t\t\t{\n\t\t\t\t\t\tevent   : evt,\n\t\t\t\t\t\tcallback: cb\n\t\t\t\t\t}\n\t\t\t\t);\n\t\t\t}\n\t\t}\n\t}\n})();\n<\/script><!-- Mailchimp for WordPress v4.14.0 - https:\/\/wordpress.org\/plugins\/mailchimp-for-wp\/ --><form id=\"mc4wp-form-1\" class=\"mc4wp-form mc4wp-form-5193\" method=\"post\" data-id=\"5193\" data-name=\"Mal\u00e9ficos\" ><div class=\"mc4wp-form-fields\"><p style=\"text-align: center;\">\r\n\t<label>\r\n\t\t<input type=\"email\" name=\"EMAIL\" placeholder=\"Direcci\u00f3n de correo electr\u00f3nico\" required \/>\r\n<\/label>\r\n\t<input type=\"submit\" value=\"SUSCRIBIRME\" \/>\r\n<\/p><\/div><label style=\"display: none !important;\">Leave this field empty if you&#039;re human: <input type=\"text\" name=\"_mc4wp_honeypot\" value=\"\" tabindex=\"-1\" autocomplete=\"off\" \/><\/label><input type=\"hidden\" name=\"_mc4wp_timestamp\" value=\"1788337604\" \/><input type=\"hidden\" name=\"_mc4wp_form_id\" value=\"5193\" \/><input type=\"hidden\" name=\"_mc4wp_form_element_id\" value=\"mc4wp-form-1\" \/><div class=\"mc4wp-response\"><\/div><\/form><!-- \/ Mailchimp for WordPress Plugin --><p style=\"font-size: 14px; text-align: center;\">Si nun te presta, siempres pues date de baxa, pero sabemos qu\u2019eso nun va pasar.<\/p>\t\t\t\t\t\t\t\t<\/div>\n\t\t\t\t<\/div>\n\t\t\t\t\t<\/div>\n\t\t<\/div>\n\t\t\t\t\t<\/div>\n\t\t<\/section>\n\t\t\t\t<section class=\"elementor-section elementor-top-section elementor-element elementor-element-cc1c8b5 elementor-section-full_width elementor-section-height-default elementor-section-height-default qodef-elementor-content-no\" data-id=\"cc1c8b5\" data-element_type=\"section\" data-e-type=\"section\">\n\t\t\t\t\t\t<div class=\"elementor-container elementor-column-gap-custom\">\n\t\t\t\t\t<div class=\"elementor-column elementor-col-33 elementor-top-column elementor-element elementor-element-86c3ada\" data-id=\"86c3ada\" data-element_type=\"column\" data-e-type=\"column\" data-settings=\"{&quot;background_background&quot;:&quot;classic&quot;}\">\n\t\t\t<div class=\"elementor-widget-wrap elementor-element-populated\">\n\t\t\t\t\t\t<div class=\"elementor-element elementor-element-75c7ddd elementor-widget elementor-widget-image\" data-id=\"75c7ddd\" data-element_type=\"widget\" data-e-type=\"widget\" data-widget_type=\"image.default\">\n\t\t\t\t<div class=\"elementor-widget-container\">\n\t\t\t\t\t\t\t\t\t\t\t\t\t\t\t<img decoding=\"async\" src=\"https:\/\/labenefica.org\/wp-content\/uploads\/2026\/06\/01-ArtistesIG.jpg\" title=\"01-ArtistesIG\" alt=\"01-ArtistesIG\" loading=\"lazy\" \/>\t\t\t\t\t\t\t\t\t\t\t\t\t\t\t<\/div>\n\t\t\t\t<\/div>\n\t\t\t\t<div class=\"elementor-element elementor-element-d2e4163 elementor-widget elementor-widget-heading\" data-id=\"d2e4163\" data-element_type=\"widget\" data-e-type=\"widget\" data-widget_type=\"heading.default\">\n\t\t\t\t<div class=\"elementor-widget-container\">\n\t\t\t\t\t<h3 class=\"elementor-heading-title elementor-size-default\">Del 1 d'agostu al 6 de setiembre de 2026<\/h3>\t\t\t\t<\/div>\n\t\t\t\t<\/div>\n\t\t\t\t<div class=\"elementor-element elementor-element-62f8143 elementor-widget elementor-widget-heading\" data-id=\"62f8143\" data-element_type=\"widget\" data-e-type=\"widget\" data-widget_type=\"heading.default\">\n\t\t\t\t<div class=\"elementor-widget-container\">\n\t\t\t\t\t<h3 class=\"elementor-heading-title elementor-size-default\">\u27a4 Antiguu Balneariu de Borines<\/h3>\t\t\t\t<\/div>\n\t\t\t\t<\/div>\n\t\t\t\t<div class=\"elementor-element elementor-element-40da5da elementor-widget elementor-widget-heading\" data-id=\"40da5da\" data-element_type=\"widget\" data-e-type=\"widget\" data-widget_type=\"heading.default\">\n\t\t\t\t<div class=\"elementor-widget-container\">\n\t\t\t\t\t<h2 class=\"elementor-heading-title elementor-size-default\">Artistes Ben\u00e9ficos: Merc\u00e1u d\u2019Arte<\/h2>\t\t\t\t<\/div>\n\t\t\t\t<\/div>\n\t\t\t\t<div class=\"elementor-element elementor-element-6f436ce elementor-widget elementor-widget-toggle\" data-id=\"6f436ce\" data-element_type=\"widget\" data-e-type=\"widget\" data-widget_type=\"toggle.default\">\n\t\t\t\t<div class=\"elementor-widget-container\">\n\t\t\t\t\t\t\t<div class=\"elementor-toggle\">\n\t\t\t\t\t\t\t<div class=\"elementor-toggle-item\">\n\t\t\t\t\t<div id=\"elementor-tab-title-1161\" class=\"elementor-tab-title\" data-tab=\"1\" role=\"button\" aria-controls=\"elementor-tab-content-1161\" aria-expanded=\"false\">\n\t\t\t\t\t\t\t\t\t\t\t\t<span class=\"elementor-toggle-icon elementor-toggle-icon-right\" aria-hidden=\"true\">\n\t\t\t\t\t\t\t\t\t\t\t\t\t\t\t<span class=\"elementor-toggle-icon-closed\"><i class=\"fas fa-angle-double-down\"><\/i><\/span>\n\t\t\t\t\t\t\t\t<span class=\"elementor-toggle-icon-opened\"><i class=\"elementor-toggle-icon-opened fas fa-angle-double-up\"><\/i><\/span>\n\t\t\t\t\t\t\t\t\t\t\t\t\t<\/span>\n\t\t\t\t\t\t\t\t\t\t\t\t<a class=\"elementor-toggle-title\" tabindex=\"0\">+ INFO<\/a>\n\t\t\t\t\t<\/div>\n\n\t\t\t\t\t<div id=\"elementor-tab-content-1161\" class=\"elementor-tab-content elementor-clearfix\" data-tab=\"1\" role=\"region\" aria-labelledby=\"elementor-tab-title-1161\"><p style=\"text-align: left;\"><strong>Del 1 d&#8217;agostu al 6 de setiembre de 2026<\/strong><br \/><strong>Vienres, 18.00-20.00 | S\u00e1bados, 11.00-14.00 y 18.00- 20.00 | Domingos y festivos, 11.00-14.00<br \/><\/strong><em>Pa tolos p\u00fablicos<br \/>Entrada de baldre<\/em><\/p>\n<hr>\n<hr>\n<hr>\n<p><span style=\"color: #3962ff;\"><a style=\"color: #3962ff;\" href=\"https:\/\/labenefica.org\/ast\/mercau-darte-en-borines\/\"><b>Artistes Ben\u00e9ficos<\/b><\/a><\/span><span style=\"font-weight: 400;\"> ye una llinia de trabayu impulsada por La Ben\u00e9fica dende&#8217;l 2023, en collaboraci\u00f3n con Borines Manantial de Cultura, que combina visibilizar arte y cooperaci\u00f3n nel mediu rural. Am\u00e1s de ser una esposici\u00f3n colectiva que visibiliza&#8217;l trabayu d\u2019artistes actuales nun entornu non urbanu, el proyectu prop\u00f3n una forma d&#8217;apoyu mutuu: les obres seleccionaes pueden vend\u00e9se, y una parte \u2014o la totalid\u00e1, si asina lo decide l\u2019artista\u2014 dest\u00ednase como donaci\u00f3n al sustentu de La Ben\u00e9fica como espaciu cultural. <\/span><\/p>\n<\/div>\n\t\t\t\t<\/div>\n\t\t\t\t\t\t\t\t<\/div>\n\t\t\t\t\t\t<\/div>\n\t\t\t\t<\/div>\n\t\t\t\t\t<\/div>\n\t\t<\/div>\n\t\t\t\t<div class=\"elementor-column elementor-col-33 elementor-top-column elementor-element elementor-element-489f0e0\" data-id=\"489f0e0\" data-element_type=\"column\" data-e-type=\"column\" data-settings=\"{&quot;background_background&quot;:&quot;classic&quot;}\">\n\t\t\t<div class=\"elementor-widget-wrap elementor-element-populated\">\n\t\t\t\t\t\t<div class=\"elementor-element elementor-element-4ee053b elementor-widget elementor-widget-image\" data-id=\"4ee053b\" data-element_type=\"widget\" data-e-type=\"widget\" data-widget_type=\"image.default\">\n\t\t\t\t<div class=\"elementor-widget-container\">\n\t\t\t\t\t\t\t\t\t\t\t\t\t\t\t\t<a href=\"https:\/\/labenefica.org\/ast\/muestra-de-cine-en-pilona-la-benefilmica\/\">\n\t\t\t\t\t\t\t<img decoding=\"async\" src=\"https:\/\/labenefica.org\/wp-content\/uploads\/2026\/08\/01-Benefilmica-Dia-E1.jpg\" title=\"01-Benef\u00edlmica-D\u00eda-E1\" alt=\"01-Benef\u00edlmica-D\u00eda-E1\" loading=\"lazy\" \/>\t\t\t\t\t\t\t\t<\/a>\n\t\t\t\t\t\t\t\t\t\t\t\t\t\t\t<\/div>\n\t\t\t\t<\/div>\n\t\t\t\t<div class=\"elementor-element elementor-element-1cf2763 elementor-widget elementor-widget-heading\" data-id=\"1cf2763\" data-element_type=\"widget\" data-e-type=\"widget\" data-widget_type=\"heading.default\">\n\t\t\t\t<div class=\"elementor-widget-container\">\n\t\t\t\t\t<h3 class=\"elementor-heading-title elementor-size-default\">Martes 1 de setiembre<\/h3>\t\t\t\t<\/div>\n\t\t\t\t<\/div>\n\t\t\t\t<div class=\"elementor-element elementor-element-38e30c2 elementor-widget elementor-widget-heading\" data-id=\"38e30c2\" data-element_type=\"widget\" data-e-type=\"widget\" data-widget_type=\"heading.default\">\n\t\t\t\t<div class=\"elementor-widget-container\">\n\t\t\t\t\t<h3 class=\"elementor-heading-title elementor-size-default\">\u27a4 \u00c1rea Recreativa de La Cueva<\/h3>\t\t\t\t<\/div>\n\t\t\t\t<\/div>\n\t\t\t\t<div class=\"elementor-element elementor-element-30c4140 elementor-widget elementor-widget-heading\" data-id=\"30c4140\" data-element_type=\"widget\" data-e-type=\"widget\" data-widget_type=\"heading.default\">\n\t\t\t\t<div class=\"elementor-widget-container\">\n\t\t\t\t\t<h2 class=\"elementor-heading-title elementor-size-default\">La Benef\u00edlmica:<br \/>Especial Lluchas <br \/>pol Territoriu<\/h2>\t\t\t\t<\/div>\n\t\t\t\t<\/div>\n\t\t\t\t<div class=\"elementor-element elementor-element-1ec381c elementor-widget elementor-widget-toggle\" data-id=\"1ec381c\" data-element_type=\"widget\" data-e-type=\"widget\" data-widget_type=\"toggle.default\">\n\t\t\t\t<div class=\"elementor-widget-container\">\n\t\t\t\t\t\t\t<div class=\"elementor-toggle\">\n\t\t\t\t\t\t\t<div class=\"elementor-toggle-item\">\n\t\t\t\t\t<div id=\"elementor-tab-title-3221\" class=\"elementor-tab-title\" data-tab=\"1\" role=\"button\" aria-controls=\"elementor-tab-content-3221\" aria-expanded=\"false\">\n\t\t\t\t\t\t\t\t\t\t\t\t<span class=\"elementor-toggle-icon elementor-toggle-icon-right\" aria-hidden=\"true\">\n\t\t\t\t\t\t\t\t\t\t\t\t\t\t\t<span class=\"elementor-toggle-icon-closed\"><i class=\"fas fa-angle-double-down\"><\/i><\/span>\n\t\t\t\t\t\t\t\t<span class=\"elementor-toggle-icon-opened\"><i class=\"elementor-toggle-icon-opened fas fa-angle-double-up\"><\/i><\/span>\n\t\t\t\t\t\t\t\t\t\t\t\t\t<\/span>\n\t\t\t\t\t\t\t\t\t\t\t\t<a class=\"elementor-toggle-title\" tabindex=\"0\">+ INFO<\/a>\n\t\t\t\t\t<\/div>\n\n\t\t\t\t\t<div id=\"elementor-tab-content-3221\" class=\"elementor-tab-content elementor-clearfix\" data-tab=\"1\" role=\"region\" aria-labelledby=\"elementor-tab-title-3221\"><p style=\"text-align: left;\"><strong>Martes 1 de setiembre de 2026<\/strong><br \/><strong>A les 22.00<br \/><\/strong><em>Pa tolos p\u00fablicos<br \/>Entrada de baldre<\/em><\/p>\n<hr>\n<hr>\n<hr>\n<p dir=\"ltr\"><strong>Activid\u00e1 Perif\u00e9rica de la muestra de cine en Pilo\u00f1a<\/strong><\/p>\n<p><span style=\"font-weight: 400;\">Proyecci\u00f3n d\u2019un documental al aire llibre dientro de la Muestra de cine de Pilo\u00f1a: La Benef\u00edlmica, Especial Lluches pol territoriu <\/span><\/p>\n<p><b><i>Hija de la laguna (Ernesto Cabellos, 2015)<\/i><\/b><span style=\"font-weight: 400;\"> <\/span><\/p>\n<p><span style=\"font-weight: 400;\">L\u2019aclam\u00e1u documental peruanu dirix\u00edu por Ernesto Cabellos Dami\u00e1n, narra la hestoria de N\u00e9lida Ayay Chil\u00f3n, una muyer de los Andes que se comunica colos esp\u00edritus del agua. Ella usa la so voz pa defender la llaguna que considera la madre frente a una gran minera d\u2019oru.  <\/span><\/p>\n<p><b>Presentaci\u00f3n y coloquiu:<\/b><span style=\"font-weight: 400;\">Asamblea de Pilo\u00f1a de Salvemos Pe\u00f1amayor<\/span><\/p>\n<\/div>\n\t\t\t\t<\/div>\n\t\t\t\t\t\t\t\t<\/div>\n\t\t\t\t\t\t<\/div>\n\t\t\t\t<\/div>\n\t\t\t\t\t<\/div>\n\t\t<\/div>\n\t\t\t\t<div class=\"elementor-column elementor-col-33 elementor-top-column elementor-element elementor-element-5643ae9\" data-id=\"5643ae9\" data-element_type=\"column\" data-e-type=\"column\" data-settings=\"{&quot;background_background&quot;:&quot;classic&quot;}\">\n\t\t\t<div class=\"elementor-widget-wrap elementor-element-populated\">\n\t\t\t\t\t\t<div class=\"elementor-element elementor-element-24566e5 elementor-widget elementor-widget-image\" data-id=\"24566e5\" data-element_type=\"widget\" data-e-type=\"widget\" data-widget_type=\"image.default\">\n\t\t\t\t<div class=\"elementor-widget-container\">\n\t\t\t\t\t\t\t\t\t\t\t\t\t\t\t\t<a href=\"https:\/\/labenefica.org\/ast\/muestra-de-cine-en-pilona-la-benefilmica\/\">\n\t\t\t\t\t\t\t<img decoding=\"async\" src=\"https:\/\/labenefica.org\/wp-content\/uploads\/2026\/08\/01-Benefilmica-Dia-1-1.jpg\" title=\"01-Benef\u00edlmica-D\u00eda-1\" alt=\"01-Benef\u00edlmica-D\u00eda-1\" loading=\"lazy\" \/>\t\t\t\t\t\t\t\t<\/a>\n\t\t\t\t\t\t\t\t\t\t\t\t\t\t\t<\/div>\n\t\t\t\t<\/div>\n\t\t\t\t<div class=\"elementor-element elementor-element-18c9e90 elementor-widget elementor-widget-heading\" data-id=\"18c9e90\" data-element_type=\"widget\" data-e-type=\"widget\" data-widget_type=\"heading.default\">\n\t\t\t\t<div class=\"elementor-widget-container\">\n\t\t\t\t\t<h3 class=\"elementor-heading-title elementor-size-default\">Vienres 4 de setiembre<\/h3>\t\t\t\t<\/div>\n\t\t\t\t<\/div>\n\t\t\t\t<div class=\"elementor-element elementor-element-1600faa elementor-widget elementor-widget-heading\" data-id=\"1600faa\" data-element_type=\"widget\" data-e-type=\"widget\" data-widget_type=\"heading.default\">\n\t\t\t\t<div class=\"elementor-widget-container\">\n\t\t\t\t\t<h3 class=\"elementor-heading-title elementor-size-default\">\u27a4 La Ben\u00e9fica &amp; La Meredal (Vegarrionda)<\/h3>\t\t\t\t<\/div>\n\t\t\t\t<\/div>\n\t\t\t\t<div class=\"elementor-element elementor-element-801c404 elementor-widget elementor-widget-heading\" data-id=\"801c404\" data-element_type=\"widget\" data-e-type=\"widget\" data-widget_type=\"heading.default\">\n\t\t\t\t<div class=\"elementor-widget-container\">\n\t\t\t\t\t<h2 class=\"elementor-heading-title elementor-size-default\">La Benef\u00edlmica:<br \/>Muestra de cine <br \/>en Pilo\u00f1a<\/h2>\t\t\t\t<\/div>\n\t\t\t\t<\/div>\n\t\t\t\t<div class=\"elementor-element elementor-element-19a172e elementor-widget elementor-widget-toggle\" data-id=\"19a172e\" data-element_type=\"widget\" data-e-type=\"widget\" data-widget_type=\"toggle.default\">\n\t\t\t\t<div class=\"elementor-widget-container\">\n\t\t\t\t\t\t\t<div class=\"elementor-toggle\">\n\t\t\t\t\t\t\t<div class=\"elementor-toggle-item\">\n\t\t\t\t\t<div id=\"elementor-tab-title-2681\" class=\"elementor-tab-title\" data-tab=\"1\" role=\"button\" aria-controls=\"elementor-tab-content-2681\" aria-expanded=\"false\">\n\t\t\t\t\t\t\t\t\t\t\t\t<span class=\"elementor-toggle-icon elementor-toggle-icon-right\" aria-hidden=\"true\">\n\t\t\t\t\t\t\t\t\t\t\t\t\t\t\t<span class=\"elementor-toggle-icon-closed\"><i class=\"fas fa-angle-double-down\"><\/i><\/span>\n\t\t\t\t\t\t\t\t<span class=\"elementor-toggle-icon-opened\"><i class=\"elementor-toggle-icon-opened fas fa-angle-double-up\"><\/i><\/span>\n\t\t\t\t\t\t\t\t\t\t\t\t\t<\/span>\n\t\t\t\t\t\t\t\t\t\t\t\t<a class=\"elementor-toggle-title\" tabindex=\"0\">+ INFO<\/a>\n\t\t\t\t\t<\/div>\n\n\t\t\t\t\t<div id=\"elementor-tab-content-2681\" class=\"elementor-tab-content elementor-clearfix\" data-tab=\"1\" role=\"region\" aria-labelledby=\"elementor-tab-title-2681\"><p style=\"text-align: left;\"><strong>Vienres 4 de setiembre de 2026<\/strong><br \/><strong>A les 18.00 y 21.30<br \/><\/strong><em>Pa tolos p\u00fablicos<br \/>Entrada de baldre<\/em><\/p>\n<hr>\n<hr>\n<hr>\n<p dir=\"ltr\"><strong>D\u00eda 1: Un viaxe universal<\/strong><\/p>\n<p><span style=\"font-weight: 400;\">Pa la primer xornada de la muestra, proponemos un viaxe f\u00edlmicu al travi\u00e9s del espaciu y el tiempu. Dende la oriella del oc\u00e9anu c\u00f3smicu percorreremos llugares estra\u00f1os, fermosos y desolaos; llugares que superen la nuestra comprensi\u00f3n y nos inviten a averanos al m\u00e1s grande de los misterios. <\/span><\/p>\n<p><span style=\"font-weight: 400;\">Primera Proyecci\u00f3n en La Ben\u00e9fica a les 18.00<\/span><span style=\"font-weight: 400;\">:<\/span><i><span style=\"font-weight: 400;\">Concierto de Bromo + Proyecci\u00f3n Sorpresa<\/span><\/i><\/p>\n<p><span style=\"font-weight: 400;\">Segunda Proyecci\u00f3n en <\/span><span style=\"background-color: #ffffff;\">Prau La Meredal, Bar-tienda Vegarrionda a les 21.30<\/span>: <i>La partitura del cosmos (Juanma V. Betancort, 2025)<\/i> <\/p>\n<\/div>\n\t\t\t\t<\/div>\n\t\t\t\t\t\t\t\t<\/div>\n\t\t\t\t\t\t<\/div>\n\t\t\t\t<\/div>\n\t\t\t\t\t<\/div>\n\t\t<\/div>\n\t\t\t\t\t<\/div>\n\t\t<\/section>\n\t\t\t\t<section class=\"elementor-section elementor-top-section elementor-element elementor-element-0b6547e elementor-section-full_width elementor-section-height-default elementor-section-height-default qodef-elementor-content-no\" data-id=\"0b6547e\" data-element_type=\"section\" data-e-type=\"section\">\n\t\t\t\t\t\t<div class=\"elementor-container elementor-column-gap-custom\">\n\t\t\t\t\t<div class=\"elementor-column elementor-col-33 elementor-top-column elementor-element elementor-element-d537b9a\" data-id=\"d537b9a\" data-element_type=\"column\" data-e-type=\"column\" data-settings=\"{&quot;background_background&quot;:&quot;classic&quot;}\">\n\t\t\t<div class=\"elementor-widget-wrap elementor-element-populated\">\n\t\t\t\t\t\t<div class=\"elementor-element elementor-element-afe682c elementor-widget elementor-widget-image\" data-id=\"afe682c\" data-element_type=\"widget\" data-e-type=\"widget\" data-widget_type=\"image.default\">\n\t\t\t\t<div class=\"elementor-widget-container\">\n\t\t\t\t\t\t\t\t\t\t\t\t\t\t\t\t<a href=\"https:\/\/labenefica.org\/ast\/muestra-de-cine-en-pilona-la-benefilmica\/\">\n\t\t\t\t\t\t\t<img decoding=\"async\" src=\"https:\/\/labenefica.org\/wp-content\/uploads\/2026\/08\/01-Benefilmica-Dia-E5.jpg\" title=\"01-Benef\u00edlmica-D\u00eda-E5\" alt=\"01-Benef\u00edlmica-D\u00eda-E5\" loading=\"lazy\" \/>\t\t\t\t\t\t\t\t<\/a>\n\t\t\t\t\t\t\t\t\t\t\t\t\t\t\t<\/div>\n\t\t\t\t<\/div>\n\t\t\t\t<div class=\"elementor-element elementor-element-29ab563 elementor-widget elementor-widget-heading\" data-id=\"29ab563\" data-element_type=\"widget\" data-e-type=\"widget\" data-widget_type=\"heading.default\">\n\t\t\t\t<div class=\"elementor-widget-container\">\n\t\t\t\t\t<h3 class=\"elementor-heading-title elementor-size-default\">S\u00e1badu 5 de setiembre<\/h3>\t\t\t\t<\/div>\n\t\t\t\t<\/div>\n\t\t\t\t<div class=\"elementor-element elementor-element-5f0180a elementor-widget elementor-widget-heading\" data-id=\"5f0180a\" data-element_type=\"widget\" data-e-type=\"widget\" data-widget_type=\"heading.default\">\n\t\t\t\t<div class=\"elementor-widget-container\">\n\t\t\t\t\t<h3 class=\"elementor-heading-title elementor-size-default\">\u27a4 Antiguu Balneario de Borines<\/h3>\t\t\t\t<\/div>\n\t\t\t\t<\/div>\n\t\t\t\t<div class=\"elementor-element elementor-element-5bbc8af elementor-widget elementor-widget-heading\" data-id=\"5bbc8af\" data-element_type=\"widget\" data-e-type=\"widget\" data-widget_type=\"heading.default\">\n\t\t\t\t<div class=\"elementor-widget-container\">\n\t\t\t\t\t<h2 class=\"elementor-heading-title elementor-size-default\">La Benef\u00edlmica:<br \/>Especial Curtiometraxes + \u00a1Rebaxes n\u2019Artistes<\/h2>\t\t\t\t<\/div>\n\t\t\t\t<\/div>\n\t\t\t\t<div class=\"elementor-element elementor-element-550d878 elementor-widget elementor-widget-toggle\" data-id=\"550d878\" data-element_type=\"widget\" data-e-type=\"widget\" data-widget_type=\"toggle.default\">\n\t\t\t\t<div class=\"elementor-widget-container\">\n\t\t\t\t\t\t\t<div class=\"elementor-toggle\">\n\t\t\t\t\t\t\t<div class=\"elementor-toggle-item\">\n\t\t\t\t\t<div id=\"elementor-tab-title-8911\" class=\"elementor-tab-title\" data-tab=\"1\" role=\"button\" aria-controls=\"elementor-tab-content-8911\" aria-expanded=\"false\">\n\t\t\t\t\t\t\t\t\t\t\t\t<span class=\"elementor-toggle-icon elementor-toggle-icon-right\" aria-hidden=\"true\">\n\t\t\t\t\t\t\t\t\t\t\t\t\t\t\t<span class=\"elementor-toggle-icon-closed\"><i class=\"fas fa-angle-double-down\"><\/i><\/span>\n\t\t\t\t\t\t\t\t<span class=\"elementor-toggle-icon-opened\"><i class=\"elementor-toggle-icon-opened fas fa-angle-double-up\"><\/i><\/span>\n\t\t\t\t\t\t\t\t\t\t\t\t\t<\/span>\n\t\t\t\t\t\t\t\t\t\t\t\t<a class=\"elementor-toggle-title\" tabindex=\"0\">+ INFO<\/a>\n\t\t\t\t\t<\/div>\n\n\t\t\t\t\t<div id=\"elementor-tab-content-8911\" class=\"elementor-tab-content elementor-clearfix\" data-tab=\"1\" role=\"region\" aria-labelledby=\"elementor-tab-title-8911\"><p style=\"text-align: left;\"><strong>S\u00e1badu 5 de setiembre de 2026<\/strong><br \/><strong>A partir de les 11.00<br \/><\/strong><em>Pa tolos p\u00fablicos<br \/>Entrada de baldre<\/em><\/p>\n<hr>\n<hr>\n<hr>\n<p dir=\"ltr\"><strong>Activid\u00e1 Perif\u00e9rica de la<br \/>muestra de cine en Pilo\u00f1a<\/strong><\/p>\n<p><span style=\"font-weight: 400;\">Actividad dentro de la Muestra de cine en Pilo\u00f1a: La Benef\u00edlmica.<\/span><\/p>\n<p><span style=\"font-weight: 400;\">A les 11h visita a la esposici\u00f3n y merc\u00e1u d\u2019arte \u201cArtistes Ben\u00e9ficos\u201d en rebaxes, \u00a1nun pierdas la oportunid\u00e1 de mercar una obra d\u2019arte!<\/span><\/p>\n<p><span style=\"font-weight: 400;\">12:30h Especial cortometrajes en Pilo\u00f1a:<\/span><\/p>\n<ul>\n<li style=\"list-style-type: none;\">\n<ul>\n<li style=\"font-weight: 400;\" aria-level=\"1\">Nana Dee (Marta Sniezek, Momo Willet, 2023)<\/li>\n<li style=\"font-weight: 400;\" aria-level=\"1\">Cases (Jandro Llaneza, 2025)<\/li>\n<li style=\"font-weight: 400;\" aria-level=\"1\">IUS del tiempo (Roberto F. Canuto, Xiaoxi Xu, 2025)<\/li>\n<\/ul>\n<\/li>\n<\/ul>\n<\/div>\n\t\t\t\t<\/div>\n\t\t\t\t\t\t\t\t<\/div>\n\t\t\t\t\t\t<\/div>\n\t\t\t\t<\/div>\n\t\t\t\t\t<\/div>\n\t\t<\/div>\n\t\t\t\t<div class=\"elementor-column elementor-col-33 elementor-top-column elementor-element elementor-element-bec9ba8\" data-id=\"bec9ba8\" data-element_type=\"column\" data-e-type=\"column\" data-settings=\"{&quot;background_background&quot;:&quot;classic&quot;}\">\n\t\t\t<div class=\"elementor-widget-wrap elementor-element-populated\">\n\t\t\t\t\t\t<div class=\"elementor-element elementor-element-f363fbf elementor-widget elementor-widget-image\" data-id=\"f363fbf\" data-element_type=\"widget\" data-e-type=\"widget\" data-widget_type=\"image.default\">\n\t\t\t\t<div class=\"elementor-widget-container\">\n\t\t\t\t\t\t\t\t\t\t\t\t\t\t\t\t<a href=\"https:\/\/labenefica.org\/ast\/muestra-de-cine-en-pilona-la-benefilmica\/\">\n\t\t\t\t\t\t\t<img decoding=\"async\" src=\"https:\/\/labenefica.org\/wp-content\/uploads\/2026\/08\/01-Benefilmica-Dia-2-2.jpg\" title=\"01-Benef\u00edlmica-D\u00eda-2\" alt=\"01-Benef\u00edlmica-D\u00eda-2\" loading=\"lazy\" \/>\t\t\t\t\t\t\t\t<\/a>\n\t\t\t\t\t\t\t\t\t\t\t\t\t\t\t<\/div>\n\t\t\t\t<\/div>\n\t\t\t\t<div class=\"elementor-element elementor-element-73b7dd4 elementor-widget elementor-widget-heading\" data-id=\"73b7dd4\" data-element_type=\"widget\" data-e-type=\"widget\" data-widget_type=\"heading.default\">\n\t\t\t\t<div class=\"elementor-widget-container\">\n\t\t\t\t\t<h3 class=\"elementor-heading-title elementor-size-default\">S\u00e1badu 5 de setiembre<\/h3>\t\t\t\t<\/div>\n\t\t\t\t<\/div>\n\t\t\t\t<div class=\"elementor-element elementor-element-8bd421a elementor-widget elementor-widget-heading\" data-id=\"8bd421a\" data-element_type=\"widget\" data-e-type=\"widget\" data-widget_type=\"heading.default\">\n\t\t\t\t<div class=\"elementor-widget-container\">\n\t\t\t\t\t<h3 class=\"elementor-heading-title elementor-size-default\">\u27a4 La Ben\u00e9fica &amp; El Pielgu, onde la fiesta, Antrialgu<\/h3>\t\t\t\t<\/div>\n\t\t\t\t<\/div>\n\t\t\t\t<div class=\"elementor-element elementor-element-7d086ca elementor-widget elementor-widget-heading\" data-id=\"7d086ca\" data-element_type=\"widget\" data-e-type=\"widget\" data-widget_type=\"heading.default\">\n\t\t\t\t<div class=\"elementor-widget-container\">\n\t\t\t\t\t<h2 class=\"elementor-heading-title elementor-size-default\">La Benef\u00edlmica:<br \/>Muestra de cine en Pilo\u00f1a<\/h2>\t\t\t\t<\/div>\n\t\t\t\t<\/div>\n\t\t\t\t<div class=\"elementor-element elementor-element-44d8ebd elementor-widget elementor-widget-toggle\" data-id=\"44d8ebd\" data-element_type=\"widget\" data-e-type=\"widget\" data-widget_type=\"toggle.default\">\n\t\t\t\t<div class=\"elementor-widget-container\">\n\t\t\t\t\t\t\t<div class=\"elementor-toggle\">\n\t\t\t\t\t\t\t<div class=\"elementor-toggle-item\">\n\t\t\t\t\t<div id=\"elementor-tab-title-7211\" class=\"elementor-tab-title\" data-tab=\"1\" role=\"button\" aria-controls=\"elementor-tab-content-7211\" aria-expanded=\"false\">\n\t\t\t\t\t\t\t\t\t\t\t\t<span class=\"elementor-toggle-icon elementor-toggle-icon-right\" aria-hidden=\"true\">\n\t\t\t\t\t\t\t\t\t\t\t\t\t\t\t<span class=\"elementor-toggle-icon-closed\"><i class=\"fas fa-angle-double-down\"><\/i><\/span>\n\t\t\t\t\t\t\t\t<span class=\"elementor-toggle-icon-opened\"><i class=\"elementor-toggle-icon-opened fas fa-angle-double-up\"><\/i><\/span>\n\t\t\t\t\t\t\t\t\t\t\t\t\t<\/span>\n\t\t\t\t\t\t\t\t\t\t\t\t<a class=\"elementor-toggle-title\" tabindex=\"0\">+ INFO<\/a>\n\t\t\t\t\t<\/div>\n\n\t\t\t\t\t<div id=\"elementor-tab-content-7211\" class=\"elementor-tab-content elementor-clearfix\" data-tab=\"1\" role=\"region\" aria-labelledby=\"elementor-tab-title-7211\"><p style=\"text-align: left;\"><strong>S\u00e1badu 5 de setiembre de 2026<\/strong><br \/><strong>A les 18.00 y 21.30<br \/><\/strong><em>Pa tolos p\u00fablicos<br \/>Entrada de baldre<\/em><\/p>\n<hr>\n<hr>\n<hr>\n<p dir=\"ltr\"><strong>D\u00eda 2: Un viaxe fer\u00edu<\/strong><\/p>\n<p><span style=\"font-weight: 400;\">Nel ecuador de la muestra, el viaxe torna y ad\u00e9ntrase nel nuestru fr\u00e1xil <\/p>\n<p> <\/span><span style=\"font-weight: 400;\">mundu al travi\u00e9s de les grietes que dex\u00f3 abiertes la represi\u00f3n franquista. Llugares de llucha, d\u2019ausencia, de derrota y de llargu silenciu que vuelven a mirase, col des\u00e9u de caltener viva la memoria y construyir puentes p\u2019hacia\u2019l futuru. <\/span><\/p>\n<p><span style=\"font-weight: 400;\">Primera proyecci\u00f3n en La Ben\u00e9fica a les 18.00:<\/span><i><span style=\"font-weight: 400;\">Luna (Pablo Casanueva, 2024)<\/span><\/i> <\/p>\n<p><span style=\"font-weight: 400;\">Segunda proyecci\u00f3n en Prau El Pielgu, onde la fiesta, Antrialgu a les 21.30:<\/span><i><span style=\"font-weight: 400;\">La marsellesa de los borrachos (Pablo Gil Rituerto, 2024)<\/span><\/i> <\/p>\n<\/div>\n\t\t\t\t<\/div>\n\t\t\t\t\t\t\t\t<\/div>\n\t\t\t\t\t\t<\/div>\n\t\t\t\t<\/div>\n\t\t\t\t\t<\/div>\n\t\t<\/div>\n\t\t\t\t<div class=\"elementor-column elementor-col-33 elementor-top-column elementor-element elementor-element-f2bf2f7\" data-id=\"f2bf2f7\" data-element_type=\"column\" data-e-type=\"column\" data-settings=\"{&quot;background_background&quot;:&quot;classic&quot;}\">\n\t\t\t<div class=\"elementor-widget-wrap elementor-element-populated\">\n\t\t\t\t\t\t<div class=\"elementor-element elementor-element-a23a34d elementor-widget elementor-widget-image\" data-id=\"a23a34d\" data-element_type=\"widget\" data-e-type=\"widget\" data-widget_type=\"image.default\">\n\t\t\t\t<div class=\"elementor-widget-container\">\n\t\t\t\t\t\t\t\t\t\t\t\t\t\t\t\t<a href=\"https:\/\/labenefica.org\/ast\/muestra-de-cine-en-pilona-la-benefilmica\/\">\n\t\t\t\t\t\t\t<img decoding=\"async\" src=\"https:\/\/labenefica.org\/wp-content\/uploads\/2026\/08\/01-Benefilmica-Dia-3-2.jpg\" title=\"01-Benef\u00edlmica-D\u00eda-3\" alt=\"01-Benef\u00edlmica-D\u00eda-3\" loading=\"lazy\" \/>\t\t\t\t\t\t\t\t<\/a>\n\t\t\t\t\t\t\t\t\t\t\t\t\t\t\t<\/div>\n\t\t\t\t<\/div>\n\t\t\t\t<div class=\"elementor-element elementor-element-702deb8 elementor-widget elementor-widget-heading\" data-id=\"702deb8\" data-element_type=\"widget\" data-e-type=\"widget\" data-widget_type=\"heading.default\">\n\t\t\t\t<div class=\"elementor-widget-container\">\n\t\t\t\t\t<h3 class=\"elementor-heading-title elementor-size-default\">Domingu 6 de setiembre<\/h3>\t\t\t\t<\/div>\n\t\t\t\t<\/div>\n\t\t\t\t<div class=\"elementor-element elementor-element-80b595b elementor-widget elementor-widget-heading\" data-id=\"80b595b\" data-element_type=\"widget\" data-e-type=\"widget\" data-widget_type=\"heading.default\">\n\t\t\t\t<div class=\"elementor-widget-container\">\n\t\t\t\t\t<h3 class=\"elementor-heading-title elementor-size-default\">\u27a4 La Ben\u00e9fica de Pilo\u00f1a<\/h3>\t\t\t\t<\/div>\n\t\t\t\t<\/div>\n\t\t\t\t<div class=\"elementor-element elementor-element-4da42b8 elementor-widget elementor-widget-heading\" data-id=\"4da42b8\" data-element_type=\"widget\" data-e-type=\"widget\" data-widget_type=\"heading.default\">\n\t\t\t\t<div class=\"elementor-widget-container\">\n\t\t\t\t\t<h2 class=\"elementor-heading-title elementor-size-default\">La Benef\u00edlmica:<br \/>Muestra de cine en Pilo\u00f1a<\/h2>\t\t\t\t<\/div>\n\t\t\t\t<\/div>\n\t\t\t\t<div class=\"elementor-element elementor-element-e6c22ba elementor-widget elementor-widget-toggle\" data-id=\"e6c22ba\" data-element_type=\"widget\" data-e-type=\"widget\" data-widget_type=\"toggle.default\">\n\t\t\t\t<div class=\"elementor-widget-container\">\n\t\t\t\t\t\t\t<div class=\"elementor-toggle\">\n\t\t\t\t\t\t\t<div class=\"elementor-toggle-item\">\n\t\t\t\t\t<div id=\"elementor-tab-title-2411\" class=\"elementor-tab-title\" data-tab=\"1\" role=\"button\" aria-controls=\"elementor-tab-content-2411\" aria-expanded=\"false\">\n\t\t\t\t\t\t\t\t\t\t\t\t<span class=\"elementor-toggle-icon elementor-toggle-icon-right\" aria-hidden=\"true\">\n\t\t\t\t\t\t\t\t\t\t\t\t\t\t\t<span class=\"elementor-toggle-icon-closed\"><i class=\"fas fa-angle-double-down\"><\/i><\/span>\n\t\t\t\t\t\t\t\t<span class=\"elementor-toggle-icon-opened\"><i class=\"elementor-toggle-icon-opened fas fa-angle-double-up\"><\/i><\/span>\n\t\t\t\t\t\t\t\t\t\t\t\t\t<\/span>\n\t\t\t\t\t\t\t\t\t\t\t\t<a class=\"elementor-toggle-title\" tabindex=\"0\">+ INFO<\/a>\n\t\t\t\t\t<\/div>\n\n\t\t\t\t\t<div id=\"elementor-tab-content-2411\" class=\"elementor-tab-content elementor-clearfix\" data-tab=\"1\" role=\"region\" aria-labelledby=\"elementor-tab-title-2411\"><p style=\"text-align: left;\"><strong>Domingu 6 de setiembre de 2026<\/strong><br \/><strong>A las 12.00 y a 18.00<br \/><\/strong><em>Pa tolos p\u00fablicos<br \/>Entrada de baldre<\/em><\/p>\n<hr>\n<hr>\n<hr>\n<p dir=\"ltr\"><strong>D\u00eda 3: Un viaxe ocultu<\/strong><\/p>\n<p><span style=\"font-weight: 400;\">Rematamos el nuestru particular viaxe f\u00edlmicu aterrizando na cara oculta de n\u00f3s mesmos. Aquellos llugares comunes y momentos cotidianos que davezu pasen desapercib\u00edos, permanecen escond\u00edos o damos por sentaos, y qu\u2019emerxen a la superficie al parase frente a ellos y observalos con calma. Estos llugares, al sentise miraos y escuchaos dende nueves perspectives, reg\u00e1lennos al empar nueves oreyes y nuevos g\u00fceyos.<br \/>  <\/span><\/p>\n<p><span style=\"font-weight: 400;\">Primera proyecci\u00f3n a les 12.00:<\/span><i><span style=\"font-weight: 400;\">Sue\u00f1os y Pan (Luis \u201cSoto\u201d Mu\u00f1oz, 2023)<\/span><\/i> <\/p>\n<p><span style=\"font-weight: 400;\">Segunda proyecci\u00f3n a les 18.00:<\/span><i><span style=\"font-weight: 400;\">Cristina Garc\u00eda Rodero: La mirada oculta (Carlota Nelson, 2025)<\/span><\/i> <\/p>\n<\/div>\n\t\t\t\t<\/div>\n\t\t\t\t\t\t\t\t<\/div>\n\t\t\t\t\t\t<\/div>\n\t\t\t\t<\/div>\n\t\t\t\t\t<\/div>\n\t\t<\/div>\n\t\t\t\t\t<\/div>\n\t\t<\/section>\n\t\t\t\t<section class=\"elementor-section elementor-top-section elementor-element elementor-element-028f3ef elementor-section-full_width elementor-section-height-default elementor-section-height-default qodef-elementor-content-no\" data-id=\"028f3ef\" data-element_type=\"section\" data-e-type=\"section\">\n\t\t\t\t\t\t<div class=\"elementor-container elementor-column-gap-custom\">\n\t\t\t\t\t<div class=\"elementor-column elementor-col-33 elementor-top-column elementor-element elementor-element-de60adf\" data-id=\"de60adf\" data-element_type=\"column\" data-e-type=\"column\" data-settings=\"{&quot;background_background&quot;:&quot;classic&quot;}\">\n\t\t\t<div class=\"elementor-widget-wrap elementor-element-populated\">\n\t\t\t\t\t\t<div class=\"elementor-element elementor-element-00ed658 elementor-widget elementor-widget-image\" data-id=\"00ed658\" data-element_type=\"widget\" data-e-type=\"widget\" data-widget_type=\"image.default\">\n\t\t\t\t<div class=\"elementor-widget-container\">\n\t\t\t\t\t\t\t\t\t\t\t\t\t\t\t<img decoding=\"async\" src=\"https:\/\/labenefica.org\/wp-content\/uploads\/2026\/08\/01-Floclor26-IG.jpg\" title=\"01-Floclor26-IG\" alt=\"01-Floclor26-IG\" loading=\"lazy\" \/>\t\t\t\t\t\t\t\t\t\t\t\t\t\t\t<\/div>\n\t\t\t\t<\/div>\n\t\t\t\t<div class=\"elementor-element elementor-element-272c6e5 elementor-widget elementor-widget-heading\" data-id=\"272c6e5\" data-element_type=\"widget\" data-e-type=\"widget\" data-widget_type=\"heading.default\">\n\t\t\t\t<div class=\"elementor-widget-container\">\n\t\t\t\t\t<h3 class=\"elementor-heading-title elementor-size-default\">Vienres 11 de setiembre de 2026<\/h3>\t\t\t\t<\/div>\n\t\t\t\t<\/div>\n\t\t\t\t<div class=\"elementor-element elementor-element-593f187 elementor-widget elementor-widget-heading\" data-id=\"593f187\" data-element_type=\"widget\" data-e-type=\"widget\" data-widget_type=\"heading.default\">\n\t\t\t\t<div class=\"elementor-widget-container\">\n\t\t\t\t\t<h3 class=\"elementor-heading-title elementor-size-default\">\u27a4 La Ben\u00e9fica de Pilo\u00f1a<\/h3>\t\t\t\t<\/div>\n\t\t\t\t<\/div>\n\t\t\t\t<div class=\"elementor-element elementor-element-649c4a6 elementor-widget elementor-widget-heading\" data-id=\"649c4a6\" data-element_type=\"widget\" data-e-type=\"widget\" data-widget_type=\"heading.default\">\n\t\t\t\t<div class=\"elementor-widget-container\">\n\t\t\t\t\t<h2 class=\"elementor-heading-title elementor-size-default\">IV Alcuentru de Folclor, Casapalma en conciertu<\/h2>\t\t\t\t<\/div>\n\t\t\t\t<\/div>\n\t\t\t\t<div class=\"elementor-element elementor-element-4dc10bf elementor-widget elementor-widget-toggle\" data-id=\"4dc10bf\" data-element_type=\"widget\" data-e-type=\"widget\" data-widget_type=\"toggle.default\">\n\t\t\t\t<div class=\"elementor-widget-container\">\n\t\t\t\t\t\t\t<div class=\"elementor-toggle\">\n\t\t\t\t\t\t\t<div class=\"elementor-toggle-item\">\n\t\t\t\t\t<div id=\"elementor-tab-title-8151\" class=\"elementor-tab-title\" data-tab=\"1\" role=\"button\" aria-controls=\"elementor-tab-content-8151\" aria-expanded=\"false\">\n\t\t\t\t\t\t\t\t\t\t\t\t<span class=\"elementor-toggle-icon elementor-toggle-icon-right\" aria-hidden=\"true\">\n\t\t\t\t\t\t\t\t\t\t\t\t\t\t\t<span class=\"elementor-toggle-icon-closed\"><i class=\"fas fa-angle-double-down\"><\/i><\/span>\n\t\t\t\t\t\t\t\t<span class=\"elementor-toggle-icon-opened\"><i class=\"elementor-toggle-icon-opened fas fa-angle-double-up\"><\/i><\/span>\n\t\t\t\t\t\t\t\t\t\t\t\t\t<\/span>\n\t\t\t\t\t\t\t\t\t\t\t\t<a class=\"elementor-toggle-title\" tabindex=\"0\">+ INFO<\/a>\n\t\t\t\t\t<\/div>\n\n\t\t\t\t\t<div id=\"elementor-tab-content-8151\" class=\"elementor-tab-content elementor-clearfix\" data-tab=\"1\" role=\"region\" aria-labelledby=\"elementor-tab-title-8151\"><p style=\"text-align: left;\"><strong>Vienres 11 de setiembre de 2026<\/strong><br \/><strong>A les 22.00 (apertura 21.00)<br \/><\/strong><em>Pa tolos p\u00fablicos<br \/><span style=\"color: #3962ff;\"><strong><a style=\"color: #3962ff;\" href=\"https:\/\/labenefica.org\/ast\/casapalma-iv-alcuentru-de-folclor\/\" target=\"_blank\" rel=\"noopener\">Entraes: 10\u20ac xeneral \/ 8\u20ac amigues \/ 12\u20ac taquilla el mesmu d\u00eda<\/a><\/strong><\/span><br \/><\/em><\/p>\n<hr>\n<hr>\n<hr>\n<p dir=\"ltr\"><strong>Canci\u00f3n monta\u00f1esa c\u00e1ntabra fusi\u00f3n con electr\u00f3nica<\/strong><\/p>\n<p dir=\"ltr\">El 11 de setiembre, La Ben\u00e9fica de Pilo\u00f1a acueye\u2019l conciertu de Casapalma, du\u00fa form\u00e1u por Irene Atienza y Yoel Molina, dientro de la programaci\u00f3n del IV Alcuentru de Folclor. Compromet\u00edos cola recuperaci\u00f3n de la canci\u00f3n monta\u00f1esa, funden la tradici\u00f3n c\u00e1ntabra con sones electr\u00f3nicos y contempor\u00e1neos, avalaos pol so aclam\u00e1u \u00e1lbum Monta\u00f1esas y el so nuevu trabayu JOTAS. Apertura de puertes a les 21h, entamu del conciertu a les 22h.  <\/p>\n<\/div>\n\t\t\t\t<\/div>\n\t\t\t\t\t\t\t\t<\/div>\n\t\t\t\t\t\t<\/div>\n\t\t\t\t<\/div>\n\t\t\t\t\t<\/div>\n\t\t<\/div>\n\t\t\t\t<div class=\"elementor-column elementor-col-33 elementor-top-column elementor-element elementor-element-2cc1d0c\" data-id=\"2cc1d0c\" data-element_type=\"column\" data-e-type=\"column\" data-settings=\"{&quot;background_background&quot;:&quot;classic&quot;}\">\n\t\t\t<div class=\"elementor-widget-wrap elementor-element-populated\">\n\t\t\t\t\t\t<div class=\"elementor-element elementor-element-ea36ce1 elementor-widget elementor-widget-image\" data-id=\"ea36ce1\" data-element_type=\"widget\" data-e-type=\"widget\" data-widget_type=\"image.default\">\n\t\t\t\t<div class=\"elementor-widget-container\">\n\t\t\t\t\t\t\t\t\t\t\t\t\t\t\t<img decoding=\"async\" src=\"https:\/\/labenefica.org\/wp-content\/uploads\/2026\/08\/02-Floclor26-IG.jpg\" title=\"02-Floclor26-IG\" alt=\"02-Floclor26-IG\" loading=\"lazy\" \/>\t\t\t\t\t\t\t\t\t\t\t\t\t\t\t<\/div>\n\t\t\t\t<\/div>\n\t\t\t\t<div class=\"elementor-element elementor-element-1d673db elementor-widget elementor-widget-heading\" data-id=\"1d673db\" data-element_type=\"widget\" data-e-type=\"widget\" data-widget_type=\"heading.default\">\n\t\t\t\t<div class=\"elementor-widget-container\">\n\t\t\t\t\t<h3 class=\"elementor-heading-title elementor-size-default\">S\u00e1badu 12 de setiembre de 2026<\/h3>\t\t\t\t<\/div>\n\t\t\t\t<\/div>\n\t\t\t\t<div class=\"elementor-element elementor-element-439536e elementor-widget elementor-widget-heading\" data-id=\"439536e\" data-element_type=\"widget\" data-e-type=\"widget\" data-widget_type=\"heading.default\">\n\t\t\t\t<div class=\"elementor-widget-container\">\n\t\t\t\t\t<h3 class=\"elementor-heading-title elementor-size-default\">\u27a4 L'Infiestu<\/h3>\t\t\t\t<\/div>\n\t\t\t\t<\/div>\n\t\t\t\t<div class=\"elementor-element elementor-element-d5db31d elementor-widget elementor-widget-heading\" data-id=\"d5db31d\" data-element_type=\"widget\" data-e-type=\"widget\" data-widget_type=\"heading.default\">\n\t\t\t\t<div class=\"elementor-widget-container\">\n\t\t\t\t\t<h2 class=\"elementor-heading-title elementor-size-default\">IV Alcuentru de<br \/>Folclor de L'Infiestu<\/h2>\t\t\t\t<\/div>\n\t\t\t\t<\/div>\n\t\t\t\t<div class=\"elementor-element elementor-element-06b93c6 elementor-widget elementor-widget-toggle\" data-id=\"06b93c6\" data-element_type=\"widget\" data-e-type=\"widget\" data-widget_type=\"toggle.default\">\n\t\t\t\t<div class=\"elementor-widget-container\">\n\t\t\t\t\t\t\t<div class=\"elementor-toggle\">\n\t\t\t\t\t\t\t<div class=\"elementor-toggle-item\">\n\t\t\t\t\t<div id=\"elementor-tab-title-7051\" class=\"elementor-tab-title\" data-tab=\"1\" role=\"button\" aria-controls=\"elementor-tab-content-7051\" aria-expanded=\"false\">\n\t\t\t\t\t\t\t\t\t\t\t\t<span class=\"elementor-toggle-icon elementor-toggle-icon-right\" aria-hidden=\"true\">\n\t\t\t\t\t\t\t\t\t\t\t\t\t\t\t<span class=\"elementor-toggle-icon-closed\"><i class=\"fas fa-angle-double-down\"><\/i><\/span>\n\t\t\t\t\t\t\t\t<span class=\"elementor-toggle-icon-opened\"><i class=\"elementor-toggle-icon-opened fas fa-angle-double-up\"><\/i><\/span>\n\t\t\t\t\t\t\t\t\t\t\t\t\t<\/span>\n\t\t\t\t\t\t\t\t\t\t\t\t<a class=\"elementor-toggle-title\" tabindex=\"0\">+ INFO<\/a>\n\t\t\t\t\t<\/div>\n\n\t\t\t\t\t<div id=\"elementor-tab-content-7051\" class=\"elementor-tab-content elementor-clearfix\" data-tab=\"1\" role=\"region\" aria-labelledby=\"elementor-tab-title-7051\"><p style=\"text-align: left;\"><strong>S\u00e1badu 12 de setiembre de 2026<\/strong><br \/><strong>A partir de les 12.00 <br \/><\/strong><em>Pa tolos p\u00fablicos<br \/>Entrada de baldre<br \/><\/em><\/p>\n<hr>\n<hr>\n<hr>\n<p dir=\"ltr\"><strong>Alcuentru pa tocar pelos chigres y cais de L&#8217;Infiestu<\/strong><\/p>\n<p>Esti a\u00f1u van acompa\u00f1anos <em><strong><a href=\"https:\/\/www.instagram.com\/pansenfron\/\">Pan Sen Fron<\/a><\/strong><\/em> (Pandeireteiras Sen Fronteiros), llegaes dende Galicia, que faen m\u00fasica tradicional con voces, percusi\u00f3n y una enerx\u00eda bien mala de contener. Tami\u00e9n van participar el <em><strong><a href=\"https:\/\/www.instagram.com\/praulleron\/\">Grupu Prau Ller\u00f3n<\/a><\/strong><\/em>, de Mieres, que va traer al Alcuentru m\u00fasica y tradici\u00f3n asturiana, y <em><strong><a href=\"https:\/\/www.instagram.com\/eingo.taldea\/?hl=es\">Eingo Taldea<\/a><\/strong><\/em><strong>,<\/strong> de Euskal Herria <\/p>\n<\/div>\n\t\t\t\t<\/div>\n\t\t\t\t\t\t\t\t<\/div>\n\t\t\t\t\t\t<\/div>\n\t\t\t\t<\/div>\n\t\t\t\t\t<\/div>\n\t\t<\/div>\n\t\t\t\t<div class=\"elementor-column elementor-col-33 elementor-top-column elementor-element elementor-element-8b13f7a\" data-id=\"8b13f7a\" data-element_type=\"column\" data-e-type=\"column\" data-settings=\"{&quot;background_background&quot;:&quot;classic&quot;}\">\n\t\t\t<div class=\"elementor-widget-wrap elementor-element-populated\">\n\t\t\t\t\t\t<div class=\"elementor-element elementor-element-fe3a67f elementor-widget elementor-widget-image\" data-id=\"fe3a67f\" data-element_type=\"widget\" data-e-type=\"widget\" data-widget_type=\"image.default\">\n\t\t\t\t<div class=\"elementor-widget-container\">\n\t\t\t\t\t\t\t\t\t\t\t\t\t\t\t<img decoding=\"async\" src=\"https:\/\/labenefica.org\/wp-content\/uploads\/2026\/08\/Voblanaes.jpg\" title=\"Voblanaes\" alt=\"Voblanaes\" loading=\"lazy\" \/>\t\t\t\t\t\t\t\t\t\t\t\t\t\t\t<\/div>\n\t\t\t\t<\/div>\n\t\t\t\t<div class=\"elementor-element elementor-element-9b24f6b elementor-widget elementor-widget-heading\" data-id=\"9b24f6b\" data-element_type=\"widget\" data-e-type=\"widget\" data-widget_type=\"heading.default\">\n\t\t\t\t<div class=\"elementor-widget-container\">\n\t\t\t\t\t<h3 class=\"elementor-heading-title elementor-size-default\">S\u00e1badu 19 de setiembre de 2026<\/h3>\t\t\t\t<\/div>\n\t\t\t\t<\/div>\n\t\t\t\t<div class=\"elementor-element elementor-element-769a6fe elementor-widget elementor-widget-heading\" data-id=\"769a6fe\" data-element_type=\"widget\" data-e-type=\"widget\" data-widget_type=\"heading.default\">\n\t\t\t\t<div class=\"elementor-widget-container\">\n\t\t\t\t\t<h3 class=\"elementor-heading-title elementor-size-default\">\u27a4 La Ben\u00e9fica de Pilo\u00f1a<\/h3>\t\t\t\t<\/div>\n\t\t\t\t<\/div>\n\t\t\t\t<div class=\"elementor-element elementor-element-784dbbf elementor-widget elementor-widget-heading\" data-id=\"784dbbf\" data-element_type=\"widget\" data-e-type=\"widget\" data-widget_type=\"heading.default\">\n\t\t\t\t<div class=\"elementor-widget-container\">\n\t\t\t\t\t<h2 class=\"elementor-heading-title elementor-size-default\">Voblanaes: Conciertu de Voces Blancas del Nal\u00f3n<\/h2>\t\t\t\t<\/div>\n\t\t\t\t<\/div>\n\t\t\t\t<div class=\"elementor-element elementor-element-f27608b elementor-widget elementor-widget-toggle\" data-id=\"f27608b\" data-element_type=\"widget\" data-e-type=\"widget\" data-widget_type=\"toggle.default\">\n\t\t\t\t<div class=\"elementor-widget-container\">\n\t\t\t\t\t\t\t<div class=\"elementor-toggle\">\n\t\t\t\t\t\t\t<div class=\"elementor-toggle-item\">\n\t\t\t\t\t<div id=\"elementor-tab-title-2541\" class=\"elementor-tab-title\" data-tab=\"1\" role=\"button\" aria-controls=\"elementor-tab-content-2541\" aria-expanded=\"false\">\n\t\t\t\t\t\t\t\t\t\t\t\t<span class=\"elementor-toggle-icon elementor-toggle-icon-right\" aria-hidden=\"true\">\n\t\t\t\t\t\t\t\t\t\t\t\t\t\t\t<span class=\"elementor-toggle-icon-closed\"><i class=\"fas fa-angle-double-down\"><\/i><\/span>\n\t\t\t\t\t\t\t\t<span class=\"elementor-toggle-icon-opened\"><i class=\"elementor-toggle-icon-opened fas fa-angle-double-up\"><\/i><\/span>\n\t\t\t\t\t\t\t\t\t\t\t\t\t<\/span>\n\t\t\t\t\t\t\t\t\t\t\t\t<a class=\"elementor-toggle-title\" tabindex=\"0\">+ INFO<\/a>\n\t\t\t\t\t<\/div>\n\n\t\t\t\t\t<div id=\"elementor-tab-content-2541\" class=\"elementor-tab-content elementor-clearfix\" data-tab=\"1\" role=\"region\" aria-labelledby=\"elementor-tab-title-2541\"><p style=\"text-align: left;\"><strong>S\u00e1badu 19 de setiembre de 2026<\/strong><br \/><strong>A les 20.00 (apertura 19.30)<br \/><\/strong><em>Pa tolos p\u00fablicos<br \/><span style=\"color: #3962ff;\"><strong><a style=\"color: #3962ff;\" href=\"https:\/\/www.goteo.org\/project\/voblanaes\" target=\"_blank\" rel=\"noopener\">Entraes: 15\u20ac<\/a><\/strong><\/span><br \/><\/em> <\/p>\n<hr>\n<hr>\n<hr>\n<p dir=\"ltr\"><strong>Conciertu solidariu pa sofitar el proyectu<\/strong><\/p>\n<p><i><b>Voblanaes<\/b><\/i> <span style=\"font-weight: 400;\">xurde como un nuevu espaciu pa les voces m\u00e1s veteranes del proyectu Voblana<\/span> <span style=\"font-weight: 400;\"><i>(Voces Blancas del Nal\u00f3n),<\/i><\/span> <span style=\"font-weight: 400;\">en formatu de coru mestu y mozu.<\/span><br \/><span style=\"font-weight: 400;\">Acompa\u00f1a a les componentes en varies, y bien diferentes, etapes vitales dende\u2019l trabayu coral grupal: el desendolcu personal, capacid\u00e1 d\u2019integrar conceptos, el trabayu d\u2019autoestima, la educaci\u00f3n en valores, el respetu pola diversid\u00e1 en tolos campos y la sal\u00fa mental individual y colectiva.<\/span><\/p>\n<p><span style=\"font-weight: 400;\">L\u2019espect\u00e1culu propuestu incl\u00fai nel repertoriu un discursu directu que pon en valor la iguald\u00e1 de x\u00e9neru y la necesid\u00e1 de tresmitila cola m\u00fasica.<\/span><\/p>\n<\/div>\n\t\t\t\t<\/div>\n\t\t\t\t\t\t\t\t<\/div>\n\t\t\t\t\t\t<\/div>\n\t\t\t\t<\/div>\n\t\t\t\t\t<\/div>\n\t\t<\/div>\n\t\t\t\t\t<\/div>\n\t\t<\/section>\n\t\t\t\t<section class=\"elementor-section elementor-top-section elementor-element elementor-element-ea30e6d elementor-section-full_width elementor-section-height-default elementor-section-height-default qodef-elementor-content-no\" data-id=\"ea30e6d\" data-element_type=\"section\" data-e-type=\"section\">\n\t\t\t\t\t\t<div class=\"elementor-container elementor-column-gap-custom\">\n\t\t\t\t\t<div class=\"elementor-column elementor-col-33 elementor-top-column elementor-element elementor-element-78a421a\" data-id=\"78a421a\" data-element_type=\"column\" data-e-type=\"column\" data-settings=\"{&quot;background_background&quot;:&quot;classic&quot;}\">\n\t\t\t<div class=\"elementor-widget-wrap elementor-element-populated\">\n\t\t\t\t\t\t<div class=\"elementor-element elementor-element-1cf43ff elementor-widget elementor-widget-image\" data-id=\"1cf43ff\" data-element_type=\"widget\" data-e-type=\"widget\" data-widget_type=\"image.default\">\n\t\t\t\t<div class=\"elementor-widget-container\">\n\t\t\t\t\t\t\t\t\t\t\t\t\t\t\t<img decoding=\"async\" src=\"https:\/\/labenefica.org\/wp-content\/uploads\/2026\/09\/Taller-Radio-IG.jpg\" title=\"Taller-Radio-IG\" alt=\"Taller-Radio-IG\" loading=\"lazy\" \/>\t\t\t\t\t\t\t\t\t\t\t\t\t\t\t<\/div>\n\t\t\t\t<\/div>\n\t\t\t\t<div class=\"elementor-element elementor-element-7426e9e elementor-widget elementor-widget-heading\" data-id=\"7426e9e\" data-element_type=\"widget\" data-e-type=\"widget\" data-widget_type=\"heading.default\">\n\t\t\t\t<div class=\"elementor-widget-container\">\n\t\t\t\t\t<h3 class=\"elementor-heading-title elementor-size-default\">S\u00e1badu 26 de setiembre de 2026<\/h3>\t\t\t\t<\/div>\n\t\t\t\t<\/div>\n\t\t\t\t<div class=\"elementor-element elementor-element-65774e6 elementor-widget elementor-widget-heading\" data-id=\"65774e6\" data-element_type=\"widget\" data-e-type=\"widget\" data-widget_type=\"heading.default\">\n\t\t\t\t<div class=\"elementor-widget-container\">\n\t\t\t\t\t<h3 class=\"elementor-heading-title elementor-size-default\">\u27a4 Chigre La Mal\u00e9fica<\/h3>\t\t\t\t<\/div>\n\t\t\t\t<\/div>\n\t\t\t\t<div class=\"elementor-element elementor-element-c6649ae elementor-widget elementor-widget-heading\" data-id=\"c6649ae\" data-element_type=\"widget\" data-e-type=\"widget\" data-widget_type=\"heading.default\">\n\t\t\t\t<div class=\"elementor-widget-container\">\n\t\t\t\t\t<h2 class=\"elementor-heading-title elementor-size-default\">Participa<br \/>nel Barullu<\/h2>\t\t\t\t<\/div>\n\t\t\t\t<\/div>\n\t\t\t\t<div class=\"elementor-element elementor-element-a8849a4 elementor-widget elementor-widget-toggle\" data-id=\"a8849a4\" data-element_type=\"widget\" data-e-type=\"widget\" data-widget_type=\"toggle.default\">\n\t\t\t\t<div class=\"elementor-widget-container\">\n\t\t\t\t\t\t\t<div class=\"elementor-toggle\">\n\t\t\t\t\t\t\t<div class=\"elementor-toggle-item\">\n\t\t\t\t\t<div id=\"elementor-tab-title-1761\" class=\"elementor-tab-title\" data-tab=\"1\" role=\"button\" aria-controls=\"elementor-tab-content-1761\" aria-expanded=\"false\">\n\t\t\t\t\t\t\t\t\t\t\t\t<span class=\"elementor-toggle-icon elementor-toggle-icon-right\" aria-hidden=\"true\">\n\t\t\t\t\t\t\t\t\t\t\t\t\t\t\t<span class=\"elementor-toggle-icon-closed\"><i class=\"fas fa-angle-double-down\"><\/i><\/span>\n\t\t\t\t\t\t\t\t<span class=\"elementor-toggle-icon-opened\"><i class=\"elementor-toggle-icon-opened fas fa-angle-double-up\"><\/i><\/span>\n\t\t\t\t\t\t\t\t\t\t\t\t\t<\/span>\n\t\t\t\t\t\t\t\t\t\t\t\t<a class=\"elementor-toggle-title\" tabindex=\"0\">+ INFO<\/a>\n\t\t\t\t\t<\/div>\n\n\t\t\t\t\t<div id=\"elementor-tab-content-1761\" class=\"elementor-tab-content elementor-clearfix\" data-tab=\"1\" role=\"region\" aria-labelledby=\"elementor-tab-title-1761\"><p style=\"text-align: left;\"><strong>S\u00e1badu 26 de setiembre de 2026<\/strong><br \/><strong>De 11.00 a 14.00<br \/><\/strong><em>Pa tolos p\u00fablicos<br \/><strong><span style=\"color: #3962ff;\"><a style=\"color: #3962ff;\" href=\"https:\/\/forms.gle\/p5WEYnqsB1MQ16Ya7\" target=\"_blank\" rel=\"noopener\">Entrada de baldre con inscripci\u00f3n<\/a><\/span><\/strong><br \/><\/em><\/p>\n<hr>\n<hr>\n<hr>\n<p dir=\"ltr\"><strong>Taller de radio abiertu<\/strong><\/p>\n<p><span style=\"font-weight: 400;\">activid\u00e1-taller-presentaci\u00f3n-alcuentru-fiesta que vamos facer el pr\u00f3ximu s\u00e1badu 26 de setiembre en Chigre La Mal\u00e9fica con, nada m\u00e1s nin nada menos que Radio QK. Punx\u00edmos-y el nome de  <\/span><b>Participa nel Barullu: Taller de radio abiertu<\/b><span style=\"font-weight: 400;\">, porque queremos xuntanos alredor de los micr\u00f3fonos y grabar tolos pensamientos, recuerdos y sentimientos que pasen peles vuestres cabeces. Qui\u00e9n sabe, a lo meyor decid\u00eds quedar y axuntavos a la nuestra radio\u2026 <\/span><\/p>\n<\/div>\n\t\t\t\t<\/div>\n\t\t\t\t\t\t\t\t<\/div>\n\t\t\t\t\t\t<\/div>\n\t\t\t\t<\/div>\n\t\t\t\t\t<\/div>\n\t\t<\/div>\n\t\t\t\t<div class=\"elementor-column elementor-col-33 elementor-top-column elementor-element elementor-element-ea258d1 elementor-hidden-desktop elementor-hidden-tablet elementor-hidden-mobile\" data-id=\"ea258d1\" data-element_type=\"column\" data-e-type=\"column\" data-settings=\"{&quot;background_background&quot;:&quot;classic&quot;}\">\n\t\t\t<div class=\"elementor-widget-wrap elementor-element-populated\">\n\t\t\t\t\t\t<div class=\"elementor-element elementor-element-6b48822 elementor-widget elementor-widget-image\" data-id=\"6b48822\" data-element_type=\"widget\" data-e-type=\"widget\" data-widget_type=\"image.default\">\n\t\t\t\t<div class=\"elementor-widget-container\">\n\t\t\t\t\t\t\t\t\t\t\t\t\t\t\t<img decoding=\"async\" src=\"https:\/\/labenefica.org\/wp-content\/uploads\/2026\/08\/photo_2026-08-26-11.44.28-1.jpeg\" title=\"photo_2026-08-26 11.44.28-1\" alt=\"photo_2026-08-26 11.44.28-1\" loading=\"lazy\" \/>\t\t\t\t\t\t\t\t\t\t\t\t\t\t\t<\/div>\n\t\t\t\t<\/div>\n\t\t\t\t<div class=\"elementor-element elementor-element-06f603b elementor-widget elementor-widget-heading\" data-id=\"06f603b\" data-element_type=\"widget\" data-e-type=\"widget\" data-widget_type=\"heading.default\">\n\t\t\t\t<div class=\"elementor-widget-container\">\n\t\t\t\t\t<h3 class=\"elementor-heading-title elementor-size-default\">S\u00e1badu 26 de setiembre<\/h3>\t\t\t\t<\/div>\n\t\t\t\t<\/div>\n\t\t\t\t<div class=\"elementor-element elementor-element-75b5cd7 elementor-widget elementor-widget-heading\" data-id=\"75b5cd7\" data-element_type=\"widget\" data-e-type=\"widget\" data-widget_type=\"heading.default\">\n\t\t\t\t<div class=\"elementor-widget-container\">\n\t\t\t\t\t<h3 class=\"elementor-heading-title elementor-size-default\">\u27a4 La Ben\u00e9fica de Pilo\u00f1a<\/h3>\t\t\t\t<\/div>\n\t\t\t\t<\/div>\n\t\t\t\t<div class=\"elementor-element elementor-element-87b90ba elementor-widget elementor-widget-heading\" data-id=\"87b90ba\" data-element_type=\"widget\" data-e-type=\"widget\" data-widget_type=\"heading.default\">\n\t\t\t\t<div class=\"elementor-widget-container\">\n\t\t\t\t\t<h2 class=\"elementor-heading-title elementor-size-default\">Alcuentru Estatal de Comunidaes Rexeneratives<\/h2>\t\t\t\t<\/div>\n\t\t\t\t<\/div>\n\t\t\t\t<div class=\"elementor-element elementor-element-42f1c08 elementor-widget elementor-widget-toggle\" data-id=\"42f1c08\" data-element_type=\"widget\" data-e-type=\"widget\" data-widget_type=\"toggle.default\">\n\t\t\t\t<div class=\"elementor-widget-container\">\n\t\t\t\t\t\t\t<div class=\"elementor-toggle\">\n\t\t\t\t\t\t\t<div class=\"elementor-toggle-item\">\n\t\t\t\t\t<div id=\"elementor-tab-title-7011\" class=\"elementor-tab-title\" data-tab=\"1\" role=\"button\" aria-controls=\"elementor-tab-content-7011\" aria-expanded=\"false\">\n\t\t\t\t\t\t\t\t\t\t\t\t<span class=\"elementor-toggle-icon elementor-toggle-icon-right\" aria-hidden=\"true\">\n\t\t\t\t\t\t\t\t\t\t\t\t\t\t\t<span class=\"elementor-toggle-icon-closed\"><i class=\"fas fa-angle-double-down\"><\/i><\/span>\n\t\t\t\t\t\t\t\t<span class=\"elementor-toggle-icon-opened\"><i class=\"elementor-toggle-icon-opened fas fa-angle-double-up\"><\/i><\/span>\n\t\t\t\t\t\t\t\t\t\t\t\t\t<\/span>\n\t\t\t\t\t\t\t\t\t\t\t\t<a class=\"elementor-toggle-title\" tabindex=\"0\">+ INFO<\/a>\n\t\t\t\t\t<\/div>\n\n\t\t\t\t\t<div id=\"elementor-tab-content-7011\" class=\"elementor-tab-content elementor-clearfix\" data-tab=\"1\" role=\"region\" aria-labelledby=\"elementor-tab-title-7011\"><p style=\"text-align: left;\"><strong>S\u00e1badu 26 de sptiembre de 2026<\/strong><br \/><strong>Horario por confirmar<br \/><\/strong><em>Pa tolos p\u00fablicos<br \/>Entrada de baldre<\/em><\/p>\n<hr>\n<hr>\n<hr>\n<p dir=\"ltr\"><strong>D\u00eda Europ\u00e9u de les Comunidaes Sostenibles, networking y celebraci\u00f3n<\/strong><\/p>\n<p><span style=\"font-weight: 400;\">Eventu organizau por Ecorredes en La Ben\u00e9fica de Pilo\u00f1a.<\/span><\/p>\n<p><span style=\"font-weight: 400;\">Ecorredes ye un puntu d\u2019alcuentro: un espaciu onde les iniciatives y les rees qu\u2019apuesten actualmente por una transici\u00f3n ecosocial xusta pueden reconocese mutuamente, intercambiar lo que t\u00e1n deprendiendo y construyir narratives y propuestes compart\u00edes.<\/span><\/p>\n<p><span style=\"font-weight: 400;\">El s\u00e1badu 26 de setiembre vamos celebrar 10 a\u00f1os del D\u00eda Europ\u00e9u de les Comunidaes Sostenibles, cola participaci\u00f3n de representantes institucionales de distintos niveles, organiz\u00e1u en torno a la pregunta:<\/span><span style=\"font-weight: 400;\"><i> \u00bfc\u00f3mo puede la collaboraci\u00f3n ente instituciones y comunidaes rexeneratives acelerar una transici\u00f3n xusta y de raiga\u00f1u nos territorios?<\/i><\/span><\/p>\n<p><span style=\"font-weight: 400;\">Un d\u00eda completu con actividaes como:<\/span><\/p>\n<ul>\n<li style=\"list-style-type: none;\">\n<ul>\n<li style=\"font-weight: 400;\" aria-level=\"1\"><span style=\"font-weight: 400;\">Di\u00e1logu ente comunidaes y representantes institucionales,<\/span><\/li>\n<li style=\"font-weight: 400;\" aria-level=\"1\"><span style=\"font-weight: 400;\">Muestra de la celebraci\u00f3n del DECS n\u2019otros territorios,<\/span><\/li>\n<li style=\"font-weight: 400;\" aria-level=\"1\"><span style=\"font-weight: 400;\">Presentaci\u00f3n de resultaos de la<\/span><span style=\"color: #3962ff;\"><a style=\"color: #3962ff;\" href=\"https:\/\/www.ecorred.es\/puentes-regenerativos\/\"><span style=\"font-weight: 400;\">Comunidad de Pr\u00e1ctica sobre Pol\u00edticas P\u00fablicas para la Transici\u00f3n Ecosocial<\/span><\/a><span style=\"font-weight: 400;\">,<\/span><\/span><\/li>\n<li style=\"font-weight: 400;\" aria-level=\"1\"><span style=\"font-weight: 400;\">Intercambiu y networking ente rees y proyectos de territorios diversos, y<\/span><\/li>\n<li style=\"font-weight: 400;\" aria-level=\"1\"><span style=\"font-weight: 400;\">Cierre festivu con artistes llocales.<\/span><\/li>\n<\/ul>\n<\/li>\n<\/ul>\n<\/div>\n\t\t\t\t<\/div>\n\t\t\t\t\t\t\t\t<\/div>\n\t\t\t\t\t\t<\/div>\n\t\t\t\t<\/div>\n\t\t\t\t\t<\/div>\n\t\t<\/div>\n\t\t\t\t<div class=\"elementor-column elementor-col-33 elementor-top-column elementor-element elementor-element-c6fdafa elementor-hidden-desktop elementor-hidden-tablet elementor-hidden-mobile\" data-id=\"c6fdafa\" data-element_type=\"column\" data-e-type=\"column\" data-settings=\"{&quot;background_background&quot;:&quot;classic&quot;}\">\n\t\t\t<div class=\"elementor-widget-wrap elementor-element-populated\">\n\t\t\t\t\t\t<div class=\"elementor-element elementor-element-9578d59 elementor-widget elementor-widget-image\" data-id=\"9578d59\" data-element_type=\"widget\" data-e-type=\"widget\" data-widget_type=\"image.default\">\n\t\t\t\t<div class=\"elementor-widget-container\">\n\t\t\t\t\t\t\t\t\t\t\t\t\t\t\t<img decoding=\"async\" src=\"https:\/\/labenefica.org\/wp-content\/uploads\/2026\/08\/photo_2026-08-26-11.44.28-1.jpeg\" title=\"photo_2026-08-26 11.44.28-1\" alt=\"photo_2026-08-26 11.44.28-1\" loading=\"lazy\" \/>\t\t\t\t\t\t\t\t\t\t\t\t\t\t\t<\/div>\n\t\t\t\t<\/div>\n\t\t\t\t<div class=\"elementor-element elementor-element-a50624a elementor-widget elementor-widget-heading\" data-id=\"a50624a\" data-element_type=\"widget\" data-e-type=\"widget\" data-widget_type=\"heading.default\">\n\t\t\t\t<div class=\"elementor-widget-container\">\n\t\t\t\t\t<h3 class=\"elementor-heading-title elementor-size-default\">S\u00e1badu 26 de setiembre<\/h3>\t\t\t\t<\/div>\n\t\t\t\t<\/div>\n\t\t\t\t<div class=\"elementor-element elementor-element-e43b8fa elementor-widget elementor-widget-heading\" data-id=\"e43b8fa\" data-element_type=\"widget\" data-e-type=\"widget\" data-widget_type=\"heading.default\">\n\t\t\t\t<div class=\"elementor-widget-container\">\n\t\t\t\t\t<h3 class=\"elementor-heading-title elementor-size-default\">\u27a4 La Ben\u00e9fica de Pilo\u00f1a<\/h3>\t\t\t\t<\/div>\n\t\t\t\t<\/div>\n\t\t\t\t<div class=\"elementor-element elementor-element-6db4c22 elementor-widget elementor-widget-heading\" data-id=\"6db4c22\" data-element_type=\"widget\" data-e-type=\"widget\" data-widget_type=\"heading.default\">\n\t\t\t\t<div class=\"elementor-widget-container\">\n\t\t\t\t\t<h2 class=\"elementor-heading-title elementor-size-default\">Alcuentru Estatal de Comunidaes Rexeneratives<\/h2>\t\t\t\t<\/div>\n\t\t\t\t<\/div>\n\t\t\t\t<div class=\"elementor-element elementor-element-3be39d1 elementor-widget elementor-widget-toggle\" data-id=\"3be39d1\" data-element_type=\"widget\" data-e-type=\"widget\" data-widget_type=\"toggle.default\">\n\t\t\t\t<div class=\"elementor-widget-container\">\n\t\t\t\t\t\t\t<div class=\"elementor-toggle\">\n\t\t\t\t\t\t\t<div class=\"elementor-toggle-item\">\n\t\t\t\t\t<div id=\"elementor-tab-title-6271\" class=\"elementor-tab-title\" data-tab=\"1\" role=\"button\" aria-controls=\"elementor-tab-content-6271\" aria-expanded=\"false\">\n\t\t\t\t\t\t\t\t\t\t\t\t<span class=\"elementor-toggle-icon elementor-toggle-icon-right\" aria-hidden=\"true\">\n\t\t\t\t\t\t\t\t\t\t\t\t\t\t\t<span class=\"elementor-toggle-icon-closed\"><i class=\"fas fa-angle-double-down\"><\/i><\/span>\n\t\t\t\t\t\t\t\t<span class=\"elementor-toggle-icon-opened\"><i class=\"elementor-toggle-icon-opened fas fa-angle-double-up\"><\/i><\/span>\n\t\t\t\t\t\t\t\t\t\t\t\t\t<\/span>\n\t\t\t\t\t\t\t\t\t\t\t\t<a class=\"elementor-toggle-title\" tabindex=\"0\">+ INFO<\/a>\n\t\t\t\t\t<\/div>\n\n\t\t\t\t\t<div id=\"elementor-tab-content-6271\" class=\"elementor-tab-content elementor-clearfix\" data-tab=\"1\" role=\"region\" aria-labelledby=\"elementor-tab-title-6271\"><p style=\"text-align: left;\"><strong>S\u00e1badu 26 de sptiembre de 2026<\/strong><br \/><strong>Horario por confirmar<br \/><\/strong><em>Pa tolos p\u00fablicos<br \/>Entrada de baldre<\/em><\/p>\n<hr>\n<hr>\n<hr>\n<p dir=\"ltr\"><strong>D\u00eda Europ\u00e9u de les Comunidaes Sostenibles, networking y celebraci\u00f3n<\/strong><\/p>\n<p><span style=\"font-weight: 400;\">Eventu organizau por Ecorredes en La Ben\u00e9fica de Pilo\u00f1a.<\/span><\/p>\n<p><span style=\"font-weight: 400;\">Ecorredes ye un puntu d\u2019alcuentro: un espaciu onde les iniciatives y les rees qu\u2019apuesten actualmente por una transici\u00f3n ecosocial xusta pueden reconocese mutuamente, intercambiar lo que t\u00e1n deprendiendo y construyir narratives y propuestes compart\u00edes.<\/span><\/p>\n<p><span style=\"font-weight: 400;\">El s\u00e1badu 26 de setiembre vamos celebrar 10 a\u00f1os del D\u00eda Europ\u00e9u de les Comunidaes Sostenibles, cola participaci\u00f3n de representantes institucionales de distintos niveles, organiz\u00e1u en torno a la pregunta:<\/span><span style=\"font-weight: 400;\"><i> \u00bfc\u00f3mo puede la collaboraci\u00f3n ente instituciones y comunidaes rexeneratives acelerar una transici\u00f3n xusta y de raiga\u00f1u nos territorios?<\/i><\/span><\/p>\n<p><span style=\"font-weight: 400;\">Un d\u00eda completu con actividaes como:<\/span><\/p>\n<ul>\n<li style=\"list-style-type: none;\">\n<ul>\n<li style=\"font-weight: 400;\" aria-level=\"1\"><span style=\"font-weight: 400;\">Di\u00e1logu ente comunidaes y representantes institucionales,<\/span><\/li>\n<li style=\"font-weight: 400;\" aria-level=\"1\"><span style=\"font-weight: 400;\">Muestra de la celebraci\u00f3n del DECS n\u2019otros territorios,<\/span><\/li>\n<li style=\"font-weight: 400;\" aria-level=\"1\"><span style=\"font-weight: 400;\">Presentaci\u00f3n de resultaos de la<\/span><span style=\"color: #3962ff;\"><a style=\"color: #3962ff;\" href=\"https:\/\/www.ecorred.es\/puentes-regenerativos\/\"><span style=\"font-weight: 400;\">Comunidad de Pr\u00e1ctica sobre Pol\u00edticas P\u00fablicas para la Transici\u00f3n Ecosocial<\/span><\/a><span style=\"font-weight: 400;\">,<\/span><\/span><\/li>\n<li style=\"font-weight: 400;\" aria-level=\"1\"><span style=\"font-weight: 400;\">Intercambiu y networking ente rees y proyectos de territorios diversos, y<\/span><\/li>\n<li style=\"font-weight: 400;\" aria-level=\"1\"><span style=\"font-weight: 400;\">Cierre festivu con artistes llocales.<\/span><\/li>\n<\/ul>\n<\/li>\n<\/ul>\n<\/div>\n\t\t\t\t<\/div>\n\t\t\t\t\t\t\t\t<\/div>\n\t\t\t\t\t\t<\/div>\n\t\t\t\t<\/div>\n\t\t\t\t\t<\/div>\n\t\t<\/div>\n\t\t\t\t\t<\/div>\n\t\t<\/section>\n\t\t\t\t<section class=\"elementor-section elementor-top-section elementor-element elementor-element-c40857b elementor-section-full_width elementor-section-height-default elementor-section-height-default qodef-elementor-content-no\" data-id=\"c40857b\" data-element_type=\"section\" data-e-type=\"section\">\n\t\t\t\t\t\t<div class=\"elementor-container elementor-column-gap-custom\">\n\t\t\t\t\t<div class=\"elementor-column elementor-col-100 elementor-top-column elementor-element elementor-element-0c5c775\" data-id=\"0c5c775\" data-element_type=\"column\" data-e-type=\"column\" data-settings=\"{&quot;background_background&quot;:&quot;classic&quot;}\">\n\t\t\t<div class=\"elementor-widget-wrap elementor-element-populated\">\n\t\t\t\t\t\t<div class=\"elementor-element elementor-element-70e9363 elementor-widget-divider--view-line_text elementor-widget-divider--element-align-left elementor-widget elementor-widget-divider\" data-id=\"70e9363\" data-element_type=\"widget\" data-e-type=\"widget\" data-widget_type=\"divider.default\">\n\t\t\t\t<div class=\"elementor-widget-container\">\n\t\t\t\t\t\t\t<div class=\"elementor-divider\">\n\t\t\t<span class=\"elementor-divider-separator\">\n\t\t\t\t\t\t\t<span class=\"elementor-divider__text elementor-divider__element\">\n\t\t\t\tEventos pasados\t\t\t\t<\/span>\n\t\t\t\t\t\t<\/span>\n\t\t<\/div>\n\t\t\t\t\t\t<\/div>\n\t\t\t\t<\/div>\n\t\t\t\t\t<\/div>\n\t\t<\/div>\n\t\t\t\t\t<\/div>\n\t\t<\/section>\n\t\t\t\t<section class=\"elementor-section elementor-top-section elementor-element elementor-element-c354b4c elementor-section-full_width elementor-section-height-default elementor-section-height-default qodef-elementor-content-no\" data-id=\"c354b4c\" data-element_type=\"section\" data-e-type=\"section\">\n\t\t\t\t\t\t<div class=\"elementor-container elementor-column-gap-custom\">\n\t\t\t\t\t<div class=\"elementor-column elementor-col-25 elementor-top-column elementor-element elementor-element-a38fb3c\" data-id=\"a38fb3c\" data-element_type=\"column\" data-e-type=\"column\" data-settings=\"{&quot;background_background&quot;:&quot;classic&quot;}\">\n\t\t\t<div class=\"elementor-widget-wrap elementor-element-populated\">\n\t\t\t\t\t\t<div class=\"elementor-element elementor-element-7f17422 elementor-widget elementor-widget-image\" data-id=\"7f17422\" data-element_type=\"widget\" data-e-type=\"widget\" data-widget_type=\"image.default\">\n\t\t\t\t<div class=\"elementor-widget-container\">\n\t\t\t\t\t\t\t\t\t\t\t\t\t\t\t<img decoding=\"async\" src=\"https:\/\/labenefica.org\/wp-content\/uploads\/2026\/07\/05-Artistes-3008.jpg\" title=\"05-Artistes\u20133008\" alt=\"05-Artistes--3008\" loading=\"lazy\" \/>\t\t\t\t\t\t\t\t\t\t\t\t\t\t\t<\/div>\n\t\t\t\t<\/div>\n\t\t\t\t<div class=\"elementor-element elementor-element-fc21699 elementor-widget elementor-widget-heading\" data-id=\"fc21699\" data-element_type=\"widget\" data-e-type=\"widget\" data-widget_type=\"heading.default\">\n\t\t\t\t<div class=\"elementor-widget-container\">\n\t\t\t\t\t<h3 class=\"elementor-heading-title elementor-size-default\">Domingu 30 d'agostu de 2026<\/h3>\t\t\t\t<\/div>\n\t\t\t\t<\/div>\n\t\t\t\t<div class=\"elementor-element elementor-element-710729f elementor-widget elementor-widget-heading\" data-id=\"710729f\" data-element_type=\"widget\" data-e-type=\"widget\" data-widget_type=\"heading.default\">\n\t\t\t\t<div class=\"elementor-widget-container\">\n\t\t\t\t\t<h3 class=\"elementor-heading-title elementor-size-default\">\u27a4 Antiguu Balneariu de Borines<\/h3>\t\t\t\t<\/div>\n\t\t\t\t<\/div>\n\t\t\t\t<div class=\"elementor-element elementor-element-c445ec8 elementor-widget elementor-widget-heading\" data-id=\"c445ec8\" data-element_type=\"widget\" data-e-type=\"widget\" data-widget_type=\"heading.default\">\n\t\t\t\t<div class=\"elementor-widget-container\">\n\t\t\t\t\t<h2 class=\"elementor-heading-title elementor-size-default\">Conciertu de Janire Ma\u00f1es y Mar\u00eda Silva<\/h2>\t\t\t\t<\/div>\n\t\t\t\t<\/div>\n\t\t\t\t<div class=\"elementor-element elementor-element-543accd elementor-widget elementor-widget-toggle\" data-id=\"543accd\" data-element_type=\"widget\" data-e-type=\"widget\" data-widget_type=\"toggle.default\">\n\t\t\t\t<div class=\"elementor-widget-container\">\n\t\t\t\t\t\t\t<div class=\"elementor-toggle\">\n\t\t\t\t\t\t\t<div class=\"elementor-toggle-item\">\n\t\t\t\t\t<div id=\"elementor-tab-title-8831\" class=\"elementor-tab-title\" data-tab=\"1\" role=\"button\" aria-controls=\"elementor-tab-content-8831\" aria-expanded=\"false\">\n\t\t\t\t\t\t\t\t\t\t\t\t<span class=\"elementor-toggle-icon elementor-toggle-icon-right\" aria-hidden=\"true\">\n\t\t\t\t\t\t\t\t\t\t\t\t\t\t\t<span class=\"elementor-toggle-icon-closed\"><i class=\"fas fa-angle-double-down\"><\/i><\/span>\n\t\t\t\t\t\t\t\t<span class=\"elementor-toggle-icon-opened\"><i class=\"elementor-toggle-icon-opened fas fa-angle-double-up\"><\/i><\/span>\n\t\t\t\t\t\t\t\t\t\t\t\t\t<\/span>\n\t\t\t\t\t\t\t\t\t\t\t\t<a class=\"elementor-toggle-title\" tabindex=\"0\">+ INFO<\/a>\n\t\t\t\t\t<\/div>\n\n\t\t\t\t\t<div id=\"elementor-tab-content-8831\" class=\"elementor-tab-content elementor-clearfix\" data-tab=\"1\" role=\"region\" aria-labelledby=\"elementor-tab-title-8831\"><p style=\"text-align: left;\"><strong>Domingu 30 d&#8217;agostu de 2026<\/strong><br \/><strong>A las 12.30<br \/><\/strong><em>Pa tolos p\u00fablicos<br \/>Entrada de baldre<br \/><\/em><\/p>\n<hr>\n<hr>\n<hr>\n<p><b>Canciones precioses: M\u00fasica de Brasil<\/b><\/p>\n<p><span style=\"font-weight: 400;\">Conciertu ac\u00fasticu de m\u00fasica tradicional brasile\u00f1a, con guitarra y voz. Ven dexate encandilar por canciones del otru llau del mar nun entornu inigualable. <\/span><\/p>\n<p><i><span style=\"font-weight: 400;\">Activid\u00e1 paralela a la esposici\u00f3n Artistes Ben\u00e9ficos: Merc\u00e1u d\u2019arte II, en collaboraci\u00f3n con Borines Manantial de Cultura<\/span><\/i><\/p>\n<\/div>\n\t\t\t\t<\/div>\n\t\t\t\t\t\t\t\t<\/div>\n\t\t\t\t\t\t<\/div>\n\t\t\t\t<\/div>\n\t\t\t\t\t<\/div>\n\t\t<\/div>\n\t\t\t\t<div class=\"elementor-column elementor-col-25 elementor-top-column elementor-element elementor-element-8fa1cf1\" data-id=\"8fa1cf1\" data-element_type=\"column\" data-e-type=\"column\" data-settings=\"{&quot;background_background&quot;:&quot;classic&quot;}\">\n\t\t\t<div class=\"elementor-widget-wrap elementor-element-populated\">\n\t\t\t\t\t\t<div class=\"elementor-element elementor-element-05c2ab0 elementor-widget elementor-widget-image\" data-id=\"05c2ab0\" data-element_type=\"widget\" data-e-type=\"widget\" data-widget_type=\"image.default\">\n\t\t\t\t<div class=\"elementor-widget-container\">\n\t\t\t\t\t\t\t\t\t\t\t\t\t\t\t<img decoding=\"async\" src=\"https:\/\/labenefica.org\/wp-content\/uploads\/2026\/07\/04-Artistes-2308.jpg\" title=\"04-Artistes\u20132308\" alt=\"04-Artistes--2308\" loading=\"lazy\" \/>\t\t\t\t\t\t\t\t\t\t\t\t\t\t\t<\/div>\n\t\t\t\t<\/div>\n\t\t\t\t<div class=\"elementor-element elementor-element-ed66147 elementor-widget elementor-widget-heading\" data-id=\"ed66147\" data-element_type=\"widget\" data-e-type=\"widget\" data-widget_type=\"heading.default\">\n\t\t\t\t<div class=\"elementor-widget-container\">\n\t\t\t\t\t<h3 class=\"elementor-heading-title elementor-size-default\">Domingu 23 d'agostu de 2026<\/h3>\t\t\t\t<\/div>\n\t\t\t\t<\/div>\n\t\t\t\t<div class=\"elementor-element elementor-element-69f02c4 elementor-widget elementor-widget-heading\" data-id=\"69f02c4\" data-element_type=\"widget\" data-e-type=\"widget\" data-widget_type=\"heading.default\">\n\t\t\t\t<div class=\"elementor-widget-container\">\n\t\t\t\t\t<h3 class=\"elementor-heading-title elementor-size-default\">\u27a4 Antiguu Balneariu de Borines<\/h3>\t\t\t\t<\/div>\n\t\t\t\t<\/div>\n\t\t\t\t<div class=\"elementor-element elementor-element-41f2462 elementor-widget elementor-widget-heading\" data-id=\"41f2462\" data-element_type=\"widget\" data-e-type=\"widget\" data-widget_type=\"heading.default\">\n\t\t\t\t<div class=\"elementor-widget-container\">\n\t\t\t\t\t<h2 class=\"elementor-heading-title elementor-size-default\">Presentaci\u00f3n del llibru <i><br \/>La Ap\u00f3crifa Historia del H\u00e9rcules Enamorado y de su Le\u00f3n Emasculado<\/i><\/h2>\t\t\t\t<\/div>\n\t\t\t\t<\/div>\n\t\t\t\t<div class=\"elementor-element elementor-element-b783815 elementor-widget elementor-widget-toggle\" data-id=\"b783815\" data-element_type=\"widget\" data-e-type=\"widget\" data-widget_type=\"toggle.default\">\n\t\t\t\t<div class=\"elementor-widget-container\">\n\t\t\t\t\t\t\t<div class=\"elementor-toggle\">\n\t\t\t\t\t\t\t<div class=\"elementor-toggle-item\">\n\t\t\t\t\t<div id=\"elementor-tab-title-1921\" class=\"elementor-tab-title\" data-tab=\"1\" role=\"button\" aria-controls=\"elementor-tab-content-1921\" aria-expanded=\"false\">\n\t\t\t\t\t\t\t\t\t\t\t\t<span class=\"elementor-toggle-icon elementor-toggle-icon-right\" aria-hidden=\"true\">\n\t\t\t\t\t\t\t\t\t\t\t\t\t\t\t<span class=\"elementor-toggle-icon-closed\"><i class=\"fas fa-angle-double-down\"><\/i><\/span>\n\t\t\t\t\t\t\t\t<span class=\"elementor-toggle-icon-opened\"><i class=\"elementor-toggle-icon-opened fas fa-angle-double-up\"><\/i><\/span>\n\t\t\t\t\t\t\t\t\t\t\t\t\t<\/span>\n\t\t\t\t\t\t\t\t\t\t\t\t<a class=\"elementor-toggle-title\" tabindex=\"0\">+ INFO<\/a>\n\t\t\t\t\t<\/div>\n\n\t\t\t\t\t<div id=\"elementor-tab-content-1921\" class=\"elementor-tab-content elementor-clearfix\" data-tab=\"1\" role=\"region\" aria-labelledby=\"elementor-tab-title-1921\"><p style=\"text-align: left;\"><strong>Domingu 23 d&#8217;agostu de 2026<br \/>A les 12.30<\/strong><strong><br \/><\/strong><em>Pa tolos p\u00fablicos<br \/>Entrada de baldre<br \/><\/em><\/p>\n<hr>\n<hr>\n<hr>\n<p><strong>Presentaci\u00f3n del llibru <em>La Ap\u00f3crifa Historia del H\u00e9rcules Enamorado y de su Le\u00f3n Enmasculado<\/em> por Ignacio Somovilla<\/strong><\/p>\n<p><span style=\"font-weight: 400;\">Escritu por Sergio Mariano Colina y ilustr\u00e1u por Marcel R. Juliana. L&#8217;activid\u00e1 va contar cola participaci\u00f3n d&#8217;Ignacio Somovilla, director de la editorial Encyclopaedia Botanica, que va presentar y conversar alredor de la publicaci\u00f3n.<br \/> <\/span><\/p>\n<p><i><span style=\"font-weight: 400;\">Activid\u00e1 paralela a la esposici\u00f3n Artistes Ben\u00e9ficos: Merc\u00e1u d\u2019arte II, en collaboraci\u00f3n con Borines Manantial de Cultura<\/span><\/i><\/p>\n<\/div>\n\t\t\t\t<\/div>\n\t\t\t\t\t\t\t\t<\/div>\n\t\t\t\t\t\t<\/div>\n\t\t\t\t<\/div>\n\t\t\t\t\t<\/div>\n\t\t<\/div>\n\t\t\t\t<div class=\"elementor-column elementor-col-25 elementor-top-column elementor-element elementor-element-f89f943\" data-id=\"f89f943\" data-element_type=\"column\" data-e-type=\"column\" data-settings=\"{&quot;background_background&quot;:&quot;classic&quot;}\">\n\t\t\t<div class=\"elementor-widget-wrap elementor-element-populated\">\n\t\t\t\t\t\t<div class=\"elementor-element elementor-element-abedb02 elementor-widget elementor-widget-image\" data-id=\"abedb02\" data-element_type=\"widget\" data-e-type=\"widget\" data-widget_type=\"image.default\">\n\t\t\t\t<div class=\"elementor-widget-container\">\n\t\t\t\t\t\t\t\t\t\t\t\t\t\t\t<img decoding=\"async\" src=\"https:\/\/labenefica.org\/wp-content\/uploads\/2026\/07\/03-Artistes-0908.jpg\" title=\"03-Artistes\u20130908\" alt=\"03-Artistes--0908\" loading=\"lazy\" \/>\t\t\t\t\t\t\t\t\t\t\t\t\t\t\t<\/div>\n\t\t\t\t<\/div>\n\t\t\t\t<div class=\"elementor-element elementor-element-48600c1 elementor-widget elementor-widget-heading\" data-id=\"48600c1\" data-element_type=\"widget\" data-e-type=\"widget\" data-widget_type=\"heading.default\">\n\t\t\t\t<div class=\"elementor-widget-container\">\n\t\t\t\t\t<h3 class=\"elementor-heading-title elementor-size-default\">Domingu 9 d'agostu de 2026<\/h3>\t\t\t\t<\/div>\n\t\t\t\t<\/div>\n\t\t\t\t<div class=\"elementor-element elementor-element-b097014 elementor-widget elementor-widget-heading\" data-id=\"b097014\" data-element_type=\"widget\" data-e-type=\"widget\" data-widget_type=\"heading.default\">\n\t\t\t\t<div class=\"elementor-widget-container\">\n\t\t\t\t\t<h3 class=\"elementor-heading-title elementor-size-default\">\u27a4 Antiguu Balneariu de Borines<\/h3>\t\t\t\t<\/div>\n\t\t\t\t<\/div>\n\t\t\t\t<div class=\"elementor-element elementor-element-61ee5ef elementor-widget elementor-widget-heading\" data-id=\"61ee5ef\" data-element_type=\"widget\" data-e-type=\"widget\" data-widget_type=\"heading.default\">\n\t\t\t\t<div class=\"elementor-widget-container\">\n\t\t\t\t\t<h2 class=\"elementor-heading-title elementor-size-default\">Presentaci\u00f3n del llibru <i>Memorias<br \/>de un Pep\u00edn<\/i><\/h2>\t\t\t\t<\/div>\n\t\t\t\t<\/div>\n\t\t\t\t<div class=\"elementor-element elementor-element-c94a68d elementor-widget elementor-widget-toggle\" data-id=\"c94a68d\" data-element_type=\"widget\" data-e-type=\"widget\" data-widget_type=\"toggle.default\">\n\t\t\t\t<div class=\"elementor-widget-container\">\n\t\t\t\t\t\t\t<div class=\"elementor-toggle\">\n\t\t\t\t\t\t\t<div class=\"elementor-toggle-item\">\n\t\t\t\t\t<div id=\"elementor-tab-title-2111\" class=\"elementor-tab-title\" data-tab=\"1\" role=\"button\" aria-controls=\"elementor-tab-content-2111\" aria-expanded=\"false\">\n\t\t\t\t\t\t\t\t\t\t\t\t<span class=\"elementor-toggle-icon elementor-toggle-icon-right\" aria-hidden=\"true\">\n\t\t\t\t\t\t\t\t\t\t\t\t\t\t\t<span class=\"elementor-toggle-icon-closed\"><i class=\"fas fa-angle-double-down\"><\/i><\/span>\n\t\t\t\t\t\t\t\t<span class=\"elementor-toggle-icon-opened\"><i class=\"elementor-toggle-icon-opened fas fa-angle-double-up\"><\/i><\/span>\n\t\t\t\t\t\t\t\t\t\t\t\t\t<\/span>\n\t\t\t\t\t\t\t\t\t\t\t\t<a class=\"elementor-toggle-title\" tabindex=\"0\">+ INFO<\/a>\n\t\t\t\t\t<\/div>\n\n\t\t\t\t\t<div id=\"elementor-tab-content-2111\" class=\"elementor-tab-content elementor-clearfix\" data-tab=\"1\" role=\"region\" aria-labelledby=\"elementor-tab-title-2111\"><p style=\"text-align: left;\"><strong>Domingu 9 d&#8217;agostu de 2026<br \/>A les 12.30<\/strong><strong><br \/><\/strong><em>Pa tolos p\u00fablicos<br \/>Entrada de baldre<br \/><\/em><\/p>\n<hr>\n<hr>\n<hr>\n<p><strong>Presentaci\u00f3n del llibru <i>Memorias de un Pep\u00edn <\/i>por Colectivo BERDE y Jos\u00e9 Luis L\u00f3pez, Pep\u00edn<\/strong><\/p>\n<p>Recopilaci\u00f3n de poemes esperimentales del autor Jos\u00e9 Luis L\u00f3pez, ilustr\u00e1u pol grupu de creadores del programa Laboratorio BERDE. Una obra colectiva, que tien como protagonistes persones con diversid\u00e1 funcional, que pon en pallabres y im\u00e1xenes l&#8217;esp\u00edritu compart\u00edu del proyectu. <\/p>\n<p><em>Activid\u00e1 paralela a la esposici\u00f3n Artistes Ben\u00e9ficos: Merc\u00e1u d\u2019arte II, en collaboraci\u00f3n con Borines Manantial de Cultura<\/em><\/p>\n<\/div>\n\t\t\t\t<\/div>\n\t\t\t\t\t\t\t\t<\/div>\n\t\t\t\t\t\t<\/div>\n\t\t\t\t<\/div>\n\t\t\t\t\t<\/div>\n\t\t<\/div>\n\t\t\t\t<div class=\"elementor-column elementor-col-25 elementor-top-column elementor-element elementor-element-7fe0c91\" data-id=\"7fe0c91\" data-element_type=\"column\" data-e-type=\"column\" data-settings=\"{&quot;background_background&quot;:&quot;classic&quot;}\">\n\t\t\t<div class=\"elementor-widget-wrap elementor-element-populated\">\n\t\t\t\t\t\t<div class=\"elementor-element elementor-element-5df086f elementor-widget elementor-widget-image\" data-id=\"5df086f\" data-element_type=\"widget\" data-e-type=\"widget\" data-widget_type=\"image.default\">\n\t\t\t\t<div class=\"elementor-widget-container\">\n\t\t\t\t\t\t\t\t\t\t\t\t\t\t\t<img decoding=\"async\" src=\"https:\/\/labenefica.org\/wp-content\/uploads\/2026\/07\/Ulular-3.jpg\" title=\"Ulular-3\" alt=\"Ulular-3\" loading=\"lazy\" \/>\t\t\t\t\t\t\t\t\t\t\t\t\t\t\t<\/div>\n\t\t\t\t<\/div>\n\t\t\t\t<div class=\"elementor-element elementor-element-4ea52b4 elementor-widget elementor-widget-heading\" data-id=\"4ea52b4\" data-element_type=\"widget\" data-e-type=\"widget\" data-widget_type=\"heading.default\">\n\t\t\t\t<div class=\"elementor-widget-container\">\n\t\t\t\t\t<h3 class=\"elementor-heading-title elementor-size-default\">Viernes 7 d'agostu de 2026<\/h3>\t\t\t\t<\/div>\n\t\t\t\t<\/div>\n\t\t\t\t<div class=\"elementor-element elementor-element-72a6927 elementor-widget elementor-widget-heading\" data-id=\"72a6927\" data-element_type=\"widget\" data-e-type=\"widget\" data-widget_type=\"heading.default\">\n\t\t\t\t<div class=\"elementor-widget-container\">\n\t\t\t\t\t<h3 class=\"elementor-heading-title elementor-size-default\">\u27a4 La Ben\u00e9fica de Pilo\u00f1a<\/h3>\t\t\t\t<\/div>\n\t\t\t\t<\/div>\n\t\t\t\t<div class=\"elementor-element elementor-element-5c6780b elementor-widget elementor-widget-heading\" data-id=\"5c6780b\" data-element_type=\"widget\" data-e-type=\"widget\" data-widget_type=\"heading.default\">\n\t\t\t\t<div class=\"elementor-widget-container\">\n\t\t\t\t\t<h2 class=\"elementor-heading-title elementor-size-default\">Residencias ULULAR:<br \/>El xuegu permanez<\/h2>\t\t\t\t<\/div>\n\t\t\t\t<\/div>\n\t\t\t\t<div class=\"elementor-element elementor-element-2698d50 elementor-widget elementor-widget-toggle\" data-id=\"2698d50\" data-element_type=\"widget\" data-e-type=\"widget\" data-widget_type=\"toggle.default\">\n\t\t\t\t<div class=\"elementor-widget-container\">\n\t\t\t\t\t\t\t<div class=\"elementor-toggle\">\n\t\t\t\t\t\t\t<div class=\"elementor-toggle-item\">\n\t\t\t\t\t<div id=\"elementor-tab-title-4041\" class=\"elementor-tab-title\" data-tab=\"1\" role=\"button\" aria-controls=\"elementor-tab-content-4041\" aria-expanded=\"false\">\n\t\t\t\t\t\t\t\t\t\t\t\t<span class=\"elementor-toggle-icon elementor-toggle-icon-right\" aria-hidden=\"true\">\n\t\t\t\t\t\t\t\t\t\t\t\t\t\t\t<span class=\"elementor-toggle-icon-closed\"><i class=\"fas fa-angle-double-down\"><\/i><\/span>\n\t\t\t\t\t\t\t\t<span class=\"elementor-toggle-icon-opened\"><i class=\"elementor-toggle-icon-opened fas fa-angle-double-up\"><\/i><\/span>\n\t\t\t\t\t\t\t\t\t\t\t\t\t<\/span>\n\t\t\t\t\t\t\t\t\t\t\t\t<a class=\"elementor-toggle-title\" tabindex=\"0\">+ INFO<\/a>\n\t\t\t\t\t<\/div>\n\n\t\t\t\t\t<div id=\"elementor-tab-content-4041\" class=\"elementor-tab-content elementor-clearfix\" data-tab=\"1\" role=\"region\" aria-labelledby=\"elementor-tab-title-4041\"><p style=\"text-align: left;\"><strong>Vienres 7 d&#8217;agostu de 2026<\/strong><br \/><strong>Horario por confirmar<br \/><\/strong><em>Pa tolos p\u00fablicos<br \/>Entrada de baldre<\/em><\/p>\n<hr>\n<hr>\n<hr>\n<p dir=\"ltr\"><strong>Presentaci\u00f3n del procesu art\u00edsticu y creaci\u00f3n colectiva d&#8217;un mural<\/strong><\/p>\n<p dir=\"ltr\">Na sesi\u00f3n \u00faltima van presentase los grabaos y ilustraciones que van formar parte del futuru cat\u00e1logu del xuegu na cai y l&#8217;ociu saludable, amosando c\u00f3mo les esperiencies compart\u00edes na residencia tresf\u00f3rmense en creaci\u00f3n art\u00edstica. Al empar, va facese una peque\u00f1a intervenci\u00f3n mural dise\u00f1ada pol artista a partir de les aportaciones de los participantes, que va actuar como celebraci\u00f3n del procesu colectivu y como testimoniu permanente del pasu de la residencia pel pueblu. <\/p>\n<\/div>\n\t\t\t\t<\/div>\n\t\t\t\t\t\t\t\t<\/div>\n\t\t\t\t\t\t<\/div>\n\t\t\t\t<\/div>\n\t\t\t\t\t<\/div>\n\t\t<\/div>\n\t\t\t\t\t<\/div>\n\t\t<\/section>\n\t\t\t\t<section class=\"elementor-section elementor-top-section elementor-element elementor-element-7a3ba99 elementor-section-full_width elementor-section-height-default elementor-section-height-default qodef-elementor-content-no\" data-id=\"7a3ba99\" data-element_type=\"section\" data-e-type=\"section\">\n\t\t\t\t\t\t<div class=\"elementor-container elementor-column-gap-custom\">\n\t\t\t\t\t<div class=\"elementor-column elementor-col-25 elementor-top-column elementor-element elementor-element-a8e9fef\" data-id=\"a8e9fef\" data-element_type=\"column\" data-e-type=\"column\" data-settings=\"{&quot;background_background&quot;:&quot;classic&quot;}\">\n\t\t\t<div class=\"elementor-widget-wrap elementor-element-populated\">\n\t\t\t\t\t\t<div class=\"elementor-element elementor-element-01f9698 elementor-widget elementor-widget-image\" data-id=\"01f9698\" data-element_type=\"widget\" data-e-type=\"widget\" data-widget_type=\"image.default\">\n\t\t\t\t<div class=\"elementor-widget-container\">\n\t\t\t\t\t\t\t\t\t\t\t\t\t\t\t<img decoding=\"async\" src=\"https:\/\/labenefica.org\/wp-content\/uploads\/2026\/07\/Ulular-2.jpg\" title=\"Ulular-2\" alt=\"Ulular-2\" loading=\"lazy\" \/>\t\t\t\t\t\t\t\t\t\t\t\t\t\t\t<\/div>\n\t\t\t\t<\/div>\n\t\t\t\t<div class=\"elementor-element elementor-element-d59eeab elementor-widget elementor-widget-heading\" data-id=\"d59eeab\" data-element_type=\"widget\" data-e-type=\"widget\" data-widget_type=\"heading.default\">\n\t\t\t\t<div class=\"elementor-widget-container\">\n\t\t\t\t\t<h3 class=\"elementor-heading-title elementor-size-default\">Mi\u00e9rcoles 5 d'agostu de 2026<\/h3>\t\t\t\t<\/div>\n\t\t\t\t<\/div>\n\t\t\t\t<div class=\"elementor-element elementor-element-0d42d62 elementor-widget elementor-widget-heading\" data-id=\"0d42d62\" data-element_type=\"widget\" data-e-type=\"widget\" data-widget_type=\"heading.default\">\n\t\t\t\t<div class=\"elementor-widget-container\">\n\t\t\t\t\t<h3 class=\"elementor-heading-title elementor-size-default\">\u27a4 La Ben\u00e9fica de Pilo\u00f1a<\/h3>\t\t\t\t<\/div>\n\t\t\t\t<\/div>\n\t\t\t\t<div class=\"elementor-element elementor-element-7c9b855 elementor-widget elementor-widget-heading\" data-id=\"7c9b855\" data-element_type=\"widget\" data-e-type=\"widget\" data-widget_type=\"heading.default\">\n\t\t\t\t<div class=\"elementor-widget-container\">\n\t\t\t\t\t<h2 class=\"elementor-heading-title elementor-size-default\">Residencias ULULAR:<br \/>\u00a1Ven a Xugar pa recordar!<\/h2>\t\t\t\t<\/div>\n\t\t\t\t<\/div>\n\t\t\t\t<div class=\"elementor-element elementor-element-5d94b67 elementor-widget elementor-widget-toggle\" data-id=\"5d94b67\" data-element_type=\"widget\" data-e-type=\"widget\" data-widget_type=\"toggle.default\">\n\t\t\t\t<div class=\"elementor-widget-container\">\n\t\t\t\t\t\t\t<div class=\"elementor-toggle\">\n\t\t\t\t\t\t\t<div class=\"elementor-toggle-item\">\n\t\t\t\t\t<div id=\"elementor-tab-title-9811\" class=\"elementor-tab-title\" data-tab=\"1\" role=\"button\" aria-controls=\"elementor-tab-content-9811\" aria-expanded=\"false\">\n\t\t\t\t\t\t\t\t\t\t\t\t<span class=\"elementor-toggle-icon elementor-toggle-icon-right\" aria-hidden=\"true\">\n\t\t\t\t\t\t\t\t\t\t\t\t\t\t\t<span class=\"elementor-toggle-icon-closed\"><i class=\"fas fa-angle-double-down\"><\/i><\/span>\n\t\t\t\t\t\t\t\t<span class=\"elementor-toggle-icon-opened\"><i class=\"elementor-toggle-icon-opened fas fa-angle-double-up\"><\/i><\/span>\n\t\t\t\t\t\t\t\t\t\t\t\t\t<\/span>\n\t\t\t\t\t\t\t\t\t\t\t\t<a class=\"elementor-toggle-title\" tabindex=\"0\">+ INFO<\/a>\n\t\t\t\t\t<\/div>\n\n\t\t\t\t\t<div id=\"elementor-tab-content-9811\" class=\"elementor-tab-content elementor-clearfix\" data-tab=\"1\" role=\"region\" aria-labelledby=\"elementor-tab-title-9811\"><p style=\"text-align: left;\"><strong>Mi\u00e9rcoles 5 d&#8217;agostu de 2026<\/strong><br \/><strong>De 11.00 a 12.00<br \/><\/strong><em>Pa tolos p\u00fablicos<br \/>Entrada de baldre<\/em><\/p>\n<hr>\n<hr>\n<hr>\n<p dir=\"ltr\"><strong>Una xornada de xuegu pa recuperar y esperimentar los xuegos compart\u00edos pola comunid\u00e1.<\/strong><\/p>\n<p dir=\"ltr\">Esta sesi\u00f3n va tar especialmente dirixida a ne\u00f1os y ne\u00f1es, anque va ser abierta a tola comunid\u00e1. A partir de los xuegos recoy\u00edos nel primer alcuentru, preparamos los materiales necesarios y vamos salir al espaciu p\u00fablicu pa xugalos. Les persones mayores van poder aprender les regles favoreciendo l&#8217;intercambiu ente xeneraciones y recuperando&#8217;l xuegu na cai como espaciu de convivencia, deprendizaxe y ociu saludable.  <\/p>\n<\/div>\n\t\t\t\t<\/div>\n\t\t\t\t\t\t\t\t<\/div>\n\t\t\t\t\t\t<\/div>\n\t\t\t\t<\/div>\n\t\t\t\t\t<\/div>\n\t\t<\/div>\n\t\t\t\t<div class=\"elementor-column elementor-col-25 elementor-top-column elementor-element elementor-element-6a04017\" data-id=\"6a04017\" data-element_type=\"column\" data-e-type=\"column\" data-settings=\"{&quot;background_background&quot;:&quot;classic&quot;}\">\n\t\t\t<div class=\"elementor-widget-wrap elementor-element-populated\">\n\t\t\t\t\t\t<div class=\"elementor-element elementor-element-c958b7f elementor-widget elementor-widget-image\" data-id=\"c958b7f\" data-element_type=\"widget\" data-e-type=\"widget\" data-widget_type=\"image.default\">\n\t\t\t\t<div class=\"elementor-widget-container\">\n\t\t\t\t\t\t\t\t\t\t\t\t\t\t\t<img decoding=\"async\" src=\"https:\/\/labenefica.org\/wp-content\/uploads\/2026\/07\/Ulular-1-1.jpg\" title=\"Ulular-1\" alt=\"Ulular-1\" loading=\"lazy\" \/>\t\t\t\t\t\t\t\t\t\t\t\t\t\t\t<\/div>\n\t\t\t\t<\/div>\n\t\t\t\t<div class=\"elementor-element elementor-element-99c552a elementor-widget elementor-widget-heading\" data-id=\"99c552a\" data-element_type=\"widget\" data-e-type=\"widget\" data-widget_type=\"heading.default\">\n\t\t\t\t<div class=\"elementor-widget-container\">\n\t\t\t\t\t<h3 class=\"elementor-heading-title elementor-size-default\">Llunes 3 d'agostu de 2026<\/h3>\t\t\t\t<\/div>\n\t\t\t\t<\/div>\n\t\t\t\t<div class=\"elementor-element elementor-element-c9aff34 elementor-widget elementor-widget-heading\" data-id=\"c9aff34\" data-element_type=\"widget\" data-e-type=\"widget\" data-widget_type=\"heading.default\">\n\t\t\t\t<div class=\"elementor-widget-container\">\n\t\t\t\t\t<h3 class=\"elementor-heading-title elementor-size-default\">\u27a4 La Ben\u00e9fica de Pilo\u00f1a<\/h3>\t\t\t\t<\/div>\n\t\t\t\t<\/div>\n\t\t\t\t<div class=\"elementor-element elementor-element-5157e4f elementor-widget elementor-widget-heading\" data-id=\"5157e4f\" data-element_type=\"widget\" data-e-type=\"widget\" data-widget_type=\"heading.default\">\n\t\t\t\t<div class=\"elementor-widget-container\">\n\t\t\t\t\t<h2 class=\"elementor-heading-title elementor-size-default\">Residencias ULULAR:<br \/>Memoria compartida del xuegu<\/h2>\t\t\t\t<\/div>\n\t\t\t\t<\/div>\n\t\t\t\t<div class=\"elementor-element elementor-element-ecb4b6b elementor-widget elementor-widget-toggle\" data-id=\"ecb4b6b\" data-element_type=\"widget\" data-e-type=\"widget\" data-widget_type=\"toggle.default\">\n\t\t\t\t<div class=\"elementor-widget-container\">\n\t\t\t\t\t\t\t<div class=\"elementor-toggle\">\n\t\t\t\t\t\t\t<div class=\"elementor-toggle-item\">\n\t\t\t\t\t<div id=\"elementor-tab-title-2481\" class=\"elementor-tab-title\" data-tab=\"1\" role=\"button\" aria-controls=\"elementor-tab-content-2481\" aria-expanded=\"false\">\n\t\t\t\t\t\t\t\t\t\t\t\t<span class=\"elementor-toggle-icon elementor-toggle-icon-right\" aria-hidden=\"true\">\n\t\t\t\t\t\t\t\t\t\t\t\t\t\t\t<span class=\"elementor-toggle-icon-closed\"><i class=\"fas fa-angle-double-down\"><\/i><\/span>\n\t\t\t\t\t\t\t\t<span class=\"elementor-toggle-icon-opened\"><i class=\"elementor-toggle-icon-opened fas fa-angle-double-up\"><\/i><\/span>\n\t\t\t\t\t\t\t\t\t\t\t\t\t<\/span>\n\t\t\t\t\t\t\t\t\t\t\t\t<a class=\"elementor-toggle-title\" tabindex=\"0\">+ INFO<\/a>\n\t\t\t\t\t<\/div>\n\n\t\t\t\t\t<div id=\"elementor-tab-content-2481\" class=\"elementor-tab-content elementor-clearfix\" data-tab=\"1\" role=\"region\" aria-labelledby=\"elementor-tab-title-2481\"><p style=\"text-align: left;\"><strong>Llunes 3 d&#8217;agostu de 2026<\/strong><br \/><strong>De 18.00 a 19.30<br \/><\/strong><em>Pa tolos p\u00fablicos<br \/>Entrada de baldre<\/em><\/p>\n<hr>\n<hr>\n<hr>\n<p dir=\"ltr\"><strong>Un alcuentru pa recordar, compartir y documentar los xuegos tradicionales de la nuestra ne\u00f1ez.<\/strong><\/p>\n<p dir=\"ltr\">Nesta primer sesi\u00f3n vamos axuntar persones de toles edaes pa poner en com\u00fan los xuegos colos que crecieron y compartir hestories y recuerdos venceyaos al xuegu na cai. D&#8217;esta forma vamos construir un peque\u00f1u archivu colectivu de xuegos que, dempu\u00e9s, vamos representar con un p\u00f3ster fechu con dibuxos, semeyes, collage y testu. Estes pieces van ser el puntu de partida del cat\u00e1logu art\u00edsticu que se va desenvolver mientres la residencia.  <\/p>\n<\/div>\n\t\t\t\t<\/div>\n\t\t\t\t\t\t\t\t<\/div>\n\t\t\t\t\t\t<\/div>\n\t\t\t\t<\/div>\n\t\t\t\t\t<\/div>\n\t\t<\/div>\n\t\t\t\t<div class=\"elementor-column elementor-col-25 elementor-top-column elementor-element elementor-element-19ca842\" data-id=\"19ca842\" data-element_type=\"column\" data-e-type=\"column\" data-settings=\"{&quot;background_background&quot;:&quot;classic&quot;}\">\n\t\t\t<div class=\"elementor-widget-wrap elementor-element-populated\">\n\t\t\t\t\t\t<div class=\"elementor-element elementor-element-a542348 elementor-widget elementor-widget-image\" data-id=\"a542348\" data-element_type=\"widget\" data-e-type=\"widget\" data-widget_type=\"image.default\">\n\t\t\t\t<div class=\"elementor-widget-container\">\n\t\t\t\t\t\t\t\t\t\t\t\t\t\t\t<img decoding=\"async\" src=\"https:\/\/labenefica.org\/wp-content\/uploads\/2026\/07\/02-Artistes-Vermu-IG-2.jpg\" title=\"02-Artistes-Verm\u00fa-IG\" alt=\"02-Artistes-Verm\u00fa-IG\" loading=\"lazy\" \/>\t\t\t\t\t\t\t\t\t\t\t\t\t\t\t<\/div>\n\t\t\t\t<\/div>\n\t\t\t\t<div class=\"elementor-element elementor-element-b3a5183 elementor-widget elementor-widget-heading\" data-id=\"b3a5183\" data-element_type=\"widget\" data-e-type=\"widget\" data-widget_type=\"heading.default\">\n\t\t\t\t<div class=\"elementor-widget-container\">\n\t\t\t\t\t<h3 class=\"elementor-heading-title elementor-size-default\">S\u00e1badu 1 d'agostu de 2026<\/h3>\t\t\t\t<\/div>\n\t\t\t\t<\/div>\n\t\t\t\t<div class=\"elementor-element elementor-element-441e990 elementor-widget elementor-widget-heading\" data-id=\"441e990\" data-element_type=\"widget\" data-e-type=\"widget\" data-widget_type=\"heading.default\">\n\t\t\t\t<div class=\"elementor-widget-container\">\n\t\t\t\t\t<h3 class=\"elementor-heading-title elementor-size-default\">\u27a4 Antiguu Balneariu de Borines<\/h3>\t\t\t\t<\/div>\n\t\t\t\t<\/div>\n\t\t\t\t<div class=\"elementor-element elementor-element-7119788 elementor-widget elementor-widget-heading\" data-id=\"7119788\" data-element_type=\"widget\" data-e-type=\"widget\" data-widget_type=\"heading.default\">\n\t\t\t\t<div class=\"elementor-widget-container\">\n\t\t\t\t\t<h2 class=\"elementor-heading-title elementor-size-default\">Verm\u00fa d'Inauguraci\u00f3n Artistes Ben\u00e9fico<\/h2>\t\t\t\t<\/div>\n\t\t\t\t<\/div>\n\t\t\t\t<div class=\"elementor-element elementor-element-aeedc03 elementor-widget elementor-widget-toggle\" data-id=\"aeedc03\" data-element_type=\"widget\" data-e-type=\"widget\" data-widget_type=\"toggle.default\">\n\t\t\t\t<div class=\"elementor-widget-container\">\n\t\t\t\t\t\t\t<div class=\"elementor-toggle\">\n\t\t\t\t\t\t\t<div class=\"elementor-toggle-item\">\n\t\t\t\t\t<div id=\"elementor-tab-title-1831\" class=\"elementor-tab-title\" data-tab=\"1\" role=\"button\" aria-controls=\"elementor-tab-content-1831\" aria-expanded=\"false\">\n\t\t\t\t\t\t\t\t\t\t\t\t<span class=\"elementor-toggle-icon elementor-toggle-icon-right\" aria-hidden=\"true\">\n\t\t\t\t\t\t\t\t\t\t\t\t\t\t\t<span class=\"elementor-toggle-icon-closed\"><i class=\"fas fa-angle-double-down\"><\/i><\/span>\n\t\t\t\t\t\t\t\t<span class=\"elementor-toggle-icon-opened\"><i class=\"elementor-toggle-icon-opened fas fa-angle-double-up\"><\/i><\/span>\n\t\t\t\t\t\t\t\t\t\t\t\t\t<\/span>\n\t\t\t\t\t\t\t\t\t\t\t\t<a class=\"elementor-toggle-title\" tabindex=\"0\">+ INFO<\/a>\n\t\t\t\t\t<\/div>\n\n\t\t\t\t\t<div id=\"elementor-tab-content-1831\" class=\"elementor-tab-content elementor-clearfix\" data-tab=\"1\" role=\"region\" aria-labelledby=\"elementor-tab-title-1831\"><p style=\"text-align: left;\"><strong>S\u00e1badu 1 d&#8217;agostou<\/strong><br \/><strong>De 12.00 a 16.00<br \/><\/strong><em>Pa tolos p\u00fablicos<br \/>Entrada de baldre<\/em><\/p>\n<hr>\n<hr>\n<hr>\n<p><b>Verm\u00fa d\u2019inauguraci\u00f3n<\/b> pa la nueva edici\u00f3n de Artistes Ben\u00e9ficos.<\/p>\n<p>WyllyW va tar animando a los presentes con el so ecl\u00e9ctico DjSet y Setadebosque va cuidar y alegrar a los nuestros est\u00f3magos cola so comida.<\/p>\n<\/div>\n\t\t\t\t<\/div>\n\t\t\t\t\t\t\t\t<\/div>\n\t\t\t\t\t\t<\/div>\n\t\t\t\t<\/div>\n\t\t\t\t\t<\/div>\n\t\t<\/div>\n\t\t\t\t<div class=\"elementor-column elementor-col-25 elementor-top-column elementor-element elementor-element-c650d1c\" data-id=\"c650d1c\" data-element_type=\"column\" data-e-type=\"column\" data-settings=\"{&quot;background_background&quot;:&quot;classic&quot;}\">\n\t\t\t<div class=\"elementor-widget-wrap elementor-element-populated\">\n\t\t\t\t\t\t<div class=\"elementor-element elementor-element-20d09e8 elementor-widget elementor-widget-image\" data-id=\"20d09e8\" data-element_type=\"widget\" data-e-type=\"widget\" data-widget_type=\"image.default\">\n\t\t\t\t<div class=\"elementor-widget-container\">\n\t\t\t\t\t\t\t\t\t\t\t\t\t\t\t<img decoding=\"async\" src=\"https:\/\/labenefica.org\/wp-content\/uploads\/2026\/07\/A4-vives-en-Pilona_-1-scaled.png\" title=\"A4-vives en Pilo\u00f1a_ (1)\" alt=\"A4-vives en Pilo\u00f1a_ (1)\" loading=\"lazy\" \/>\t\t\t\t\t\t\t\t\t\t\t\t\t\t\t<\/div>\n\t\t\t\t<\/div>\n\t\t\t\t<div class=\"elementor-element elementor-element-40d67f3 elementor-widget elementor-widget-heading\" data-id=\"40d67f3\" data-element_type=\"widget\" data-e-type=\"widget\" data-widget_type=\"heading.default\">\n\t\t\t\t<div class=\"elementor-widget-container\">\n\t\t\t\t\t<h3 class=\"elementor-heading-title elementor-size-default\">Xueves 30 de xunetu de 2026<\/h3>\t\t\t\t<\/div>\n\t\t\t\t<\/div>\n\t\t\t\t<div class=\"elementor-element elementor-element-6b796b5 elementor-widget elementor-widget-heading\" data-id=\"6b796b5\" data-element_type=\"widget\" data-e-type=\"widget\" data-widget_type=\"heading.default\">\n\t\t\t\t<div class=\"elementor-widget-container\">\n\t\t\t\t\t<h3 class=\"elementor-heading-title elementor-size-default\">\u27a4 La Ben\u00e9fica de Pilo\u00f1a<\/h3>\t\t\t\t<\/div>\n\t\t\t\t<\/div>\n\t\t\t\t<div class=\"elementor-element elementor-element-cbc942e elementor-widget elementor-widget-heading\" data-id=\"cbc942e\" data-element_type=\"widget\" data-e-type=\"widget\" data-widget_type=\"heading.default\">\n\t\t\t\t<div class=\"elementor-widget-container\">\n\t\t\t\t\t<h2 class=\"elementor-heading-title elementor-size-default\">Ra\u00edces de Luz con Sara Petrizzo - D\u00eda 3<\/h2>\t\t\t\t<\/div>\n\t\t\t\t<\/div>\n\t\t\t\t<div class=\"elementor-element elementor-element-62349e6 elementor-widget elementor-widget-toggle\" data-id=\"62349e6\" data-element_type=\"widget\" data-e-type=\"widget\" data-widget_type=\"toggle.default\">\n\t\t\t\t<div class=\"elementor-widget-container\">\n\t\t\t\t\t\t\t<div class=\"elementor-toggle\">\n\t\t\t\t\t\t\t<div class=\"elementor-toggle-item\">\n\t\t\t\t\t<div id=\"elementor-tab-title-1021\" class=\"elementor-tab-title\" data-tab=\"1\" role=\"button\" aria-controls=\"elementor-tab-content-1021\" aria-expanded=\"false\">\n\t\t\t\t\t\t\t\t\t\t\t\t<span class=\"elementor-toggle-icon elementor-toggle-icon-right\" aria-hidden=\"true\">\n\t\t\t\t\t\t\t\t\t\t\t\t\t\t\t<span class=\"elementor-toggle-icon-closed\"><i class=\"fas fa-angle-double-down\"><\/i><\/span>\n\t\t\t\t\t\t\t\t<span class=\"elementor-toggle-icon-opened\"><i class=\"elementor-toggle-icon-opened fas fa-angle-double-up\"><\/i><\/span>\n\t\t\t\t\t\t\t\t\t\t\t\t\t<\/span>\n\t\t\t\t\t\t\t\t\t\t\t\t<a class=\"elementor-toggle-title\" tabindex=\"0\">+ INFO<\/a>\n\t\t\t\t\t<\/div>\n\n\t\t\t\t\t<div id=\"elementor-tab-content-1021\" class=\"elementor-tab-content elementor-clearfix\" data-tab=\"1\" role=\"region\" aria-labelledby=\"elementor-tab-title-1021\"><p style=\"text-align: left;\"><strong>Xueves 30 de xunetu de 2026<\/strong><br \/><strong>de 10.00 a 14.00 y de 16.00 a 20.30<br \/><\/strong><em>Pa tolos p\u00fablicos<br \/>Entrada de baldre<\/em><\/p>\n<hr>\n<hr>\n<hr>\n<p>Definici\u00f3n del proyecto fotogr\u00e1fico: Cada participante desarrolla su proyecto sobre el territorio para explorar desde adentro y preservar las huellas que quedan en el paisaje.<\/p>\n<p>Revisi\u00f3n colectiva compartida: todos los participantes comentar\u00e1n sus proyectos. buscando preservar la memoria y la identidad de la comunidad. <\/p>\n<\/div>\n\t\t\t\t<\/div>\n\t\t\t\t\t\t\t\t<\/div>\n\t\t\t\t\t\t<\/div>\n\t\t\t\t<\/div>\n\t\t\t\t\t<\/div>\n\t\t<\/div>\n\t\t\t\t\t<\/div>\n\t\t<\/section>\n\t\t\t\t<section class=\"elementor-section elementor-top-section elementor-element elementor-element-efb5bad elementor-section-full_width elementor-section-height-default elementor-section-height-default qodef-elementor-content-no\" data-id=\"efb5bad\" data-element_type=\"section\" data-e-type=\"section\">\n\t\t\t\t\t\t<div class=\"elementor-container elementor-column-gap-custom\">\n\t\t\t\t\t<div class=\"elementor-column elementor-col-25 elementor-top-column elementor-element elementor-element-67571f0\" data-id=\"67571f0\" data-element_type=\"column\" data-e-type=\"column\" data-settings=\"{&quot;background_background&quot;:&quot;classic&quot;}\">\n\t\t\t<div class=\"elementor-widget-wrap elementor-element-populated\">\n\t\t\t\t\t\t<div class=\"elementor-element elementor-element-6af08ee elementor-widget elementor-widget-image\" data-id=\"6af08ee\" data-element_type=\"widget\" data-e-type=\"widget\" data-widget_type=\"image.default\">\n\t\t\t\t<div class=\"elementor-widget-container\">\n\t\t\t\t\t\t\t\t\t\t\t\t\t\t\t<img decoding=\"async\" src=\"https:\/\/labenefica.org\/wp-content\/uploads\/2026\/07\/A4-vives-en-Pilona_-1-scaled.png\" title=\"A4-vives en Pilo\u00f1a_ (1)\" alt=\"A4-vives en Pilo\u00f1a_ (1)\" loading=\"lazy\" \/>\t\t\t\t\t\t\t\t\t\t\t\t\t\t\t<\/div>\n\t\t\t\t<\/div>\n\t\t\t\t<div class=\"elementor-element elementor-element-6f2dcd3 elementor-widget elementor-widget-heading\" data-id=\"6f2dcd3\" data-element_type=\"widget\" data-e-type=\"widget\" data-widget_type=\"heading.default\">\n\t\t\t\t<div class=\"elementor-widget-container\">\n\t\t\t\t\t<h3 class=\"elementor-heading-title elementor-size-default\">Mi\u00e9rcoles 29 de xunetu de 2026<\/h3>\t\t\t\t<\/div>\n\t\t\t\t<\/div>\n\t\t\t\t<div class=\"elementor-element elementor-element-ce5d9a7 elementor-widget elementor-widget-heading\" data-id=\"ce5d9a7\" data-element_type=\"widget\" data-e-type=\"widget\" data-widget_type=\"heading.default\">\n\t\t\t\t<div class=\"elementor-widget-container\">\n\t\t\t\t\t<h3 class=\"elementor-heading-title elementor-size-default\">\u27a4 La Ben\u00e9fica de Pilo\u00f1a<\/h3>\t\t\t\t<\/div>\n\t\t\t\t<\/div>\n\t\t\t\t<div class=\"elementor-element elementor-element-fdac0ef elementor-widget elementor-widget-heading\" data-id=\"fdac0ef\" data-element_type=\"widget\" data-e-type=\"widget\" data-widget_type=\"heading.default\">\n\t\t\t\t<div class=\"elementor-widget-container\">\n\t\t\t\t\t<h2 class=\"elementor-heading-title elementor-size-default\">Ra\u00edces de Luz con Sara Petrizzo - D\u00eda 2<\/h2>\t\t\t\t<\/div>\n\t\t\t\t<\/div>\n\t\t\t\t<div class=\"elementor-element elementor-element-f42d339 elementor-widget elementor-widget-toggle\" data-id=\"f42d339\" data-element_type=\"widget\" data-e-type=\"widget\" data-widget_type=\"toggle.default\">\n\t\t\t\t<div class=\"elementor-widget-container\">\n\t\t\t\t\t\t\t<div class=\"elementor-toggle\">\n\t\t\t\t\t\t\t<div class=\"elementor-toggle-item\">\n\t\t\t\t\t<div id=\"elementor-tab-title-2561\" class=\"elementor-tab-title\" data-tab=\"1\" role=\"button\" aria-controls=\"elementor-tab-content-2561\" aria-expanded=\"false\">\n\t\t\t\t\t\t\t\t\t\t\t\t<span class=\"elementor-toggle-icon elementor-toggle-icon-right\" aria-hidden=\"true\">\n\t\t\t\t\t\t\t\t\t\t\t\t\t\t\t<span class=\"elementor-toggle-icon-closed\"><i class=\"fas fa-angle-double-down\"><\/i><\/span>\n\t\t\t\t\t\t\t\t<span class=\"elementor-toggle-icon-opened\"><i class=\"elementor-toggle-icon-opened fas fa-angle-double-up\"><\/i><\/span>\n\t\t\t\t\t\t\t\t\t\t\t\t\t<\/span>\n\t\t\t\t\t\t\t\t\t\t\t\t<a class=\"elementor-toggle-title\" tabindex=\"0\">+ INFO<\/a>\n\t\t\t\t\t<\/div>\n\n\t\t\t\t\t<div id=\"elementor-tab-content-2561\" class=\"elementor-tab-content elementor-clearfix\" data-tab=\"1\" role=\"region\" aria-labelledby=\"elementor-tab-title-2561\"><p style=\"text-align: left;\"><strong>Mi\u00e9rcoles 29 de xunetu de 2026<\/strong><br \/><strong>de 10.00 a 14.00 y de 16.00 a 20.30<br \/><\/strong><em>Pa tolos p\u00fablicos<br \/>Entrada de baldre<\/em><\/p>\n<hr>\n<hr>\n<hr>\n<p>Pr\u00e1ctica y creaci\u00f3n fotogr\u00e1fica en el entorno natural. Proponer de forma creativa de hacer accesible la fotograf\u00eda en entornos rurales. <\/p>\n<p>Debate abierto sobre las im\u00e1genes del d\u00eda: \u00bfqu\u00e9 hemos fotografiado? qu\u00e9 merece ser recordado? \u00bfQu\u00e9 ha cambiado? \u00bfQu\u00e9 permanece? \u00bfQu\u00e9 queremos que quede en el archivo?    <\/p>\n<\/div>\n\t\t\t\t<\/div>\n\t\t\t\t\t\t\t\t<\/div>\n\t\t\t\t\t\t<\/div>\n\t\t\t\t<\/div>\n\t\t\t\t\t<\/div>\n\t\t<\/div>\n\t\t\t\t<div class=\"elementor-column elementor-col-25 elementor-top-column elementor-element elementor-element-0987894\" data-id=\"0987894\" data-element_type=\"column\" data-e-type=\"column\" data-settings=\"{&quot;background_background&quot;:&quot;classic&quot;}\">\n\t\t\t<div class=\"elementor-widget-wrap elementor-element-populated\">\n\t\t\t\t\t\t<div class=\"elementor-element elementor-element-e532642 elementor-widget elementor-widget-image\" data-id=\"e532642\" data-element_type=\"widget\" data-e-type=\"widget\" data-widget_type=\"image.default\">\n\t\t\t\t<div class=\"elementor-widget-container\">\n\t\t\t\t\t\t\t\t\t\t\t\t\t\t\t<img decoding=\"async\" src=\"https:\/\/labenefica.org\/wp-content\/uploads\/2026\/07\/A4-vives-en-Pilona_-1-scaled.png\" title=\"A4-vives en Pilo\u00f1a_ (1)\" alt=\"A4-vives en Pilo\u00f1a_ (1)\" loading=\"lazy\" \/>\t\t\t\t\t\t\t\t\t\t\t\t\t\t\t<\/div>\n\t\t\t\t<\/div>\n\t\t\t\t<div class=\"elementor-element elementor-element-e8478c5 elementor-widget elementor-widget-heading\" data-id=\"e8478c5\" data-element_type=\"widget\" data-e-type=\"widget\" data-widget_type=\"heading.default\">\n\t\t\t\t<div class=\"elementor-widget-container\">\n\t\t\t\t\t<h3 class=\"elementor-heading-title elementor-size-default\">Martes 28 de xunetu de 2026<\/h3>\t\t\t\t<\/div>\n\t\t\t\t<\/div>\n\t\t\t\t<div class=\"elementor-element elementor-element-609301a elementor-widget elementor-widget-heading\" data-id=\"609301a\" data-element_type=\"widget\" data-e-type=\"widget\" data-widget_type=\"heading.default\">\n\t\t\t\t<div class=\"elementor-widget-container\">\n\t\t\t\t\t<h3 class=\"elementor-heading-title elementor-size-default\">\u27a4 La Ben\u00e9fica de Pilo\u00f1a<\/h3>\t\t\t\t<\/div>\n\t\t\t\t<\/div>\n\t\t\t\t<div class=\"elementor-element elementor-element-440d42e elementor-widget elementor-widget-heading\" data-id=\"440d42e\" data-element_type=\"widget\" data-e-type=\"widget\" data-widget_type=\"heading.default\">\n\t\t\t\t<div class=\"elementor-widget-container\">\n\t\t\t\t\t<h2 class=\"elementor-heading-title elementor-size-default\">Ra\u00edces de Luz con Sara Petrizzo - D\u00eda 1<\/h2>\t\t\t\t<\/div>\n\t\t\t\t<\/div>\n\t\t\t\t<div class=\"elementor-element elementor-element-f6036ac elementor-widget elementor-widget-toggle\" data-id=\"f6036ac\" data-element_type=\"widget\" data-e-type=\"widget\" data-widget_type=\"toggle.default\">\n\t\t\t\t<div class=\"elementor-widget-container\">\n\t\t\t\t\t\t\t<div class=\"elementor-toggle\">\n\t\t\t\t\t\t\t<div class=\"elementor-toggle-item\">\n\t\t\t\t\t<div id=\"elementor-tab-title-2571\" class=\"elementor-tab-title\" data-tab=\"1\" role=\"button\" aria-controls=\"elementor-tab-content-2571\" aria-expanded=\"false\">\n\t\t\t\t\t\t\t\t\t\t\t\t<span class=\"elementor-toggle-icon elementor-toggle-icon-right\" aria-hidden=\"true\">\n\t\t\t\t\t\t\t\t\t\t\t\t\t\t\t<span class=\"elementor-toggle-icon-closed\"><i class=\"fas fa-angle-double-down\"><\/i><\/span>\n\t\t\t\t\t\t\t\t<span class=\"elementor-toggle-icon-opened\"><i class=\"elementor-toggle-icon-opened fas fa-angle-double-up\"><\/i><\/span>\n\t\t\t\t\t\t\t\t\t\t\t\t\t<\/span>\n\t\t\t\t\t\t\t\t\t\t\t\t<a class=\"elementor-toggle-title\" tabindex=\"0\">+ INFO<\/a>\n\t\t\t\t\t<\/div>\n\n\t\t\t\t\t<div id=\"elementor-tab-content-2571\" class=\"elementor-tab-content elementor-clearfix\" data-tab=\"1\" role=\"region\" aria-labelledby=\"elementor-tab-title-2571\"><p style=\"text-align: left;\"><strong>Martes 28 de xunetu de 2026<\/strong><br \/><strong>de 10.00 a 14.00 y de 16.00 a 20.30<br \/><\/strong><em>Pa tolos p\u00fablicos<br \/>Entrada de baldre<br \/><\/em><\/p>\n<hr>\n<hr>\n<hr>\n<p>Sesi\u00f3n pr\u00e1ctica: El proyecto empieza con una caminata de reconocimiento en el entorno y la comunidad local invitando a participar todas las voces y perspectivas fortaleciendo el sentido de pertenencia e identidad de las comunidades.<\/p>\n<p>Sesi\u00f3n te\u00f3rica: Introducci\u00f3n a la fotograf\u00eda documental centrada en referentes fotogr\u00e1ficos como herramienta para observar, reinterpretar y preservar la memoria.<\/p>\n<\/div>\n\t\t\t\t<\/div>\n\t\t\t\t\t\t\t\t<\/div>\n\t\t\t\t\t\t<\/div>\n\t\t\t\t<\/div>\n\t\t\t\t\t<\/div>\n\t\t<\/div>\n\t\t\t\t<div class=\"elementor-column elementor-col-25 elementor-top-column elementor-element elementor-element-a60417d\" data-id=\"a60417d\" data-element_type=\"column\" data-e-type=\"column\" data-settings=\"{&quot;background_background&quot;:&quot;classic&quot;}\">\n\t\t\t<div class=\"elementor-widget-wrap elementor-element-populated\">\n\t\t\t\t\t\t<div class=\"elementor-element elementor-element-e4afca7 elementor-widget elementor-widget-image\" data-id=\"e4afca7\" data-element_type=\"widget\" data-e-type=\"widget\" data-widget_type=\"image.default\">\n\t\t\t\t<div class=\"elementor-widget-container\">\n\t\t\t\t\t\t\t\t\t\t\t\t\t\t\t\t<a href=\"https:\/\/labenefica.org\/ast\/la-bene-x-boyanka-kostava\/\">\n\t\t\t\t\t\t\t<img decoding=\"async\" src=\"https:\/\/labenefica.org\/wp-content\/uploads\/2026\/06\/BenexBoyanka-IG.jpg\" title=\"BenexBoyanka-IG\" alt=\"BenexBoyanka-IG\" loading=\"lazy\" \/>\t\t\t\t\t\t\t\t<\/a>\n\t\t\t\t\t\t\t\t\t\t\t\t\t\t\t<\/div>\n\t\t\t\t<\/div>\n\t\t\t\t<div class=\"elementor-element elementor-element-0986a68 elementor-widget elementor-widget-heading\" data-id=\"0986a68\" data-element_type=\"widget\" data-e-type=\"widget\" data-widget_type=\"heading.default\">\n\t\t\t\t<div class=\"elementor-widget-container\">\n\t\t\t\t\t<h3 class=\"elementor-heading-title elementor-size-default\">Domingu 26 de xunetu de 2026<\/h3>\t\t\t\t<\/div>\n\t\t\t\t<\/div>\n\t\t\t\t<div class=\"elementor-element elementor-element-4dcb9dc elementor-widget elementor-widget-heading\" data-id=\"4dcb9dc\" data-element_type=\"widget\" data-e-type=\"widget\" data-widget_type=\"heading.default\">\n\t\t\t\t<div class=\"elementor-widget-container\">\n\t\t\t\t\t<h3 class=\"elementor-heading-title elementor-size-default\">\u27a4 La Ben\u00e9fica de Pilo\u00f1a<\/h3>\t\t\t\t<\/div>\n\t\t\t\t<\/div>\n\t\t\t\t<div class=\"elementor-element elementor-element-b9ac332 elementor-widget elementor-widget-heading\" data-id=\"b9ac332\" data-element_type=\"widget\" data-e-type=\"widget\" data-widget_type=\"heading.default\">\n\t\t\t\t<div class=\"elementor-widget-container\">\n\t\t\t\t\t<h2 class=\"elementor-heading-title elementor-size-default\">La Ben\u00e9fica X<br \/>Boyanka Kostova<\/h2>\t\t\t\t<\/div>\n\t\t\t\t<\/div>\n\t\t\t\t<div class=\"elementor-element elementor-element-cf7fc84 elementor-widget elementor-widget-toggle\" data-id=\"cf7fc84\" data-element_type=\"widget\" data-e-type=\"widget\" data-widget_type=\"toggle.default\">\n\t\t\t\t<div class=\"elementor-widget-container\">\n\t\t\t\t\t\t\t<div class=\"elementor-toggle\">\n\t\t\t\t\t\t\t<div class=\"elementor-toggle-item\">\n\t\t\t\t\t<div id=\"elementor-tab-title-2171\" class=\"elementor-tab-title\" data-tab=\"1\" role=\"button\" aria-controls=\"elementor-tab-content-2171\" aria-expanded=\"false\">\n\t\t\t\t\t\t\t\t\t\t\t\t<span class=\"elementor-toggle-icon elementor-toggle-icon-right\" aria-hidden=\"true\">\n\t\t\t\t\t\t\t\t\t\t\t\t\t\t\t<span class=\"elementor-toggle-icon-closed\"><i class=\"fas fa-angle-double-down\"><\/i><\/span>\n\t\t\t\t\t\t\t\t<span class=\"elementor-toggle-icon-opened\"><i class=\"elementor-toggle-icon-opened fas fa-angle-double-up\"><\/i><\/span>\n\t\t\t\t\t\t\t\t\t\t\t\t\t<\/span>\n\t\t\t\t\t\t\t\t\t\t\t\t<a class=\"elementor-toggle-title\" tabindex=\"0\">+ INFO<\/a>\n\t\t\t\t\t<\/div>\n\n\t\t\t\t\t<div id=\"elementor-tab-content-2171\" class=\"elementor-tab-content elementor-clearfix\" data-tab=\"1\" role=\"region\" aria-labelledby=\"elementor-tab-title-2171\"><p style=\"text-align: left;\"><strong>Domingu 26 de xunetu de 2026<\/strong><br \/><strong>A les 22.00 (apertura 21.00)<br \/><\/strong><em>Pa tolos p\u00fablicos<br \/><span style=\"color: #3962ff;\"><strong><a style=\"color: #3962ff;\" href=\"https:\/\/labenefica.org\/ast\/la-bene-x-boyanka-kostava\/\">Entradas: 15\u20ac general \/ 12\u20ac amigues \/ 18\u20ac taquilla el mismo d\u00eda<\/a><\/strong><\/span><br \/><\/em><\/p>\n<hr>\n<hr>\n<hr>\n<p><strong>Conciertu d\u00e9cimu aniversariu del d\u00fao d\u2019urbatr\u00f3nica xabaz<\/strong><\/p>\n<p><span style=\"font-weight: 400;\">P<\/span><span style=\"font-weight: 400;\">ioneros del trap en gallegu, la so deriva hacia la electr\u00f3nica llev\u00f3-yos a convertise en referentes d\u2019una suerte d\u2019urbantr\u00f3nica xabaz.<\/span> <\/p>\n<p><span style=\"font-weight: 400;\">Nel 2026 celebren el d\u00e9cimu aniversariu, nel que van ofrecer una serie de conciertos especiales y acaben de publicar &#8220;X&#8221;, el s\u00e9ptimu y nuevu \u00e1lbum n\u2019abril, que van presentar tol a\u00f1u y que cuenta con collaboraciones d\u2019artistes como Joe Crep\u00fasculo. <\/span><\/p>\n<p>\ud83d\ude08\u200b Es\u00ed d\u00eda vamos abrir el nuestru <span style=\"font-weight: 400;\"><strong><a href=\"https:\/\/www.instagram.com\/chigre_lamalefica\/?hl=es\"><span style=\"color: #3962ff;\">Chigre La Mal\u00e9fica <\/span><\/a><\/strong><\/span>pa calentar enantes del conciertu<\/p>\n<\/div>\n\t\t\t\t<\/div>\n\t\t\t\t\t\t\t\t<\/div>\n\t\t\t\t\t\t<\/div>\n\t\t\t\t<\/div>\n\t\t\t\t\t<\/div>\n\t\t<\/div>\n\t\t\t\t<div class=\"elementor-column elementor-col-25 elementor-top-column elementor-element elementor-element-d8d1ee6\" data-id=\"d8d1ee6\" data-element_type=\"column\" data-e-type=\"column\" data-settings=\"{&quot;background_background&quot;:&quot;classic&quot;}\">\n\t\t\t<div class=\"elementor-widget-wrap elementor-element-populated\">\n\t\t\t\t\t\t<div class=\"elementor-element elementor-element-d0fd118 elementor-widget elementor-widget-image\" data-id=\"d0fd118\" data-element_type=\"widget\" data-e-type=\"widget\" data-widget_type=\"image.default\">\n\t\t\t\t<div class=\"elementor-widget-container\">\n\t\t\t\t\t\t\t\t\t\t\t\t\t\t\t<img decoding=\"async\" src=\"https:\/\/labenefica.org\/wp-content\/uploads\/2026\/06\/02-USF-26-IG.jpg\" title=\"02-USF-26-IG\" alt=\"02-USF-26-IG\" loading=\"lazy\" \/>\t\t\t\t\t\t\t\t\t\t\t\t\t\t\t<\/div>\n\t\t\t\t<\/div>\n\t\t\t\t<div class=\"elementor-element elementor-element-0b52312 elementor-widget elementor-widget-heading\" data-id=\"0b52312\" data-element_type=\"widget\" data-e-type=\"widget\" data-widget_type=\"heading.default\">\n\t\t\t\t<div class=\"elementor-widget-container\">\n\t\t\t\t\t<h3 class=\"elementor-heading-title elementor-size-default\">S\u00e1badu 18 de xunetu de 2026<\/h3>\t\t\t\t<\/div>\n\t\t\t\t<\/div>\n\t\t\t\t<div class=\"elementor-element elementor-element-dd0f20f elementor-widget elementor-widget-heading\" data-id=\"dd0f20f\" data-element_type=\"widget\" data-e-type=\"widget\" data-widget_type=\"heading.default\">\n\t\t\t\t<div class=\"elementor-widget-container\">\n\t\t\t\t\t<h3 class=\"elementor-heading-title elementor-size-default\">\u27a4 La Bilortera, Vegarrionda<\/h3>\t\t\t\t<\/div>\n\t\t\t\t<\/div>\n\t\t\t\t<div class=\"elementor-element elementor-element-463a00a elementor-widget elementor-widget-heading\" data-id=\"463a00a\" data-element_type=\"widget\" data-e-type=\"widget\" data-widget_type=\"heading.default\">\n\t\t\t\t<div class=\"elementor-widget-container\">\n\t\t\t\t\t<h2 class=\"elementor-heading-title elementor-size-default\">USF 26: Romer\u00eda<\/h2>\t\t\t\t<\/div>\n\t\t\t\t<\/div>\n\t\t\t\t<div class=\"elementor-element elementor-element-aa3b501 elementor-widget elementor-widget-toggle\" data-id=\"aa3b501\" data-element_type=\"widget\" data-e-type=\"widget\" data-widget_type=\"toggle.default\">\n\t\t\t\t<div class=\"elementor-widget-container\">\n\t\t\t\t\t\t\t<div class=\"elementor-toggle\">\n\t\t\t\t\t\t\t<div class=\"elementor-toggle-item\">\n\t\t\t\t\t<div id=\"elementor-tab-title-1781\" class=\"elementor-tab-title\" data-tab=\"1\" role=\"button\" aria-controls=\"elementor-tab-content-1781\" aria-expanded=\"false\">\n\t\t\t\t\t\t\t\t\t\t\t\t<span class=\"elementor-toggle-icon elementor-toggle-icon-right\" aria-hidden=\"true\">\n\t\t\t\t\t\t\t\t\t\t\t\t\t\t\t<span class=\"elementor-toggle-icon-closed\"><i class=\"fas fa-angle-double-down\"><\/i><\/span>\n\t\t\t\t\t\t\t\t<span class=\"elementor-toggle-icon-opened\"><i class=\"elementor-toggle-icon-opened fas fa-angle-double-up\"><\/i><\/span>\n\t\t\t\t\t\t\t\t\t\t\t\t\t<\/span>\n\t\t\t\t\t\t\t\t\t\t\t\t<a class=\"elementor-toggle-title\" tabindex=\"0\">+ INFO<\/a>\n\t\t\t\t\t<\/div>\n\n\t\t\t\t\t<div id=\"elementor-tab-content-1781\" class=\"elementor-tab-content elementor-clearfix\" data-tab=\"1\" role=\"region\" aria-labelledby=\"elementor-tab-title-1781\"><p style=\"text-align: left;\"><strong>S\u00e1badu 18 de xunetu de 2026<\/strong><br \/><strong>Dende les 12.00<br \/><\/strong><em>Pa tolos p\u00fablicos<br \/>Entrada de baldre<br \/><\/em><\/p>\n<hr>\n<hr>\n<hr>\n<p><strong>Concursos, xuegos, baille y sorpreses, nel prao La Bilortera, Vegarrionda<\/strong><\/p>\n<p><span style=\"font-weight: 400;\">El s\u00e1badu, como buenes se\u00f1ores, vamos cola ROMER\u00cdA. Invit\u00e1mosvos un a\u00f1u m\u00e1s a disfrutar d\u2019una fiesta de prau, un espaciu llibre pa gozar xuntos, ensin m\u00fasica amplificao, con concursos, xuegos, baille y sorpreses que nam\u00e1s pueden pasar n&#8217;Una Se\u00f1ora Fiesta. <\/span><\/p>\n<\/div>\n\t\t\t\t<\/div>\n\t\t\t\t\t\t\t\t<\/div>\n\t\t\t\t\t\t<\/div>\n\t\t\t\t<\/div>\n\t\t\t\t\t<\/div>\n\t\t<\/div>\n\t\t\t\t\t<\/div>\n\t\t<\/section>\n\t\t\t\t<section class=\"elementor-section elementor-top-section elementor-element elementor-element-9ce3ba1 elementor-section-full_width elementor-section-height-default elementor-section-height-default qodef-elementor-content-no\" data-id=\"9ce3ba1\" data-element_type=\"section\" data-e-type=\"section\">\n\t\t\t\t\t\t<div class=\"elementor-container elementor-column-gap-custom\">\n\t\t\t\t\t<div class=\"elementor-column elementor-col-25 elementor-top-column elementor-element elementor-element-2adc9c9\" data-id=\"2adc9c9\" data-element_type=\"column\" data-e-type=\"column\" data-settings=\"{&quot;background_background&quot;:&quot;classic&quot;}\">\n\t\t\t<div class=\"elementor-widget-wrap elementor-element-populated\">\n\t\t\t\t\t\t<div class=\"elementor-element elementor-element-8b74293 elementor-widget elementor-widget-image\" data-id=\"8b74293\" data-element_type=\"widget\" data-e-type=\"widget\" data-widget_type=\"image.default\">\n\t\t\t\t<div class=\"elementor-widget-container\">\n\t\t\t\t\t\t\t\t\t\t\t\t\t\t\t<img decoding=\"async\" src=\"https:\/\/labenefica.org\/wp-content\/uploads\/2026\/06\/Baile-Inivisible.jpg\" title=\"Baile-Inivisible\" alt=\"Baile-Inivisible\" loading=\"lazy\" \/>\t\t\t\t\t\t\t\t\t\t\t\t\t\t\t<\/div>\n\t\t\t\t<\/div>\n\t\t\t\t<div class=\"elementor-element elementor-element-a65e1e8 elementor-widget elementor-widget-heading\" data-id=\"a65e1e8\" data-element_type=\"widget\" data-e-type=\"widget\" data-widget_type=\"heading.default\">\n\t\t\t\t<div class=\"elementor-widget-container\">\n\t\t\t\t\t<h3 class=\"elementor-heading-title elementor-size-default\">S\u00e1badu 25 de xunetu de 2026<\/h3>\t\t\t\t<\/div>\n\t\t\t\t<\/div>\n\t\t\t\t<div class=\"elementor-element elementor-element-382300a elementor-widget elementor-widget-heading\" data-id=\"382300a\" data-element_type=\"widget\" data-e-type=\"widget\" data-widget_type=\"heading.default\">\n\t\t\t\t<div class=\"elementor-widget-container\">\n\t\t\t\t\t<h3 class=\"elementor-heading-title elementor-size-default\">\u27a4 La Ben\u00e9fica de Pilo\u00f1a<\/h3>\t\t\t\t<\/div>\n\t\t\t\t<\/div>\n\t\t\t\t<div class=\"elementor-element elementor-element-cad33ff elementor-widget elementor-widget-heading\" data-id=\"cad33ff\" data-element_type=\"widget\" data-e-type=\"widget\" data-widget_type=\"heading.default\">\n\t\t\t\t<div class=\"elementor-widget-container\">\n\t\t\t\t\t<h2 class=\"elementor-heading-title elementor-size-default\">Taller Bailando lo Invisible con las TORA<\/h2>\t\t\t\t<\/div>\n\t\t\t\t<\/div>\n\t\t\t\t<div class=\"elementor-element elementor-element-65ef5a9 elementor-widget elementor-widget-toggle\" data-id=\"65ef5a9\" data-element_type=\"widget\" data-e-type=\"widget\" data-widget_type=\"toggle.default\">\n\t\t\t\t<div class=\"elementor-widget-container\">\n\t\t\t\t\t\t\t<div class=\"elementor-toggle\">\n\t\t\t\t\t\t\t<div class=\"elementor-toggle-item\">\n\t\t\t\t\t<div id=\"elementor-tab-title-1061\" class=\"elementor-tab-title\" data-tab=\"1\" role=\"button\" aria-controls=\"elementor-tab-content-1061\" aria-expanded=\"false\">\n\t\t\t\t\t\t\t\t\t\t\t\t<span class=\"elementor-toggle-icon elementor-toggle-icon-right\" aria-hidden=\"true\">\n\t\t\t\t\t\t\t\t\t\t\t\t\t\t\t<span class=\"elementor-toggle-icon-closed\"><i class=\"fas fa-angle-double-down\"><\/i><\/span>\n\t\t\t\t\t\t\t\t<span class=\"elementor-toggle-icon-opened\"><i class=\"elementor-toggle-icon-opened fas fa-angle-double-up\"><\/i><\/span>\n\t\t\t\t\t\t\t\t\t\t\t\t\t<\/span>\n\t\t\t\t\t\t\t\t\t\t\t\t<a class=\"elementor-toggle-title\" tabindex=\"0\">+ INFO<\/a>\n\t\t\t\t\t<\/div>\n\n\t\t\t\t\t<div id=\"elementor-tab-content-1061\" class=\"elementor-tab-content elementor-clearfix\" data-tab=\"1\" role=\"region\" aria-labelledby=\"elementor-tab-title-1061\"><p style=\"text-align: left;\"><strong>S\u00e1badu 25 de xunetu de 2026<\/strong><br \/><strong>De 10.30 a 13.30<br \/><\/strong><em><span style=\"font-weight: 400;\">A par \u00a1tir de 16 a\u00f1os<\/span><br \/>Entrada de baldre con <strong><span style=\"color: #3962ff;\"><a style=\"color: #3962ff;\" href=\"https:\/\/forms.gle\/1zeqDsvmLs1UPVjs8\" target=\"_blank\" rel=\"noopener\">inscripci\u00f3n previa<\/a><\/span><\/strong><br \/><\/em><\/p>\n<hr>\n<hr>\n<hr>\n<p><span style=\"font-weight: 400;\">Volvemos a La Ben\u00e9fica a ofrecevos un alcuentru de movimientu inspir\u00e1u en La Luna de Hambre, una obra d\u2019artes esc\u00e9niques na que tamos trabayando dende la compa\u00f1\u00eda TORA.<br \/><\/span><\/p>\n<p><span style=\"font-weight: 400;\">Fainos muncha ilusi\u00f3n poder abrir les entra\u00f1es del procesu compartila con toes vosotres.<\/span><\/p>\n<p><span style=\"font-weight: 400;\">L\u2019alcuentru va desenvolvese en dos partes. Na primera, vamos abordar una  <\/span><i><span style=\"font-weight: 400;\">llegada al cuerpu<\/span><\/i><span style=\"font-weight: 400;\"> al travi\u00e9s d\u2019una gu\u00eda corporal, enfocando l\u2019atenci\u00f3n al cuerpu y a la memoria corporal. Na segunda parte, entramos nel universu de La Luna de Hambre, con din\u00e1miques creatives que van conectanos con otros saberes como la intuici\u00f3n, lo sensible, lo emocional, lo vulnerable y lo suxetivo. <\/span><\/p>\n<p><span style=\"font-weight: 400;\">Esti taller ta dirix\u00edu a toles persones, a partir de 16 a\u00f1os. Nun se precisa nenguna esperiencia previa. <\/span><\/p>\n<p><span style=\"font-weight: 400;\">Persones curioses, t\u00edmides y reinones de la pista, an\u00edmense<\/span><span style=\"font-weight: 400;\">\ud83d\udca6<\/span><\/p>\n<\/div>\n\t\t\t\t<\/div>\n\t\t\t\t\t\t\t\t<\/div>\n\t\t\t\t\t\t<\/div>\n\t\t\t\t<\/div>\n\t\t\t\t\t<\/div>\n\t\t<\/div>\n\t\t\t\t<div class=\"elementor-column elementor-col-25 elementor-top-column elementor-element elementor-element-13bdcc4\" data-id=\"13bdcc4\" data-element_type=\"column\" data-e-type=\"column\" data-settings=\"{&quot;background_background&quot;:&quot;classic&quot;}\">\n\t\t\t<div class=\"elementor-widget-wrap elementor-element-populated\">\n\t\t\t\t\t\t<div class=\"elementor-element elementor-element-ed8a959 elementor-widget elementor-widget-image\" data-id=\"ed8a959\" data-element_type=\"widget\" data-e-type=\"widget\" data-widget_type=\"image.default\">\n\t\t\t\t<div class=\"elementor-widget-container\">\n\t\t\t\t\t\t\t\t\t\t\t\t\t\t\t<img decoding=\"async\" src=\"https:\/\/labenefica.org\/wp-content\/uploads\/2026\/06\/01-USF-26-IG.jpg\" title=\"01-USF-26-IG\" alt=\"01-USF-26-IG\" loading=\"lazy\" \/>\t\t\t\t\t\t\t\t\t\t\t\t\t\t\t<\/div>\n\t\t\t\t<\/div>\n\t\t\t\t<div class=\"elementor-element elementor-element-dfa4355 elementor-widget elementor-widget-heading\" data-id=\"dfa4355\" data-element_type=\"widget\" data-e-type=\"widget\" data-widget_type=\"heading.default\">\n\t\t\t\t<div class=\"elementor-widget-container\">\n\t\t\t\t\t<h3 class=\"elementor-heading-title elementor-size-default\">Vienres 17 de xunetu de 2026<\/h3>\t\t\t\t<\/div>\n\t\t\t\t<\/div>\n\t\t\t\t<div class=\"elementor-element elementor-element-a4b6734 elementor-widget elementor-widget-heading\" data-id=\"a4b6734\" data-element_type=\"widget\" data-e-type=\"widget\" data-widget_type=\"heading.default\">\n\t\t\t\t<div class=\"elementor-widget-container\">\n\t\t\t\t\t<h3 class=\"elementor-heading-title elementor-size-default\">\u27a4 La Meredal (Maribel), Vegarrionda<\/h3>\t\t\t\t<\/div>\n\t\t\t\t<\/div>\n\t\t\t\t<div class=\"elementor-element elementor-element-026773b elementor-widget elementor-widget-heading\" data-id=\"026773b\" data-element_type=\"widget\" data-e-type=\"widget\" data-widget_type=\"heading.default\">\n\t\t\t\t<div class=\"elementor-widget-container\">\n\t\t\t\t\t<h2 class=\"elementor-heading-title elementor-size-default\">USF 26: Filand\u00f3n<\/h2>\t\t\t\t<\/div>\n\t\t\t\t<\/div>\n\t\t\t\t<div class=\"elementor-element elementor-element-ff13daa elementor-widget elementor-widget-toggle\" data-id=\"ff13daa\" data-element_type=\"widget\" data-e-type=\"widget\" data-widget_type=\"toggle.default\">\n\t\t\t\t<div class=\"elementor-widget-container\">\n\t\t\t\t\t\t\t<div class=\"elementor-toggle\">\n\t\t\t\t\t\t\t<div class=\"elementor-toggle-item\">\n\t\t\t\t\t<div id=\"elementor-tab-title-2671\" class=\"elementor-tab-title\" data-tab=\"1\" role=\"button\" aria-controls=\"elementor-tab-content-2671\" aria-expanded=\"false\">\n\t\t\t\t\t\t\t\t\t\t\t\t<span class=\"elementor-toggle-icon elementor-toggle-icon-right\" aria-hidden=\"true\">\n\t\t\t\t\t\t\t\t\t\t\t\t\t\t\t<span class=\"elementor-toggle-icon-closed\"><i class=\"fas fa-angle-double-down\"><\/i><\/span>\n\t\t\t\t\t\t\t\t<span class=\"elementor-toggle-icon-opened\"><i class=\"elementor-toggle-icon-opened fas fa-angle-double-up\"><\/i><\/span>\n\t\t\t\t\t\t\t\t\t\t\t\t\t<\/span>\n\t\t\t\t\t\t\t\t\t\t\t\t<a class=\"elementor-toggle-title\" tabindex=\"0\">+ INFO<\/a>\n\t\t\t\t\t<\/div>\n\n\t\t\t\t\t<div id=\"elementor-tab-content-2671\" class=\"elementor-tab-content elementor-clearfix\" data-tab=\"1\" role=\"region\" aria-labelledby=\"elementor-tab-title-2671\"><p style=\"text-align: left;\"><strong>Vienres 17 de xunetu de 2026<\/strong><br \/><strong>Dende de les 20.00<br \/><\/strong><em>Pa tolos p\u00fablicos<br \/>Entrada de baldre<br \/><\/em><\/p>\n<hr>\n<hr>\n<hr>\n<p><strong>Cuentos, histories y cantares alredor del fueu, en La Meredal, Vegarrionda<\/strong><\/p>\n<p><span style=\"font-weight: 400;\">El vienres 17 vamos tener una nueche mui especial y \u00edntima, na que vamos xuntanos pa escuchar cuentos, histories y cantares alredor del fueu, evocando la maxa d\u2019eses reuniones que lleguen a ser tan importantes que tienen el so propiu nome: Filand\u00f3n.<\/span><\/p>\n<\/div>\n\t\t\t\t<\/div>\n\t\t\t\t\t\t\t\t<\/div>\n\t\t\t\t\t\t<\/div>\n\t\t\t\t<\/div>\n\t\t\t\t\t<\/div>\n\t\t<\/div>\n\t\t\t\t<div class=\"elementor-column elementor-col-25 elementor-top-column elementor-element elementor-element-65bdac6\" data-id=\"65bdac6\" data-element_type=\"column\" data-e-type=\"column\" data-settings=\"{&quot;background_background&quot;:&quot;classic&quot;}\">\n\t\t\t<div class=\"elementor-widget-wrap elementor-element-populated\">\n\t\t\t\t\t\t<div class=\"elementor-element elementor-element-eedc329 elementor-widget elementor-widget-image\" data-id=\"eedc329\" data-element_type=\"widget\" data-e-type=\"widget\" data-widget_type=\"image.default\">\n\t\t\t\t<div class=\"elementor-widget-container\">\n\t\t\t\t\t\t\t\t\t\t\t\t\t\t\t<img decoding=\"async\" src=\"https:\/\/labenefica.org\/wp-content\/uploads\/2026\/06\/11J-Sergi.jpg\" title=\"11J-Sergi\" alt=\"11J-Sergi\" loading=\"lazy\" \/>\t\t\t\t\t\t\t\t\t\t\t\t\t\t\t<\/div>\n\t\t\t\t<\/div>\n\t\t\t\t<div class=\"elementor-element elementor-element-52c3fa6 elementor-widget elementor-widget-heading\" data-id=\"52c3fa6\" data-element_type=\"widget\" data-e-type=\"widget\" data-widget_type=\"heading.default\">\n\t\t\t\t<div class=\"elementor-widget-container\">\n\t\t\t\t\t<h3 class=\"elementor-heading-title elementor-size-default\">S\u00e1badu 11 de xunetu de 2026<\/h3>\t\t\t\t<\/div>\n\t\t\t\t<\/div>\n\t\t\t\t<div class=\"elementor-element elementor-element-da8650c elementor-widget elementor-widget-heading\" data-id=\"da8650c\" data-element_type=\"widget\" data-e-type=\"widget\" data-widget_type=\"heading.default\">\n\t\t\t\t<div class=\"elementor-widget-container\">\n\t\t\t\t\t<h3 class=\"elementor-heading-title elementor-size-default\">\u27a4 La Ben\u00e9fica de Pilo\u00f1a<\/h3>\t\t\t\t<\/div>\n\t\t\t\t<\/div>\n\t\t\t\t<div class=\"elementor-element elementor-element-5894c7a elementor-widget elementor-widget-heading\" data-id=\"5894c7a\" data-element_type=\"widget\" data-e-type=\"widget\" data-widget_type=\"heading.default\">\n\t\t\t\t<div class=\"elementor-widget-container\">\n\t\t\t\t\t<h2 class=\"elementor-heading-title elementor-size-default\">N\u2019Alcordanza<br \/>de Sergi Mart\u00ed<\/h2>\t\t\t\t<\/div>\n\t\t\t\t<\/div>\n\t\t\t\t<div class=\"elementor-element elementor-element-4707f79 elementor-widget elementor-widget-toggle\" data-id=\"4707f79\" data-element_type=\"widget\" data-e-type=\"widget\" data-widget_type=\"toggle.default\">\n\t\t\t\t<div class=\"elementor-widget-container\">\n\t\t\t\t\t\t\t<div class=\"elementor-toggle\">\n\t\t\t\t\t\t\t<div class=\"elementor-toggle-item\">\n\t\t\t\t\t<div id=\"elementor-tab-title-7441\" class=\"elementor-tab-title\" data-tab=\"1\" role=\"button\" aria-controls=\"elementor-tab-content-7441\" aria-expanded=\"false\">\n\t\t\t\t\t\t\t\t\t\t\t\t<span class=\"elementor-toggle-icon elementor-toggle-icon-right\" aria-hidden=\"true\">\n\t\t\t\t\t\t\t\t\t\t\t\t\t\t\t<span class=\"elementor-toggle-icon-closed\"><i class=\"fas fa-angle-double-down\"><\/i><\/span>\n\t\t\t\t\t\t\t\t<span class=\"elementor-toggle-icon-opened\"><i class=\"elementor-toggle-icon-opened fas fa-angle-double-up\"><\/i><\/span>\n\t\t\t\t\t\t\t\t\t\t\t\t\t<\/span>\n\t\t\t\t\t\t\t\t\t\t\t\t<a class=\"elementor-toggle-title\" tabindex=\"0\">+ INFO<\/a>\n\t\t\t\t\t<\/div>\n\n\t\t\t\t\t<div id=\"elementor-tab-content-7441\" class=\"elementor-tab-content elementor-clearfix\" data-tab=\"1\" role=\"region\" aria-labelledby=\"elementor-tab-title-7441\"><p style=\"text-align: left;\"><strong>S\u00e1badu 11 de xunetu de 2026<\/strong><br \/><strong>De 12.00 a 16.00<br \/><\/strong><em>Pa tolos p\u00fablicos<br \/>Entrada de baldre<br \/><\/em><\/p>\n<hr>\n<hr>\n<hr>\n<p><strong>Xuntanza pa recordar y celebrar al nuestru amigu, compa\u00f1eru y amor, Sergi Mart\u00ed.<\/strong><\/p>\n<p><span style=\"font-weight: 400;\">Esti 11 de xunetu, de 12h de la ma\u00f1ana a les 16h de la tarde, vamos xuntanos pa recordar y celebrar al nuestru amigu, compa\u00f1eru y amor, Sergi Mart\u00ed.<\/span><\/p>\n<p><span style=\"font-weight: 400;\">El alcuentru va ser en La Ben\u00e9fica, el proyectu que con tanto amor ayud\u00f3 a llevantar. Va ser un espaciu abiertu a tol mundu que quiera averase. <\/span><\/p>\n<\/div>\n\t\t\t\t<\/div>\n\t\t\t\t\t\t\t\t<\/div>\n\t\t\t\t\t\t<\/div>\n\t\t\t\t<\/div>\n\t\t\t\t\t<\/div>\n\t\t<\/div>\n\t\t\t\t<div class=\"elementor-column elementor-col-25 elementor-top-column elementor-element elementor-element-80448b3\" data-id=\"80448b3\" data-element_type=\"column\" data-e-type=\"column\" data-settings=\"{&quot;background_background&quot;:&quot;classic&quot;}\">\n\t\t\t<div class=\"elementor-widget-wrap elementor-element-populated\">\n\t\t\t\t\t\t<div class=\"elementor-element elementor-element-9bef803 elementor-widget elementor-widget-image\" data-id=\"9bef803\" data-element_type=\"widget\" data-e-type=\"widget\" data-widget_type=\"image.default\">\n\t\t\t\t<div class=\"elementor-widget-container\">\n\t\t\t\t\t\t\t\t\t\t\t\t\t\t\t\t<a href=\"https:\/\/labenefica.org\/ast\/la-bene-x-bewis-de-la-rosa\/\">\n\t\t\t\t\t\t\t<img decoding=\"async\" src=\"https:\/\/labenefica.org\/wp-content\/uploads\/2026\/06\/3J-Bewis-IG-3.jpg\" title=\"3J-Bewis-IG\" alt=\"3J-Bewis-IG\" loading=\"lazy\" \/>\t\t\t\t\t\t\t\t<\/a>\n\t\t\t\t\t\t\t\t\t\t\t\t\t\t\t<\/div>\n\t\t\t\t<\/div>\n\t\t\t\t<div class=\"elementor-element elementor-element-01ec81c elementor-widget elementor-widget-heading\" data-id=\"01ec81c\" data-element_type=\"widget\" data-e-type=\"widget\" data-widget_type=\"heading.default\">\n\t\t\t\t<div class=\"elementor-widget-container\">\n\t\t\t\t\t<h3 class=\"elementor-heading-title elementor-size-default\">Vienres 3 de xunetu de 2026<\/h3>\t\t\t\t<\/div>\n\t\t\t\t<\/div>\n\t\t\t\t<div class=\"elementor-element elementor-element-6342600 elementor-widget elementor-widget-heading\" data-id=\"6342600\" data-element_type=\"widget\" data-e-type=\"widget\" data-widget_type=\"heading.default\">\n\t\t\t\t<div class=\"elementor-widget-container\">\n\t\t\t\t\t<h3 class=\"elementor-heading-title elementor-size-default\">\u27a4 La Ben\u00e9fica de Pilo\u00f1a<\/h3>\t\t\t\t<\/div>\n\t\t\t\t<\/div>\n\t\t\t\t<div class=\"elementor-element elementor-element-e08ecaf elementor-widget elementor-widget-heading\" data-id=\"e08ecaf\" data-element_type=\"widget\" data-e-type=\"widget\" data-widget_type=\"heading.default\">\n\t\t\t\t<div class=\"elementor-widget-container\">\n\t\t\t\t\t<h2 class=\"elementor-heading-title elementor-size-default\">La Ben\u00e9fica X<br \/>Bewis de la Rosa<\/h2>\t\t\t\t<\/div>\n\t\t\t\t<\/div>\n\t\t\t\t<div class=\"elementor-element elementor-element-19098b4 elementor-widget elementor-widget-toggle\" data-id=\"19098b4\" data-element_type=\"widget\" data-e-type=\"widget\" data-widget_type=\"toggle.default\">\n\t\t\t\t<div class=\"elementor-widget-container\">\n\t\t\t\t\t\t\t<div class=\"elementor-toggle\">\n\t\t\t\t\t\t\t<div class=\"elementor-toggle-item\">\n\t\t\t\t\t<div id=\"elementor-tab-title-2621\" class=\"elementor-tab-title\" data-tab=\"1\" role=\"button\" aria-controls=\"elementor-tab-content-2621\" aria-expanded=\"false\">\n\t\t\t\t\t\t\t\t\t\t\t\t<span class=\"elementor-toggle-icon elementor-toggle-icon-right\" aria-hidden=\"true\">\n\t\t\t\t\t\t\t\t\t\t\t\t\t\t\t<span class=\"elementor-toggle-icon-closed\"><i class=\"fas fa-angle-double-down\"><\/i><\/span>\n\t\t\t\t\t\t\t\t<span class=\"elementor-toggle-icon-opened\"><i class=\"elementor-toggle-icon-opened fas fa-angle-double-up\"><\/i><\/span>\n\t\t\t\t\t\t\t\t\t\t\t\t\t<\/span>\n\t\t\t\t\t\t\t\t\t\t\t\t<a class=\"elementor-toggle-title\" tabindex=\"0\">+ INFO<\/a>\n\t\t\t\t\t<\/div>\n\n\t\t\t\t\t<div id=\"elementor-tab-content-2621\" class=\"elementor-tab-content elementor-clearfix\" data-tab=\"1\" role=\"region\" aria-labelledby=\"elementor-tab-title-2621\"><p style=\"text-align: left;\"><strong>Vienres 3 de xunetude 2026<\/strong><br \/><strong>A les 21.00 (apertura 20.00)<br \/><\/strong><em>Pa tolos p\u00fablicos<br \/><span style=\"color: #3962ff;\"><strong><a style=\"color: #3962ff;\" href=\"https:\/\/labenefica.org\/ast\/la-bene-x-bewis-de-la-rosa\/\">Entraes: 15\u20ac xeneral \/ 12\u20ac amigues \/ 18\u20ac taquilla&#8217;l mesmu d\u00eda<\/a><\/strong><\/span><br \/><\/em><\/p>\n<hr>\n<hr>\n<hr>\n<p><strong>Conciertu &lt;Rap Rural&gt; y pinch\u00e1 de DJ por confirmar<\/strong><\/p>\n<p>Bewis de la Rosa trai el so Rap Rural a L&#8217;Infiestu. Un directu conmovedor onde m\u00fasica, danza y performance s&#8217;entellacen con elementos del rap, hip-hop y folclore, y unes lletres cargaes de discursu: la tierra, el raiga\u00f1u y l&#8217;amor como motor de tresformaci\u00f3n. Un torbell\u00edn nel escenariu que nun vas escaecer.  <\/p>\n<p>\ud83c\udfa7 Sesi\u00f3n DJ con DJ Killaphon\u00eda dempu\u00e9s del conciertu.<\/p>\n<\/div>\n\t\t\t\t<\/div>\n\t\t\t\t\t\t\t\t<\/div>\n\t\t\t\t\t\t<\/div>\n\t\t\t\t<\/div>\n\t\t\t\t\t<\/div>\n\t\t<\/div>\n\t\t\t\t\t<\/div>\n\t\t<\/section>\n\t\t\t\t<section class=\"elementor-section elementor-top-section elementor-element elementor-element-408acc1 elementor-section-full_width elementor-section-height-default elementor-section-height-default qodef-elementor-content-no\" data-id=\"408acc1\" data-element_type=\"section\" data-e-type=\"section\">\n\t\t\t\t\t\t<div class=\"elementor-container elementor-column-gap-custom\">\n\t\t\t\t\t<div class=\"elementor-column elementor-col-25 elementor-top-column elementor-element elementor-element-5b6be10\" data-id=\"5b6be10\" data-element_type=\"column\" data-e-type=\"column\" data-settings=\"{&quot;background_background&quot;:&quot;classic&quot;}\">\n\t\t\t<div class=\"elementor-widget-wrap elementor-element-populated\">\n\t\t\t\t\t\t<div class=\"elementor-element elementor-element-bf6a16e elementor-widget elementor-widget-image\" data-id=\"bf6a16e\" data-element_type=\"widget\" data-e-type=\"widget\" data-widget_type=\"image.default\">\n\t\t\t\t<div class=\"elementor-widget-container\">\n\t\t\t\t\t\t\t\t\t\t\t\t\t\t\t<img decoding=\"async\" src=\"https:\/\/labenefica.org\/wp-content\/uploads\/2026\/05\/28J-Baile-IG.jpg\" title=\"28J-Baile-IG\" alt=\"28J-Baile-IG\" loading=\"lazy\" \/>\t\t\t\t\t\t\t\t\t\t\t\t\t\t\t<\/div>\n\t\t\t\t<\/div>\n\t\t\t\t<div class=\"elementor-element elementor-element-9ed0428 elementor-widget elementor-widget-heading\" data-id=\"9ed0428\" data-element_type=\"widget\" data-e-type=\"widget\" data-widget_type=\"heading.default\">\n\t\t\t\t<div class=\"elementor-widget-container\">\n\t\t\t\t\t<h3 class=\"elementor-heading-title elementor-size-default\">Domingu 28 de xunu de 2026<\/h3>\t\t\t\t<\/div>\n\t\t\t\t<\/div>\n\t\t\t\t<div class=\"elementor-element elementor-element-ee8f5fd elementor-widget elementor-widget-heading\" data-id=\"ee8f5fd\" data-element_type=\"widget\" data-e-type=\"widget\" data-widget_type=\"heading.default\">\n\t\t\t\t<div class=\"elementor-widget-container\">\n\t\t\t\t\t<h3 class=\"elementor-heading-title elementor-size-default\">\u27a4 La Ben\u00e9fica de Pilo\u00f1a<\/h3>\t\t\t\t<\/div>\n\t\t\t\t<\/div>\n\t\t\t\t<div class=\"elementor-element elementor-element-ed304a4 elementor-widget elementor-widget-heading\" data-id=\"ed304a4\" data-element_type=\"widget\" data-e-type=\"widget\" data-widget_type=\"heading.default\">\n\t\t\t\t<div class=\"elementor-widget-container\">\n\t\t\t\t\t<h2 class=\"elementor-heading-title elementor-size-default\">\u00a1As\u00ed se baila!\nEspecial Tangu<\/h2>\t\t\t\t<\/div>\n\t\t\t\t<\/div>\n\t\t\t\t<div class=\"elementor-element elementor-element-8dc60d1 elementor-widget elementor-widget-toggle\" data-id=\"8dc60d1\" data-element_type=\"widget\" data-e-type=\"widget\" data-widget_type=\"toggle.default\">\n\t\t\t\t<div class=\"elementor-widget-container\">\n\t\t\t\t\t\t\t<div class=\"elementor-toggle\">\n\t\t\t\t\t\t\t<div class=\"elementor-toggle-item\">\n\t\t\t\t\t<div id=\"elementor-tab-title-1481\" class=\"elementor-tab-title\" data-tab=\"1\" role=\"button\" aria-controls=\"elementor-tab-content-1481\" aria-expanded=\"false\">\n\t\t\t\t\t\t\t\t\t\t\t\t<span class=\"elementor-toggle-icon elementor-toggle-icon-right\" aria-hidden=\"true\">\n\t\t\t\t\t\t\t\t\t\t\t\t\t\t\t<span class=\"elementor-toggle-icon-closed\"><i class=\"fas fa-angle-double-down\"><\/i><\/span>\n\t\t\t\t\t\t\t\t<span class=\"elementor-toggle-icon-opened\"><i class=\"elementor-toggle-icon-opened fas fa-angle-double-up\"><\/i><\/span>\n\t\t\t\t\t\t\t\t\t\t\t\t\t<\/span>\n\t\t\t\t\t\t\t\t\t\t\t\t<a class=\"elementor-toggle-title\" tabindex=\"0\">+ INFO<\/a>\n\t\t\t\t\t<\/div>\n\n\t\t\t\t\t<div id=\"elementor-tab-content-1481\" class=\"elementor-tab-content elementor-clearfix\" data-tab=\"1\" role=\"region\" aria-labelledby=\"elementor-tab-title-1481\"><p><strong>Domingu 28 de xunu de 2026<\/strong><br \/><strong>A les 18.00 (apertura 17.30)<br \/><\/strong><em>Pa tolos p\u00fablicos<br \/>Entrada de baldre<br \/><\/em><\/p>\n<hr>\n<hr>\n<hr>\n<p><strong>Especial Tangu con Alejandro Regine y David Merl\u00edn de Loca Bohemia<\/strong><\/p>\n<p>Esti mes, el baille que vos proponemos ye un poco diferente, \u00a1vamos tener un domingu tangueru! Vamos bailar con Alejandro Regine, que nos va dar una clase abierta a tol mundu pa que podamos esfrutar xunta y bailar esta m\u00fasica sensual. A les 18h va ser la clase, y a les 19h ya va entamar el conciertu de Loca Bohemia, banda chul\u00edsima que va amenizanos el men\u00e9u. Va haber empanada y rifa, pa esfrutar esta tarde bailonga, \u00a1ven a gozalo!   <\/p>\n<\/div>\n\t\t\t\t<\/div>\n\t\t\t\t\t\t\t\t<\/div>\n\t\t\t\t\t\t<\/div>\n\t\t\t\t<\/div>\n\t\t\t\t\t<\/div>\n\t\t<\/div>\n\t\t\t\t<div class=\"elementor-column elementor-col-25 elementor-top-column elementor-element elementor-element-d7a3448\" data-id=\"d7a3448\" data-element_type=\"column\" data-e-type=\"column\" data-settings=\"{&quot;background_background&quot;:&quot;classic&quot;}\">\n\t\t\t<div class=\"elementor-widget-wrap elementor-element-populated\">\n\t\t\t\t\t\t<div class=\"elementor-element elementor-element-4c9122e elementor-widget elementor-widget-image\" data-id=\"4c9122e\" data-element_type=\"widget\" data-e-type=\"widget\" data-widget_type=\"image.default\">\n\t\t\t\t<div class=\"elementor-widget-container\">\n\t\t\t\t\t\t\t\t\t\t\t\t\t\t\t<img decoding=\"async\" src=\"https:\/\/labenefica.org\/wp-content\/uploads\/2026\/04\/LEstame.jpg\" title=\"LEstame\" alt=\"LEstame\" loading=\"lazy\" \/>\t\t\t\t\t\t\t\t\t\t\t\t\t\t\t<\/div>\n\t\t\t\t<\/div>\n\t\t\t\t<div class=\"elementor-element elementor-element-5b9d65f elementor-widget elementor-widget-heading\" data-id=\"5b9d65f\" data-element_type=\"widget\" data-e-type=\"widget\" data-widget_type=\"heading.default\">\n\t\t\t\t<div class=\"elementor-widget-container\">\n\t\t\t\t\t<h3 class=\"elementor-heading-title elementor-size-default\">Mi\u00e9rcoles 17 de xunu de 2026<\/h3>\t\t\t\t<\/div>\n\t\t\t\t<\/div>\n\t\t\t\t<div class=\"elementor-element elementor-element-5c08756 elementor-widget elementor-widget-heading\" data-id=\"5c08756\" data-element_type=\"widget\" data-e-type=\"widget\" data-widget_type=\"heading.default\">\n\t\t\t\t<div class=\"elementor-widget-container\">\n\t\t\t\t\t<h3 class=\"elementor-heading-title elementor-size-default\">\u27a4 La Ben\u00e9fica de Pilo\u00f1a<\/h3>\t\t\t\t<\/div>\n\t\t\t\t<\/div>\n\t\t\t\t<div class=\"elementor-element elementor-element-8daaa8e elementor-widget elementor-widget-heading\" data-id=\"8daaa8e\" data-element_type=\"widget\" data-e-type=\"widget\" data-widget_type=\"heading.default\">\n\t\t\t\t<div class=\"elementor-widget-container\">\n\t\t\t\t\t<h2 class=\"elementor-heading-title elementor-size-default\">\u201cProhibido suicidarse<br \/>en Primavera \u201d de Alejandro Casona<\/h2>\t\t\t\t<\/div>\n\t\t\t\t<\/div>\n\t\t\t\t<div class=\"elementor-element elementor-element-1db5abe elementor-widget elementor-widget-toggle\" data-id=\"1db5abe\" data-element_type=\"widget\" data-e-type=\"widget\" data-widget_type=\"toggle.default\">\n\t\t\t\t<div class=\"elementor-widget-container\">\n\t\t\t\t\t\t\t<div class=\"elementor-toggle\">\n\t\t\t\t\t\t\t<div class=\"elementor-toggle-item\">\n\t\t\t\t\t<div id=\"elementor-tab-title-3111\" class=\"elementor-tab-title\" data-tab=\"1\" role=\"button\" aria-controls=\"elementor-tab-content-3111\" aria-expanded=\"false\">\n\t\t\t\t\t\t\t\t\t\t\t\t<span class=\"elementor-toggle-icon elementor-toggle-icon-right\" aria-hidden=\"true\">\n\t\t\t\t\t\t\t\t\t\t\t\t\t\t\t<span class=\"elementor-toggle-icon-closed\"><i class=\"fas fa-angle-double-down\"><\/i><\/span>\n\t\t\t\t\t\t\t\t<span class=\"elementor-toggle-icon-opened\"><i class=\"elementor-toggle-icon-opened fas fa-angle-double-up\"><\/i><\/span>\n\t\t\t\t\t\t\t\t\t\t\t\t\t<\/span>\n\t\t\t\t\t\t\t\t\t\t\t\t<a class=\"elementor-toggle-title\" tabindex=\"0\">+ INFO<\/a>\n\t\t\t\t\t<\/div>\n\n\t\t\t\t\t<div id=\"elementor-tab-content-3111\" class=\"elementor-tab-content elementor-clearfix\" data-tab=\"1\" role=\"region\" aria-labelledby=\"elementor-tab-title-3111\"><p><strong>Mi\u00e9rcoles 17 de xunu de 2026<\/strong><br \/><strong>A les 19.00 (apertura 18.30)<br \/><\/strong><em>Pa tolos p\u00fablicos<br \/>Entrada de baldre<br \/><\/em><\/p>\n<hr>\n<hr>\n<hr>\n<p><strong>Col grupo de teatru del IES Rey Pelayo de Cangues d\u2019On\u00eds<\/strong><\/p>\n<p><span style=\"font-weight: 400;\">La Casa del Suicida ye\u2019l sitiu perfectu p\u2019aquellos que perdieron el rumbu na vida. La Doctora Roda, la so ayudante Menchu y los sos cuestionables metodolox\u00edes van intentar facer que los g\u00fc\u00e9soedes de la Casa s\u2019atopen meyor.  El grupu de teatru del IES Rey Pelayo ofrez la so visi\u00f3n de &#8220;Prohibido suicidarse en Primavera&#8221;, la obra d\u2019Alejandro Casona. <\/span><\/p>\n<\/div>\n\t\t\t\t<\/div>\n\t\t\t\t\t\t\t\t<\/div>\n\t\t\t\t\t\t<\/div>\n\t\t\t\t<\/div>\n\t\t\t\t\t<\/div>\n\t\t<\/div>\n\t\t\t\t<div class=\"elementor-column elementor-col-25 elementor-top-column elementor-element elementor-element-87ae5c2\" data-id=\"87ae5c2\" data-element_type=\"column\" data-e-type=\"column\" data-settings=\"{&quot;background_background&quot;:&quot;classic&quot;}\">\n\t\t\t<div class=\"elementor-widget-wrap elementor-element-populated\">\n\t\t\t\t\t\t<div class=\"elementor-element elementor-element-a3c42cd elementor-widget elementor-widget-image\" data-id=\"a3c42cd\" data-element_type=\"widget\" data-e-type=\"widget\" data-widget_type=\"image.default\">\n\t\t\t\t<div class=\"elementor-widget-container\">\n\t\t\t\t\t\t\t\t\t\t\t\t\t\t\t<img decoding=\"async\" src=\"https:\/\/labenefica.org\/wp-content\/uploads\/2026\/05\/Bandes.jpg\" title=\"Bandes\" alt=\"Bandes\" loading=\"lazy\" \/>\t\t\t\t\t\t\t\t\t\t\t\t\t\t\t<\/div>\n\t\t\t\t<\/div>\n\t\t\t\t<div class=\"elementor-element elementor-element-e42cfce elementor-widget elementor-widget-heading\" data-id=\"e42cfce\" data-element_type=\"widget\" data-e-type=\"widget\" data-widget_type=\"heading.default\">\n\t\t\t\t<div class=\"elementor-widget-container\">\n\t\t\t\t\t<h3 class=\"elementor-heading-title elementor-size-default\">Vienres 12 de xunu de 2026<\/h3>\t\t\t\t<\/div>\n\t\t\t\t<\/div>\n\t\t\t\t<div class=\"elementor-element elementor-element-db1a4b4 elementor-widget elementor-widget-heading\" data-id=\"db1a4b4\" data-element_type=\"widget\" data-e-type=\"widget\" data-widget_type=\"heading.default\">\n\t\t\t\t<div class=\"elementor-widget-container\">\n\t\t\t\t\t<h3 class=\"elementor-heading-title elementor-size-default\">\u27a4 La Ben\u00e9fica de Pilo\u00f1a<\/h3>\t\t\t\t<\/div>\n\t\t\t\t<\/div>\n\t\t\t\t<div class=\"elementor-element elementor-element-5be876c elementor-widget elementor-widget-heading\" data-id=\"5be876c\" data-element_type=\"widget\" data-e-type=\"widget\" data-widget_type=\"heading.default\">\n\t\t\t\t<div class=\"elementor-widget-container\">\n\t\t\t\t\t<h2 class=\"elementor-heading-title elementor-size-default\">Alcuentru de Bandes<br \/>por San Antonio<\/h2>\t\t\t\t<\/div>\n\t\t\t\t<\/div>\n\t\t\t\t<div class=\"elementor-element elementor-element-64f955c elementor-widget elementor-widget-toggle\" data-id=\"64f955c\" data-element_type=\"widget\" data-e-type=\"widget\" data-widget_type=\"toggle.default\">\n\t\t\t\t<div class=\"elementor-widget-container\">\n\t\t\t\t\t\t\t<div class=\"elementor-toggle\">\n\t\t\t\t\t\t\t<div class=\"elementor-toggle-item\">\n\t\t\t\t\t<div id=\"elementor-tab-title-1051\" class=\"elementor-tab-title\" data-tab=\"1\" role=\"button\" aria-controls=\"elementor-tab-content-1051\" aria-expanded=\"false\">\n\t\t\t\t\t\t\t\t\t\t\t\t<span class=\"elementor-toggle-icon elementor-toggle-icon-right\" aria-hidden=\"true\">\n\t\t\t\t\t\t\t\t\t\t\t\t\t\t\t<span class=\"elementor-toggle-icon-closed\"><i class=\"fas fa-angle-double-down\"><\/i><\/span>\n\t\t\t\t\t\t\t\t<span class=\"elementor-toggle-icon-opened\"><i class=\"elementor-toggle-icon-opened fas fa-angle-double-up\"><\/i><\/span>\n\t\t\t\t\t\t\t\t\t\t\t\t\t<\/span>\n\t\t\t\t\t\t\t\t\t\t\t\t<a class=\"elementor-toggle-title\" tabindex=\"0\">+ INFO<\/a>\n\t\t\t\t\t<\/div>\n\n\t\t\t\t\t<div id=\"elementor-tab-content-1051\" class=\"elementor-tab-content elementor-clearfix\" data-tab=\"1\" role=\"region\" aria-labelledby=\"elementor-tab-title-1051\"><p><strong>Vienres 12 de xunu de 2026<\/strong><br \/><strong>A les 19.30<br \/><\/strong><em>Pa tolos p\u00fablicos<br \/>Entrada de baldre<br \/><\/em><\/p>\n<hr>\n<hr>\n<hr>\n<p><strong>Cola Asociaci\u00f3n Pilo\u00f1esa Musical \u201cDe la Fuente\u201d y la Agrupaci\u00f3n da Escola Municipal de M\u00fasica de Rois (A Coru\u00f1a)<\/strong><\/p>\n<p><span style=\"font-weight: 400;\">Como parte de les celebraciones de San Antonio en L\u2019Infiestu, esti 12 de xunu vamos celebrar cola Asociaci\u00f3n Pilo\u00f1esa Musical \u201cDe la Fuente\u201d y la Agrupaci\u00f3n da Escola Municipal de M\u00fasica de Rois (A Coru\u00f1a) un alcuentru de bandes mui guapu.<\/span><\/p>\n<\/div>\n\t\t\t\t<\/div>\n\t\t\t\t\t\t\t\t<\/div>\n\t\t\t\t\t\t<\/div>\n\t\t\t\t<\/div>\n\t\t\t\t\t<\/div>\n\t\t<\/div>\n\t\t\t\t<div class=\"elementor-column elementor-col-25 elementor-top-column elementor-element elementor-element-fcd2751\" data-id=\"fcd2751\" data-element_type=\"column\" data-e-type=\"column\" data-settings=\"{&quot;background_background&quot;:&quot;classic&quot;}\">\n\t\t\t<div class=\"elementor-widget-wrap elementor-element-populated\">\n\t\t\t\t\t\t<div class=\"elementor-element elementor-element-f8791f5 elementor-widget elementor-widget-image\" data-id=\"f8791f5\" data-element_type=\"widget\" data-e-type=\"widget\" data-widget_type=\"image.default\">\n\t\t\t\t<div class=\"elementor-widget-container\">\n\t\t\t\t\t\t\t\t\t\t\t\t\t\t\t<img decoding=\"async\" src=\"https:\/\/labenefica.org\/wp-content\/uploads\/2026\/05\/01-Folixa-Centenariu-IG.jpg\" title=\"01-Folixa-Centenariu-IG\" alt=\"01-Folixa-Centenariu-IG\" loading=\"lazy\" \/>\t\t\t\t\t\t\t\t\t\t\t\t\t\t\t<\/div>\n\t\t\t\t<\/div>\n\t\t\t\t<div class=\"elementor-element elementor-element-e255dcc elementor-widget elementor-widget-heading\" data-id=\"e255dcc\" data-element_type=\"widget\" data-e-type=\"widget\" data-widget_type=\"heading.default\">\n\t\t\t\t<div class=\"elementor-widget-container\">\n\t\t\t\t\t<h3 class=\"elementor-heading-title elementor-size-default\">S\u00e1badu 6 de xunu de 2026<\/h3>\t\t\t\t<\/div>\n\t\t\t\t<\/div>\n\t\t\t\t<div class=\"elementor-element elementor-element-7c24add elementor-widget elementor-widget-heading\" data-id=\"7c24add\" data-element_type=\"widget\" data-e-type=\"widget\" data-widget_type=\"heading.default\">\n\t\t\t\t<div class=\"elementor-widget-container\">\n\t\t\t\t\t<h3 class=\"elementor-heading-title elementor-size-default\">\u27a4 La Ben\u00e9fica de Pilo\u00f1a<\/h3>\t\t\t\t<\/div>\n\t\t\t\t<\/div>\n\t\t\t\t<div class=\"elementor-element elementor-element-2d9b68e elementor-widget elementor-widget-heading\" data-id=\"2d9b68e\" data-element_type=\"widget\" data-e-type=\"widget\" data-widget_type=\"heading.default\">\n\t\t\t\t<div class=\"elementor-widget-container\">\n\t\t\t\t\t<h2 class=\"elementor-heading-title elementor-size-default\">Folixa\u00b4l Centenariu<\/h2>\t\t\t\t<\/div>\n\t\t\t\t<\/div>\n\t\t\t\t<div class=\"elementor-element elementor-element-348c310 elementor-widget elementor-widget-toggle\" data-id=\"348c310\" data-element_type=\"widget\" data-e-type=\"widget\" data-widget_type=\"toggle.default\">\n\t\t\t\t<div class=\"elementor-widget-container\">\n\t\t\t\t\t\t\t<div class=\"elementor-toggle\">\n\t\t\t\t\t\t\t<div class=\"elementor-toggle-item\">\n\t\t\t\t\t<div id=\"elementor-tab-title-5511\" class=\"elementor-tab-title\" data-tab=\"1\" role=\"button\" aria-controls=\"elementor-tab-content-5511\" aria-expanded=\"false\">\n\t\t\t\t\t\t\t\t\t\t\t\t<span class=\"elementor-toggle-icon elementor-toggle-icon-right\" aria-hidden=\"true\">\n\t\t\t\t\t\t\t\t\t\t\t\t\t\t\t<span class=\"elementor-toggle-icon-closed\"><i class=\"fas fa-angle-double-down\"><\/i><\/span>\n\t\t\t\t\t\t\t\t<span class=\"elementor-toggle-icon-opened\"><i class=\"elementor-toggle-icon-opened fas fa-angle-double-up\"><\/i><\/span>\n\t\t\t\t\t\t\t\t\t\t\t\t\t<\/span>\n\t\t\t\t\t\t\t\t\t\t\t\t<a class=\"elementor-toggle-title\" tabindex=\"0\">+ INFO<\/a>\n\t\t\t\t\t<\/div>\n\n\t\t\t\t\t<div id=\"elementor-tab-content-5511\" class=\"elementor-tab-content elementor-clearfix\" data-tab=\"1\" role=\"region\" aria-labelledby=\"elementor-tab-title-5511\"><p><strong>S\u00e1badu 6 de xunu de 2026<\/strong><br \/><strong>A partir de les 10.00<br \/><\/strong><em>Pa tolos p\u00fablicos<br \/>Entrada de baldre<br \/><\/em><\/p>\n<hr>\n<hr>\n<hr>\n<p><strong>Un d\u00eda enteru pa cellebrar los cien a\u00f1os del Antiguu Teatru La Ben\u00e9fica<\/strong><\/p>\n<p>Esti a\u00f1u l\u2019aniversariu de La Ben\u00e9fica esp\u00e1ndese nel tiempu, y celebramos los 100 a\u00f1os del nuestru preciosu teatru esti 6 de xunu. Viaxaremos al pas\u00e1u escuchando l\u2019espaciu con <b>Lo f\u00e1cil,<\/b> va haber concursu de comida y rifa con grandes premios, actuaciones musicales y al final del d\u00eda vamos enterrar una c\u00e1psula del tiempu pal 2050. Depu\u00e9s m\u00e1s informaci\u00f3n na secci\u00f3n Noticies de la nuestra web.  <\/p>\n<\/div>\n\t\t\t\t<\/div>\n\t\t\t\t\t\t\t\t<\/div>\n\t\t\t\t\t\t<\/div>\n\t\t\t\t<\/div>\n\t\t\t\t\t<\/div>\n\t\t<\/div>\n\t\t\t\t\t<\/div>\n\t\t<\/section>\n\t\t\t\t<section class=\"elementor-section elementor-top-section elementor-element elementor-element-04d3b97 elementor-section-full_width elementor-section-height-default elementor-section-height-default qodef-elementor-content-no\" data-id=\"04d3b97\" data-element_type=\"section\" data-e-type=\"section\">\n\t\t\t\t\t\t<div class=\"elementor-container elementor-column-gap-custom\">\n\t\t\t\t\t<div class=\"elementor-column elementor-col-25 elementor-top-column elementor-element elementor-element-19c91a8\" data-id=\"19c91a8\" data-element_type=\"column\" data-e-type=\"column\" data-settings=\"{&quot;background_background&quot;:&quot;classic&quot;}\">\n\t\t\t<div class=\"elementor-widget-wrap elementor-element-populated\">\n\t\t\t\t\t\t<div class=\"elementor-element elementor-element-3f839e4 elementor-widget elementor-widget-image\" data-id=\"3f839e4\" data-element_type=\"widget\" data-e-type=\"widget\" data-widget_type=\"image.default\">\n\t\t\t\t<div class=\"elementor-widget-container\">\n\t\t\t\t\t\t\t\t\t\t\t\t\t\t\t<img decoding=\"async\" src=\"https:\/\/labenefica.org\/wp-content\/uploads\/2026\/05\/Moro-Web.jpg\" title=\"Moro-Web\" alt=\"Moro-Web\" loading=\"lazy\" \/>\t\t\t\t\t\t\t\t\t\t\t\t\t\t\t<\/div>\n\t\t\t\t<\/div>\n\t\t\t\t<div class=\"elementor-element elementor-element-1931a61 elementor-widget elementor-widget-heading\" data-id=\"1931a61\" data-element_type=\"widget\" data-e-type=\"widget\" data-widget_type=\"heading.default\">\n\t\t\t\t<div class=\"elementor-widget-container\">\n\t\t\t\t\t<h3 class=\"elementor-heading-title elementor-size-default\">Vienres 5 de xunu de 2026<\/h3>\t\t\t\t<\/div>\n\t\t\t\t<\/div>\n\t\t\t\t<div class=\"elementor-element elementor-element-c36411e elementor-widget elementor-widget-heading\" data-id=\"c36411e\" data-element_type=\"widget\" data-e-type=\"widget\" data-widget_type=\"heading.default\">\n\t\t\t\t<div class=\"elementor-widget-container\">\n\t\t\t\t\t<h3 class=\"elementor-heading-title elementor-size-default\">\u27a4 La Ben\u00e9fica de Pilo\u00f1a<\/h3>\t\t\t\t<\/div>\n\t\t\t\t<\/div>\n\t\t\t\t<div class=\"elementor-element elementor-element-ee63de8 elementor-widget elementor-widget-heading\" data-id=\"ee63de8\" data-element_type=\"widget\" data-e-type=\"widget\" data-widget_type=\"heading.default\">\n\t\t\t\t<div class=\"elementor-widget-container\">\n\t\t\t\t\t<h2 class=\"elementor-heading-title elementor-size-default\">\u201cBajarse al Moro\u201d<br \/> de Jos\u00e9 Luis Alonso <br \/>de Santos<\/h2>\t\t\t\t<\/div>\n\t\t\t\t<\/div>\n\t\t\t\t<div class=\"elementor-element elementor-element-2901bc0 elementor-widget elementor-widget-toggle\" data-id=\"2901bc0\" data-element_type=\"widget\" data-e-type=\"widget\" data-widget_type=\"toggle.default\">\n\t\t\t\t<div class=\"elementor-widget-container\">\n\t\t\t\t\t\t\t<div class=\"elementor-toggle\">\n\t\t\t\t\t\t\t<div class=\"elementor-toggle-item\">\n\t\t\t\t\t<div id=\"elementor-tab-title-4291\" class=\"elementor-tab-title\" data-tab=\"1\" role=\"button\" aria-controls=\"elementor-tab-content-4291\" aria-expanded=\"false\">\n\t\t\t\t\t\t\t\t\t\t\t\t<span class=\"elementor-toggle-icon elementor-toggle-icon-right\" aria-hidden=\"true\">\n\t\t\t\t\t\t\t\t\t\t\t\t\t\t\t<span class=\"elementor-toggle-icon-closed\"><i class=\"fas fa-angle-double-down\"><\/i><\/span>\n\t\t\t\t\t\t\t\t<span class=\"elementor-toggle-icon-opened\"><i class=\"elementor-toggle-icon-opened fas fa-angle-double-up\"><\/i><\/span>\n\t\t\t\t\t\t\t\t\t\t\t\t\t<\/span>\n\t\t\t\t\t\t\t\t\t\t\t\t<a class=\"elementor-toggle-title\" tabindex=\"0\">+ INFO<\/a>\n\t\t\t\t\t<\/div>\n\n\t\t\t\t\t<div id=\"elementor-tab-content-4291\" class=\"elementor-tab-content elementor-clearfix\" data-tab=\"1\" role=\"region\" aria-labelledby=\"elementor-tab-title-4291\"><p><strong>Vienres 5 de xunu de 2026<\/strong><br \/><strong>A les 18.30 (apertura 18.00)<br \/><\/strong><em>Pa tolos p\u00fablicos<br \/>Entrada de baldre<br \/><\/em><\/p>\n<hr>\n<hr>\n<hr>\n<p><strong>Col grupo de teatru del IES Infiestu de Pilo\u00f1a<\/strong><\/p>\n<p><span style=\"font-weight: 400;\">La clase de 4\u00baB de la ESO del IES Infiesto de Pilo\u00f1a se complace en presentar \u201cBajarse al moro\u201d, una comedia en dos actos de Jos\u00e9 Luis Alonso de Santos. Nel Madrid de los a\u00f1os ochenta, cuatro j\u00f3venes conviven nun peque\u00f1u apartamentu y xuegan a conocese, amase y explorar la vida y los sus placeres m\u00e1s o menos prohibidos.  Ca\u00fan tien el su car\u00e1cter, la su historia y las sus peculiaridaes y llu\u00e9u van descubrir que la realid\u00e1 va imponeles tomar decisiones que van marcar las sus rellaciones y la su vida pa siempre, faciendo que\u2019l xuegu tome una trascendencia que nun esperaben. <\/span><\/p>\n<\/div>\n\t\t\t\t<\/div>\n\t\t\t\t\t\t\t\t<\/div>\n\t\t\t\t\t\t<\/div>\n\t\t\t\t<\/div>\n\t\t\t\t\t<\/div>\n\t\t<\/div>\n\t\t\t\t<div class=\"elementor-column elementor-col-25 elementor-top-column elementor-element elementor-element-64f98d2\" data-id=\"64f98d2\" data-element_type=\"column\" data-e-type=\"column\" data-settings=\"{&quot;background_background&quot;:&quot;classic&quot;}\">\n\t\t\t<div class=\"elementor-widget-wrap elementor-element-populated\">\n\t\t\t\t\t\t<div class=\"elementor-element elementor-element-0fe887b elementor-widget elementor-widget-image\" data-id=\"0fe887b\" data-element_type=\"widget\" data-e-type=\"widget\" data-widget_type=\"image.default\">\n\t\t\t\t<div class=\"elementor-widget-container\">\n\t\t\t\t\t\t\t\t\t\t\t\t\t\t\t<img decoding=\"async\" src=\"https:\/\/labenefica.org\/wp-content\/uploads\/2026\/05\/Estame-1.jpeg\" title=\"Estame\" alt=\"Estame\" loading=\"lazy\" \/>\t\t\t\t\t\t\t\t\t\t\t\t\t\t\t<\/div>\n\t\t\t\t<\/div>\n\t\t\t\t<div class=\"elementor-element elementor-element-b450be2 elementor-widget elementor-widget-heading\" data-id=\"b450be2\" data-element_type=\"widget\" data-e-type=\"widget\" data-widget_type=\"heading.default\">\n\t\t\t\t<div class=\"elementor-widget-container\">\n\t\t\t\t\t<h3 class=\"elementor-heading-title elementor-size-default\">Vienres 29 de mayu de 2026<\/h3>\t\t\t\t<\/div>\n\t\t\t\t<\/div>\n\t\t\t\t<div class=\"elementor-element elementor-element-ede28c9 elementor-widget elementor-widget-heading\" data-id=\"ede28c9\" data-element_type=\"widget\" data-e-type=\"widget\" data-widget_type=\"heading.default\">\n\t\t\t\t<div class=\"elementor-widget-container\">\n\t\t\t\t\t<h3 class=\"elementor-heading-title elementor-size-default\">\u27a4 La Ben\u00e9fica de Pilo\u00f1a<\/h3>\t\t\t\t<\/div>\n\t\t\t\t<\/div>\n\t\t\t\t<div class=\"elementor-element elementor-element-adc43ad elementor-widget elementor-widget-heading\" data-id=\"adc43ad\" data-element_type=\"widget\" data-e-type=\"widget\" data-widget_type=\"heading.default\">\n\t\t\t\t<div class=\"elementor-widget-container\">\n\t\t\t\t\t<h2 class=\"elementor-heading-title elementor-size-default\">'El Estambre', del colectivu L\u2019Estame<\/h2>\t\t\t\t<\/div>\n\t\t\t\t<\/div>\n\t\t\t\t<div class=\"elementor-element elementor-element-ea30e06 elementor-widget elementor-widget-toggle\" data-id=\"ea30e06\" data-element_type=\"widget\" data-e-type=\"widget\" data-widget_type=\"toggle.default\">\n\t\t\t\t<div class=\"elementor-widget-container\">\n\t\t\t\t\t\t\t<div class=\"elementor-toggle\">\n\t\t\t\t\t\t\t<div class=\"elementor-toggle-item\">\n\t\t\t\t\t<div id=\"elementor-tab-title-2451\" class=\"elementor-tab-title\" data-tab=\"1\" role=\"button\" aria-controls=\"elementor-tab-content-2451\" aria-expanded=\"false\">\n\t\t\t\t\t\t\t\t\t\t\t\t<span class=\"elementor-toggle-icon elementor-toggle-icon-right\" aria-hidden=\"true\">\n\t\t\t\t\t\t\t\t\t\t\t\t\t\t\t<span class=\"elementor-toggle-icon-closed\"><i class=\"fas fa-angle-double-down\"><\/i><\/span>\n\t\t\t\t\t\t\t\t<span class=\"elementor-toggle-icon-opened\"><i class=\"elementor-toggle-icon-opened fas fa-angle-double-up\"><\/i><\/span>\n\t\t\t\t\t\t\t\t\t\t\t\t\t<\/span>\n\t\t\t\t\t\t\t\t\t\t\t\t<a class=\"elementor-toggle-title\" tabindex=\"0\">+ INFO<\/a>\n\t\t\t\t\t<\/div>\n\n\t\t\t\t\t<div id=\"elementor-tab-content-2451\" class=\"elementor-tab-content elementor-clearfix\" data-tab=\"1\" role=\"region\" aria-labelledby=\"elementor-tab-title-2451\"><p><strong>Vienres 29 de mayu de 2026<\/strong><br \/><strong>A les 20.00 (apertura 19.50)<br \/><\/strong><em>Pa tolos p\u00fablicos<br \/>Entrada de baldre<br \/><\/em><\/p>\n<hr>\n<hr>\n<hr>\n<p><strong>Muestra del grupu teatral allug\u00e1u en La Ben\u00e9fica dende xineru<\/strong><\/p>\n<p><span style=\"font-weight: 400;\">Esta pieza ye&#8217;l result\u00e1u d&#8217;un taller de creaci\u00f3n teatral. El nuestru oxetivu, sicas\u00ed, nun ye tanto facer una funci\u00f3n como ser un espaciu abiertu a les vecines de Pilo\u00f1a y a toa aquella que quiera practicar ferramientes y recursos de la escena contempor\u00e1nea. <\/span><\/p>\n<p><span style=\"font-weight: 400;\"><strong>EL ESTAMBRE<\/strong> cuenta la esistencia d&#8217;otru mundu; unu nel que Pilo\u00f1a ye l&#8217;\u00fanicu llugar habitable del planeta; un mundu feliz nel que los afectos t\u00e1n bien repart\u00edos y too s&#8217;escueye por consensu; una utop\u00eda delirantre con cuernos d&#8217;abundancia, tentaciones nocturnes, completadores d&#8217;idees y traductores d&#8217;animales. Que la xente en Pilo\u00f1a viva tan bien, sicas\u00ed, nun se debe m\u00e1s qu&#8217;el so des\u00e9u peri\u00f3dicu d&#8217;estinguise, igual que fai&#8217;l sol toles nueches\u2026 <\/span><\/p>\n<\/div>\n\t\t\t\t<\/div>\n\t\t\t\t\t\t\t\t<\/div>\n\t\t\t\t\t\t<\/div>\n\t\t\t\t<\/div>\n\t\t\t\t\t<\/div>\n\t\t<\/div>\n\t\t\t\t<div class=\"elementor-column elementor-col-25 elementor-top-column elementor-element elementor-element-5fe39b4\" data-id=\"5fe39b4\" data-element_type=\"column\" data-e-type=\"column\" data-settings=\"{&quot;background_background&quot;:&quot;classic&quot;}\">\n\t\t\t<div class=\"elementor-widget-wrap elementor-element-populated\">\n\t\t\t\t\t\t<div class=\"elementor-element elementor-element-c076516 elementor-widget elementor-widget-image\" data-id=\"c076516\" data-element_type=\"widget\" data-e-type=\"widget\" data-widget_type=\"image.default\">\n\t\t\t\t<div class=\"elementor-widget-container\">\n\t\t\t\t\t\t\t\t\t\t\t\t\t\t\t<img decoding=\"async\" src=\"https:\/\/labenefica.org\/wp-content\/uploads\/2026\/04\/01-Cabaret-IG-2.jpg\" title=\"01-Cabaret-IG\" alt=\"Cartel que anuncia el centenariu cabaret para el d\u00eda 23 de mayu.\" loading=\"lazy\" \/>\t\t\t\t\t\t\t\t\t\t\t\t\t\t\t<\/div>\n\t\t\t\t<\/div>\n\t\t\t\t<div class=\"elementor-element elementor-element-853d4eb elementor-widget elementor-widget-heading\" data-id=\"853d4eb\" data-element_type=\"widget\" data-e-type=\"widget\" data-widget_type=\"heading.default\">\n\t\t\t\t<div class=\"elementor-widget-container\">\n\t\t\t\t\t<h3 class=\"elementor-heading-title elementor-size-default\">S\u00e1badu 23 de mayu de 2026<\/h3>\t\t\t\t<\/div>\n\t\t\t\t<\/div>\n\t\t\t\t<div class=\"elementor-element elementor-element-ce92461 elementor-widget elementor-widget-heading\" data-id=\"ce92461\" data-element_type=\"widget\" data-e-type=\"widget\" data-widget_type=\"heading.default\">\n\t\t\t\t<div class=\"elementor-widget-container\">\n\t\t\t\t\t<h3 class=\"elementor-heading-title elementor-size-default\">\u27a4 La Ben\u00e9fica de Pilo\u00f1a<\/h3>\t\t\t\t<\/div>\n\t\t\t\t<\/div>\n\t\t\t\t<div class=\"elementor-element elementor-element-261f374 elementor-widget elementor-widget-heading\" data-id=\"261f374\" data-element_type=\"widget\" data-e-type=\"widget\" data-widget_type=\"heading.default\">\n\t\t\t\t<div class=\"elementor-widget-container\">\n\t\t\t\t\t<h2 class=\"elementor-heading-title elementor-size-default\">Gran Cabaret<br \/>Centenariu La Ben\u00e9fica<\/h2>\t\t\t\t<\/div>\n\t\t\t\t<\/div>\n\t\t\t\t<div class=\"elementor-element elementor-element-01a6101 elementor-widget elementor-widget-toggle\" data-id=\"01a6101\" data-element_type=\"widget\" data-e-type=\"widget\" data-widget_type=\"toggle.default\">\n\t\t\t\t<div class=\"elementor-widget-container\">\n\t\t\t\t\t\t\t<div class=\"elementor-toggle\">\n\t\t\t\t\t\t\t<div class=\"elementor-toggle-item\">\n\t\t\t\t\t<div id=\"elementor-tab-title-1721\" class=\"elementor-tab-title\" data-tab=\"1\" role=\"button\" aria-controls=\"elementor-tab-content-1721\" aria-expanded=\"false\">\n\t\t\t\t\t\t\t\t\t\t\t\t<span class=\"elementor-toggle-icon elementor-toggle-icon-right\" aria-hidden=\"true\">\n\t\t\t\t\t\t\t\t\t\t\t\t\t\t\t<span class=\"elementor-toggle-icon-closed\"><i class=\"fas fa-angle-double-down\"><\/i><\/span>\n\t\t\t\t\t\t\t\t<span class=\"elementor-toggle-icon-opened\"><i class=\"elementor-toggle-icon-opened fas fa-angle-double-up\"><\/i><\/span>\n\t\t\t\t\t\t\t\t\t\t\t\t\t<\/span>\n\t\t\t\t\t\t\t\t\t\t\t\t<a class=\"elementor-toggle-title\" tabindex=\"0\">+ INFO<\/a>\n\t\t\t\t\t<\/div>\n\n\t\t\t\t\t<div id=\"elementor-tab-content-1721\" class=\"elementor-tab-content elementor-clearfix\" data-tab=\"1\" role=\"region\" aria-labelledby=\"elementor-tab-title-1721\"><p><strong>S\u00e1badu 23 de mayu de 2026<\/strong><br \/><strong>A partir de les 21.00<br \/>(Apertura de puertes: 19.00)<br \/><\/strong><em>Mayores de 16 a\u00f1os (ente 16 y 18 a\u00f1os acompa\u00f1aos d\u2019un adultu)<br \/><span style=\"color: #ff0000;\"><strong>Entraes escosaes<\/strong><\/span><br \/><\/em><\/p>\n<hr>\n<hr>\n<hr>\n<p>El Gran Cabaret vuelve a La Ben\u00e9fica, el pr\u00f3ximu s\u00e1badu 23 de mayu. Un espect\u00e1culu cuasi llexendariu y\u00e1 en Pilo\u00f1a, que nam\u00e1i quien tuvo l\u2019a\u00f1u pas\u00e1u puede imaxinar.  <br \/>Dempu\u00e9s del \u00e9xitu de la primer edici\u00f3n, caltenemos el formatu de cuatro hores d\u2019espect\u00e1culu (con descansu), pens\u00e1u pa p\u00fablicu adultu, y ensin desvelar los grandes artistes que van participar: too van ser sorpreses, \u00a1oooohs! y \u00a1aaaaahs!<br \/>Am\u00e1s, celebramos que fai esactamente 100 a\u00f1os que s\u2019inaugur\u00f3 La Ben\u00e9fica orixinal, la de 1926, asina que ye un bon homenaxe y una ocasi\u00f3n perfecta pa brindar xuntes por otros 100 a\u00f1os m\u00e1s.<\/p>\n<p><strong><span style=\"color: #3962ff;\"><a style=\"color: #3962ff;\" href=\"https:\/\/labenefica.org\/ast\/centenariu-cabaret\/\" target=\"_blank\" rel=\"noopener\">+ Info equ\u00ed<\/a><\/span><\/strong><em><br \/><\/em><\/p>\n<\/div>\n\t\t\t\t<\/div>\n\t\t\t\t\t\t\t\t<\/div>\n\t\t\t\t\t\t<\/div>\n\t\t\t\t<\/div>\n\t\t\t\t\t<\/div>\n\t\t<\/div>\n\t\t\t\t<div class=\"elementor-column elementor-col-25 elementor-top-column elementor-element elementor-element-7630852\" data-id=\"7630852\" data-element_type=\"column\" data-e-type=\"column\" data-settings=\"{&quot;background_background&quot;:&quot;classic&quot;}\">\n\t\t\t<div class=\"elementor-widget-wrap elementor-element-populated\">\n\t\t\t\t\t\t<div class=\"elementor-element elementor-element-c5599de elementor-widget elementor-widget-image\" data-id=\"c5599de\" data-element_type=\"widget\" data-e-type=\"widget\" data-widget_type=\"image.default\">\n\t\t\t\t<div class=\"elementor-widget-container\">\n\t\t\t\t\t\t\t\t\t\t\t\t\t\t\t<img decoding=\"async\" src=\"https:\/\/labenefica.org\/wp-content\/uploads\/2026\/04\/17M-Baile-IG.jpg\" title=\"17M-Baile-IG\" alt=\"17M-Baile-IG\" loading=\"lazy\" \/>\t\t\t\t\t\t\t\t\t\t\t\t\t\t\t<\/div>\n\t\t\t\t<\/div>\n\t\t\t\t<div class=\"elementor-element elementor-element-53a6860 elementor-widget elementor-widget-heading\" data-id=\"53a6860\" data-element_type=\"widget\" data-e-type=\"widget\" data-widget_type=\"heading.default\">\n\t\t\t\t<div class=\"elementor-widget-container\">\n\t\t\t\t\t<h3 class=\"elementor-heading-title elementor-size-default\">Domingu 17 de mayu de 2026<\/h3>\t\t\t\t<\/div>\n\t\t\t\t<\/div>\n\t\t\t\t<div class=\"elementor-element elementor-element-b2cc3fc elementor-widget elementor-widget-heading\" data-id=\"b2cc3fc\" data-element_type=\"widget\" data-e-type=\"widget\" data-widget_type=\"heading.default\">\n\t\t\t\t<div class=\"elementor-widget-container\">\n\t\t\t\t\t<h3 class=\"elementor-heading-title elementor-size-default\">\u27a4 La Ben\u00e9fica de Pilo\u00f1a<\/h3>\t\t\t\t<\/div>\n\t\t\t\t<\/div>\n\t\t\t\t<div class=\"elementor-element elementor-element-fba14e5 elementor-widget elementor-widget-heading\" data-id=\"fba14e5\" data-element_type=\"widget\" data-e-type=\"widget\" data-widget_type=\"heading.default\">\n\t\t\t\t<div class=\"elementor-widget-container\">\n\t\t\t\t\t<h2 class=\"elementor-heading-title elementor-size-default\">\u00a1As\u00ed se baila!<\/h2>\t\t\t\t<\/div>\n\t\t\t\t<\/div>\n\t\t\t\t<div class=\"elementor-element elementor-element-cbb2cf0 elementor-widget elementor-widget-toggle\" data-id=\"cbb2cf0\" data-element_type=\"widget\" data-e-type=\"widget\" data-widget_type=\"toggle.default\">\n\t\t\t\t<div class=\"elementor-widget-container\">\n\t\t\t\t\t\t\t<div class=\"elementor-toggle\">\n\t\t\t\t\t\t\t<div class=\"elementor-toggle-item\">\n\t\t\t\t\t<div id=\"elementor-tab-title-2131\" class=\"elementor-tab-title\" data-tab=\"1\" role=\"button\" aria-controls=\"elementor-tab-content-2131\" aria-expanded=\"false\">\n\t\t\t\t\t\t\t\t\t\t\t\t<span class=\"elementor-toggle-icon elementor-toggle-icon-right\" aria-hidden=\"true\">\n\t\t\t\t\t\t\t\t\t\t\t\t\t\t\t<span class=\"elementor-toggle-icon-closed\"><i class=\"fas fa-angle-double-down\"><\/i><\/span>\n\t\t\t\t\t\t\t\t<span class=\"elementor-toggle-icon-opened\"><i class=\"elementor-toggle-icon-opened fas fa-angle-double-up\"><\/i><\/span>\n\t\t\t\t\t\t\t\t\t\t\t\t\t<\/span>\n\t\t\t\t\t\t\t\t\t\t\t\t<a class=\"elementor-toggle-title\" tabindex=\"0\">+ INFO<\/a>\n\t\t\t\t\t<\/div>\n\n\t\t\t\t\t<div id=\"elementor-tab-content-2131\" class=\"elementor-tab-content elementor-clearfix\" data-tab=\"1\" role=\"region\" aria-labelledby=\"elementor-tab-title-2131\"><p><strong>Domingu 17 de mayu de 2026<\/strong><br \/><strong>A partir de les 18.00<br \/><\/strong><em>Pa tolos p\u00fablicos<br \/>Entrada de baldre<br \/><\/em><\/p>\n<hr>\n<hr>\n<hr>\n<p>Vuelve el nuestru baille, de los de tola vida, esta vuelta cola fant\u00e1stica Marlene y su acorde\u00f3n.<span style=\"font-weight: 400;\"> Proponemos esti plan de tardeo, que tambi\u00e9n ye un plan de meneo, nun apto pa mirones, pero s\u00ed pa menores. Dende\u2019l pasodoble hasta\u2019l chachach\u00e1, pasando pola cumbia, el merengue y asturianada varia.  Habr\u00e1 empanada y rifa, pero sobre todo bien de m\u00fasica y baile.<\/span><\/p>\n<\/div>\n\t\t\t\t<\/div>\n\t\t\t\t\t\t\t\t<\/div>\n\t\t\t\t\t\t<\/div>\n\t\t\t\t<\/div>\n\t\t\t\t\t<\/div>\n\t\t<\/div>\n\t\t\t\t\t<\/div>\n\t\t<\/section>\n\t\t\t\t<section class=\"elementor-section elementor-top-section elementor-element elementor-element-606569b elementor-section-full_width elementor-section-height-default elementor-section-height-default qodef-elementor-content-no\" data-id=\"606569b\" data-element_type=\"section\" data-e-type=\"section\">\n\t\t\t\t\t\t<div class=\"elementor-container elementor-column-gap-custom\">\n\t\t\t\t\t<div class=\"elementor-column elementor-col-25 elementor-top-column elementor-element elementor-element-4f251f3\" data-id=\"4f251f3\" data-element_type=\"column\" data-e-type=\"column\" data-settings=\"{&quot;background_background&quot;:&quot;classic&quot;}\">\n\t\t\t<div class=\"elementor-widget-wrap elementor-element-populated\">\n\t\t\t\t\t\t<div class=\"elementor-element elementor-element-4800ed0 elementor-widget elementor-widget-image\" data-id=\"4800ed0\" data-element_type=\"widget\" data-e-type=\"widget\" data-widget_type=\"image.default\">\n\t\t\t\t<div class=\"elementor-widget-container\">\n\t\t\t\t\t\t\t\t\t\t\t\t\t\t\t<img decoding=\"async\" src=\"https:\/\/labenefica.org\/wp-content\/uploads\/2026\/04\/Comedies-Web.jpg\" title=\"Comedies-Web\" alt=\"Comedies-Web\" loading=\"lazy\" \/>\t\t\t\t\t\t\t\t\t\t\t\t\t\t\t<\/div>\n\t\t\t\t<\/div>\n\t\t\t\t<div class=\"elementor-element elementor-element-9026ffb elementor-widget elementor-widget-heading\" data-id=\"9026ffb\" data-element_type=\"widget\" data-e-type=\"widget\" data-widget_type=\"heading.default\">\n\t\t\t\t<div class=\"elementor-widget-container\">\n\t\t\t\t\t<h3 class=\"elementor-heading-title elementor-size-default\">S\u00e1badu 16 de mayo de 2026<\/h3>\t\t\t\t<\/div>\n\t\t\t\t<\/div>\n\t\t\t\t<div class=\"elementor-element elementor-element-19de219 elementor-widget elementor-widget-heading\" data-id=\"19de219\" data-element_type=\"widget\" data-e-type=\"widget\" data-widget_type=\"heading.default\">\n\t\t\t\t<div class=\"elementor-widget-container\">\n\t\t\t\t\t<h3 class=\"elementor-heading-title elementor-size-default\">\u27a4 La Ben\u00e9fica de Pilo\u00f1a<\/h3>\t\t\t\t<\/div>\n\t\t\t\t<\/div>\n\t\t\t\t<div class=\"elementor-element elementor-element-a0d8c27 elementor-widget elementor-widget-heading\" data-id=\"a0d8c27\" data-element_type=\"widget\" data-e-type=\"widget\" data-widget_type=\"heading.default\">\n\t\t\t\t<div class=\"elementor-widget-container\">\n\t\t\t\t\t<h2 class=\"elementor-heading-title elementor-size-default\">Cuatru Comedies<br \/>d\u2019enriedu<\/h2>\t\t\t\t<\/div>\n\t\t\t\t<\/div>\n\t\t\t\t<div class=\"elementor-element elementor-element-587835e elementor-widget elementor-widget-toggle\" data-id=\"587835e\" data-element_type=\"widget\" data-e-type=\"widget\" data-widget_type=\"toggle.default\">\n\t\t\t\t<div class=\"elementor-widget-container\">\n\t\t\t\t\t\t\t<div class=\"elementor-toggle\">\n\t\t\t\t\t\t\t<div class=\"elementor-toggle-item\">\n\t\t\t\t\t<div id=\"elementor-tab-title-9271\" class=\"elementor-tab-title\" data-tab=\"1\" role=\"button\" aria-controls=\"elementor-tab-content-9271\" aria-expanded=\"false\">\n\t\t\t\t\t\t\t\t\t\t\t\t<span class=\"elementor-toggle-icon elementor-toggle-icon-right\" aria-hidden=\"true\">\n\t\t\t\t\t\t\t\t\t\t\t\t\t\t\t<span class=\"elementor-toggle-icon-closed\"><i class=\"fas fa-angle-double-down\"><\/i><\/span>\n\t\t\t\t\t\t\t\t<span class=\"elementor-toggle-icon-opened\"><i class=\"elementor-toggle-icon-opened fas fa-angle-double-up\"><\/i><\/span>\n\t\t\t\t\t\t\t\t\t\t\t\t\t<\/span>\n\t\t\t\t\t\t\t\t\t\t\t\t<a class=\"elementor-toggle-title\" tabindex=\"0\">+ INFO<\/a>\n\t\t\t\t\t<\/div>\n\n\t\t\t\t\t<div id=\"elementor-tab-content-9271\" class=\"elementor-tab-content elementor-clearfix\" data-tab=\"1\" role=\"region\" aria-labelledby=\"elementor-tab-title-9271\"><p><strong>S\u00e1badu 16 de mayu de 2026<\/strong><br \/><strong>A les 19.30 (apertura 19.00)<br \/><\/strong><em>Pa tolos p\u00fablicos<br \/>Entrada 5\u20ac en taquilla (18.30)<br \/><\/em><\/p>\n<hr>\n<hr>\n<hr>\n<p><span style=\"font-weight: 400;\">Mercedes \u00c1lvarez y Julio Ruenes van interpretar cuatru comedies dirix\u00edes por Cristina L\u00f3pez del Hierro. <i>Ga\u00f1as de Re\u00f1ir, <\/i>de los hermanos \u00c1lvarez Quintero, <i>Sardines<\/i>, <i>El Sobao <\/i>y <i>Juicio Express,<\/i> cuatru pieces nun ambiente costumbrista y caseru pa morrer de risa nel teatru. <\/span><\/p>\n<\/div>\n\t\t\t\t<\/div>\n\t\t\t\t\t\t\t\t<\/div>\n\t\t\t\t\t\t<\/div>\n\t\t\t\t<\/div>\n\t\t\t\t\t<\/div>\n\t\t<\/div>\n\t\t\t\t<div class=\"elementor-column elementor-col-25 elementor-top-column elementor-element elementor-element-e0b0d3f\" data-id=\"e0b0d3f\" data-element_type=\"column\" data-e-type=\"column\" data-settings=\"{&quot;background_background&quot;:&quot;classic&quot;}\">\n\t\t\t<div class=\"elementor-widget-wrap elementor-element-populated\">\n\t\t\t\t\t\t<div class=\"elementor-element elementor-element-9be720d elementor-widget elementor-widget-image\" data-id=\"9be720d\" data-element_type=\"widget\" data-e-type=\"widget\" data-widget_type=\"image.default\">\n\t\t\t\t<div class=\"elementor-widget-container\">\n\t\t\t\t\t\t\t\t\t\t\t\t\t\t\t<img decoding=\"async\" src=\"https:\/\/labenefica.org\/wp-content\/uploads\/2026\/04\/10M-Joaquim.jpg\" title=\"10M-Joaquim\" alt=\"10M-Joaquim\" loading=\"lazy\" \/>\t\t\t\t\t\t\t\t\t\t\t\t\t\t\t<\/div>\n\t\t\t\t<\/div>\n\t\t\t\t<div class=\"elementor-element elementor-element-2074d7c elementor-widget elementor-widget-heading\" data-id=\"2074d7c\" data-element_type=\"widget\" data-e-type=\"widget\" data-widget_type=\"heading.default\">\n\t\t\t\t<div class=\"elementor-widget-container\">\n\t\t\t\t\t<h3 class=\"elementor-heading-title elementor-size-default\">Domingu 10 de mayu de 2026<\/h3>\t\t\t\t<\/div>\n\t\t\t\t<\/div>\n\t\t\t\t<div class=\"elementor-element elementor-element-11ec0d6 elementor-widget elementor-widget-heading\" data-id=\"11ec0d6\" data-element_type=\"widget\" data-e-type=\"widget\" data-widget_type=\"heading.default\">\n\t\t\t\t<div class=\"elementor-widget-container\">\n\t\t\t\t\t<h3 class=\"elementor-heading-title elementor-size-default\">\u27a4 La Ben\u00e9fica de Pilo\u00f1a<\/h3>\t\t\t\t<\/div>\n\t\t\t\t<\/div>\n\t\t\t\t<div class=\"elementor-element elementor-element-848bed5 elementor-widget elementor-widget-heading\" data-id=\"848bed5\" data-element_type=\"widget\" data-e-type=\"widget\" data-widget_type=\"heading.default\">\n\t\t\t\t<div class=\"elementor-widget-container\">\n\t\t\t\t\t<h2 class=\"elementor-heading-title elementor-size-default\">Conciertu de pianu:<br \/>Joachim Challem<\/h2>\t\t\t\t<\/div>\n\t\t\t\t<\/div>\n\t\t\t\t<div class=\"elementor-element elementor-element-c8a143a elementor-widget elementor-widget-toggle\" data-id=\"c8a143a\" data-element_type=\"widget\" data-e-type=\"widget\" data-widget_type=\"toggle.default\">\n\t\t\t\t<div class=\"elementor-widget-container\">\n\t\t\t\t\t\t\t<div class=\"elementor-toggle\">\n\t\t\t\t\t\t\t<div class=\"elementor-toggle-item\">\n\t\t\t\t\t<div id=\"elementor-tab-title-2101\" class=\"elementor-tab-title\" data-tab=\"1\" role=\"button\" aria-controls=\"elementor-tab-content-2101\" aria-expanded=\"false\">\n\t\t\t\t\t\t\t\t\t\t\t\t<span class=\"elementor-toggle-icon elementor-toggle-icon-right\" aria-hidden=\"true\">\n\t\t\t\t\t\t\t\t\t\t\t\t\t\t\t<span class=\"elementor-toggle-icon-closed\"><i class=\"fas fa-angle-double-down\"><\/i><\/span>\n\t\t\t\t\t\t\t\t<span class=\"elementor-toggle-icon-opened\"><i class=\"elementor-toggle-icon-opened fas fa-angle-double-up\"><\/i><\/span>\n\t\t\t\t\t\t\t\t\t\t\t\t\t<\/span>\n\t\t\t\t\t\t\t\t\t\t\t\t<a class=\"elementor-toggle-title\" tabindex=\"0\">+ INFO<\/a>\n\t\t\t\t\t<\/div>\n\n\t\t\t\t\t<div id=\"elementor-tab-content-2101\" class=\"elementor-tab-content elementor-clearfix\" data-tab=\"1\" role=\"region\" aria-labelledby=\"elementor-tab-title-2101\"><p><strong>Domingu 10 de mayu de 2026<\/strong><br \/><strong>Dende les 20.00<br \/>(Apertura de puertes: 19.30)<br \/><\/strong><em>Pa tolos p\u00fablicos<br \/><span style=\"color: #3962ff;\"><strong><a style=\"color: #3962ff;\" href=\"https:\/\/entradium.com\/events\/challem-la-benefica\" target=\"_blank\" rel=\"noopener\">Entrada: 15\u20ac<\/a><\/strong><\/span><br \/><\/em><\/p>\n<hr>\n<hr>\n<hr>\n<p>El pianista y compositor holand\u00e9s allug\u00e1u en Pilo\u00f1a Joachim Challem (1994) va danos un preciosu conciertu de pianu nel teatru. Nun lo pierdas, anda. <\/p>\n<\/div>\n\t\t\t\t<\/div>\n\t\t\t\t\t\t\t\t<\/div>\n\t\t\t\t\t\t<\/div>\n\t\t\t\t<\/div>\n\t\t\t\t\t<\/div>\n\t\t<\/div>\n\t\t\t\t<div class=\"elementor-column elementor-col-25 elementor-top-column elementor-element elementor-element-41530e8\" data-id=\"41530e8\" data-element_type=\"column\" data-e-type=\"column\" data-settings=\"{&quot;background_background&quot;:&quot;classic&quot;}\">\n\t\t\t<div class=\"elementor-widget-wrap elementor-element-populated\">\n\t\t\t\t\t\t<div class=\"elementor-element elementor-element-694fed8 elementor-widget elementor-widget-image\" data-id=\"694fed8\" data-element_type=\"widget\" data-e-type=\"widget\" data-widget_type=\"image.default\">\n\t\t\t\t<div class=\"elementor-widget-container\">\n\t\t\t\t\t\t\t\t\t\t\t\t\t\t\t<img decoding=\"async\" src=\"https:\/\/labenefica.org\/wp-content\/uploads\/2026\/03\/26A-Baile-IG.jpg\" title=\"26A-Baile-IG\" alt=\"26A-Baile-IG\" loading=\"lazy\" \/>\t\t\t\t\t\t\t\t\t\t\t\t\t\t\t<\/div>\n\t\t\t\t<\/div>\n\t\t\t\t<div class=\"elementor-element elementor-element-b3985b4 elementor-widget elementor-widget-heading\" data-id=\"b3985b4\" data-element_type=\"widget\" data-e-type=\"widget\" data-widget_type=\"heading.default\">\n\t\t\t\t<div class=\"elementor-widget-container\">\n\t\t\t\t\t<h3 class=\"elementor-heading-title elementor-size-default\">Domingu 26 d'abril de 2026<\/h3>\t\t\t\t<\/div>\n\t\t\t\t<\/div>\n\t\t\t\t<div class=\"elementor-element elementor-element-91d5447 elementor-widget elementor-widget-heading\" data-id=\"91d5447\" data-element_type=\"widget\" data-e-type=\"widget\" data-widget_type=\"heading.default\">\n\t\t\t\t<div class=\"elementor-widget-container\">\n\t\t\t\t\t<h3 class=\"elementor-heading-title elementor-size-default\">\u27a4 La Ben\u00e9fica de Pilo\u00f1a<\/h3>\t\t\t\t<\/div>\n\t\t\t\t<\/div>\n\t\t\t\t<div class=\"elementor-element elementor-element-479724b elementor-widget elementor-widget-heading\" data-id=\"479724b\" data-element_type=\"widget\" data-e-type=\"widget\" data-widget_type=\"heading.default\">\n\t\t\t\t<div class=\"elementor-widget-container\">\n\t\t\t\t\t<h2 class=\"elementor-heading-title elementor-size-default\">\u00a1As\u00ed se baila!<br>Especial Bachat\u00e9u<\/h2>\t\t\t\t<\/div>\n\t\t\t\t<\/div>\n\t\t\t\t<div class=\"elementor-element elementor-element-330e430 elementor-widget elementor-widget-toggle\" data-id=\"330e430\" data-element_type=\"widget\" data-e-type=\"widget\" data-widget_type=\"toggle.default\">\n\t\t\t\t<div class=\"elementor-widget-container\">\n\t\t\t\t\t\t\t<div class=\"elementor-toggle\">\n\t\t\t\t\t\t\t<div class=\"elementor-toggle-item\">\n\t\t\t\t\t<div id=\"elementor-tab-title-5351\" class=\"elementor-tab-title\" data-tab=\"1\" role=\"button\" aria-controls=\"elementor-tab-content-5351\" aria-expanded=\"false\">\n\t\t\t\t\t\t\t\t\t\t\t\t<span class=\"elementor-toggle-icon elementor-toggle-icon-right\" aria-hidden=\"true\">\n\t\t\t\t\t\t\t\t\t\t\t\t\t\t\t<span class=\"elementor-toggle-icon-closed\"><i class=\"fas fa-angle-double-down\"><\/i><\/span>\n\t\t\t\t\t\t\t\t<span class=\"elementor-toggle-icon-opened\"><i class=\"elementor-toggle-icon-opened fas fa-angle-double-up\"><\/i><\/span>\n\t\t\t\t\t\t\t\t\t\t\t\t\t<\/span>\n\t\t\t\t\t\t\t\t\t\t\t\t<a class=\"elementor-toggle-title\" tabindex=\"0\">+ INFO<\/a>\n\t\t\t\t\t<\/div>\n\n\t\t\t\t\t<div id=\"elementor-tab-content-5351\" class=\"elementor-tab-content elementor-clearfix\" data-tab=\"1\" role=\"region\" aria-labelledby=\"elementor-tab-title-5351\"><p><strong>Domingu 26 d&#8217;abril de 2026<\/strong><br \/><strong>A partir de les 18.00<br \/><\/strong><em>Pa tolos p\u00fablicos<br \/>Entrada de baldre<br \/><\/em><\/p>\n<hr>\n<hr>\n<hr>\n<p><span style=\"font-weight: 400;\">Esti mes, propon\u00e9mosvos un tard\u00e9u rom\u00e1nticu baillando bachata. Sergio Arag\u00f3n va ponenos una clase pa deprender los pasos b\u00e1sicos y \u00a1que comience\u2019l bachat\u00e9u! A les 18h va ser la clase, y a les 19h Flama Rosa DJ va poner la m\u00fasica pa que nun paremos de baillar. Va haber dalg\u00fan pinchu y rifa, pa esfrutar una tarde diferente en La Ben\u00e9fica. \u00a1Ven a gozalo!    <\/span><\/p>\n<\/div>\n\t\t\t\t<\/div>\n\t\t\t\t\t\t\t\t<\/div>\n\t\t\t\t\t\t<\/div>\n\t\t\t\t<\/div>\n\t\t\t\t\t<\/div>\n\t\t<\/div>\n\t\t\t\t<div class=\"elementor-column elementor-col-25 elementor-top-column elementor-element elementor-element-31ab53f\" data-id=\"31ab53f\" data-element_type=\"column\" data-e-type=\"column\" data-settings=\"{&quot;background_background&quot;:&quot;classic&quot;}\">\n\t\t\t<div class=\"elementor-widget-wrap elementor-element-populated\">\n\t\t\t\t\t\t<div class=\"elementor-element elementor-element-c03f570 elementor-widget elementor-widget-image\" data-id=\"c03f570\" data-element_type=\"widget\" data-e-type=\"widget\" data-widget_type=\"image.default\">\n\t\t\t\t<div class=\"elementor-widget-container\">\n\t\t\t\t\t\t\t\t\t\t\t\t\t\t\t<img decoding=\"async\" src=\"https:\/\/labenefica.org\/wp-content\/uploads\/2026\/03\/Comedias-Web.jpg\" title=\"Comedias-Web\" alt=\"Comedias-Web\" loading=\"lazy\" \/>\t\t\t\t\t\t\t\t\t\t\t\t\t\t\t<\/div>\n\t\t\t\t<\/div>\n\t\t\t\t<div class=\"elementor-element elementor-element-c123309 elementor-widget elementor-widget-heading\" data-id=\"c123309\" data-element_type=\"widget\" data-e-type=\"widget\" data-widget_type=\"heading.default\">\n\t\t\t\t<div class=\"elementor-widget-container\">\n\t\t\t\t\t<h3 class=\"elementor-heading-title elementor-size-default\">S\u00e1badu 25 d'abril de 2026<\/h3>\t\t\t\t<\/div>\n\t\t\t\t<\/div>\n\t\t\t\t<div class=\"elementor-element elementor-element-9ae7dac elementor-widget elementor-widget-heading\" data-id=\"9ae7dac\" data-element_type=\"widget\" data-e-type=\"widget\" data-widget_type=\"heading.default\">\n\t\t\t\t<div class=\"elementor-widget-container\">\n\t\t\t\t\t<h3 class=\"elementor-heading-title elementor-size-default\">\u27a4 La Ben\u00e9fica de Pilo\u00f1a<\/h3>\t\t\t\t<\/div>\n\t\t\t\t<\/div>\n\t\t\t\t<div class=\"elementor-element elementor-element-1f91b38 elementor-widget elementor-widget-heading\" data-id=\"1f91b38\" data-element_type=\"widget\" data-e-type=\"widget\" data-widget_type=\"heading.default\">\n\t\t\t\t<div class=\"elementor-widget-container\">\n\t\t\t\t\t<h2 class=\"elementor-heading-title elementor-size-default\">Cuatru Comedies<br \/>d\u2019enriedu<\/h2>\t\t\t\t<\/div>\n\t\t\t\t<\/div>\n\t\t\t\t<div class=\"elementor-element elementor-element-9967f65 elementor-widget elementor-widget-toggle\" data-id=\"9967f65\" data-element_type=\"widget\" data-e-type=\"widget\" data-widget_type=\"toggle.default\">\n\t\t\t\t<div class=\"elementor-widget-container\">\n\t\t\t\t\t\t\t<div class=\"elementor-toggle\">\n\t\t\t\t\t\t\t<div class=\"elementor-toggle-item\">\n\t\t\t\t\t<div id=\"elementor-tab-title-1601\" class=\"elementor-tab-title\" data-tab=\"1\" role=\"button\" aria-controls=\"elementor-tab-content-1601\" aria-expanded=\"false\">\n\t\t\t\t\t\t\t\t\t\t\t\t<span class=\"elementor-toggle-icon elementor-toggle-icon-right\" aria-hidden=\"true\">\n\t\t\t\t\t\t\t\t\t\t\t\t\t\t\t<span class=\"elementor-toggle-icon-closed\"><i class=\"fas fa-angle-double-down\"><\/i><\/span>\n\t\t\t\t\t\t\t\t<span class=\"elementor-toggle-icon-opened\"><i class=\"elementor-toggle-icon-opened fas fa-angle-double-up\"><\/i><\/span>\n\t\t\t\t\t\t\t\t\t\t\t\t\t<\/span>\n\t\t\t\t\t\t\t\t\t\t\t\t<a class=\"elementor-toggle-title\" tabindex=\"0\">CANCEL\u00c1U<\/a>\n\t\t\t\t\t<\/div>\n\n\t\t\t\t\t<div id=\"elementor-tab-content-1601\" class=\"elementor-tab-content elementor-clearfix\" data-tab=\"1\" role=\"region\" aria-labelledby=\"elementor-tab-title-1601\"><h3>CANCEL\u00c1U<\/h3>\n<p>S\u00e1bado 25 d&#8217;abril de 2026<br \/>A les 19.30 (apertura 19.00)<br \/>Pa tolos p\u00fablicos<br \/>Entrada 5\u20ac na taquilla (18.30)<\/p>\n<hr>\n<hr>\n<hr>\n<p><del><span style=\"font-weight: 400;\">Mercedes \u00c1lvarez y Julio Ruenes van interpretar cuatru comedies dirix\u00edes por Cristina L\u00f3pez del Hierro. <i>Ga\u00f1as de Re\u00f1ir, <\/i>de los hermanos \u00c1lvarez Quintero, <i>Sardines<\/i>, <i>El Sobao <\/i>y <i>Juicio Express,<\/i> cuatru pieces nun ambiente costumbrista y caseru pa morrer de risa nel teatru. <\/span><\/del><\/p>\n<\/div>\n\t\t\t\t<\/div>\n\t\t\t\t\t\t\t\t<\/div>\n\t\t\t\t\t\t<\/div>\n\t\t\t\t<\/div>\n\t\t\t\t\t<\/div>\n\t\t<\/div>\n\t\t\t\t\t<\/div>\n\t\t<\/section>\n\t\t\t\t<section class=\"elementor-section elementor-top-section elementor-element elementor-element-719f8d0 elementor-section-full_width elementor-section-height-default elementor-section-height-default qodef-elementor-content-no\" data-id=\"719f8d0\" data-element_type=\"section\" data-e-type=\"section\">\n\t\t\t\t\t\t<div class=\"elementor-container elementor-column-gap-custom\">\n\t\t\t\t\t<div class=\"elementor-column elementor-col-25 elementor-top-column elementor-element elementor-element-9186d3a\" data-id=\"9186d3a\" data-element_type=\"column\" data-e-type=\"column\" data-settings=\"{&quot;background_background&quot;:&quot;classic&quot;}\">\n\t\t\t<div class=\"elementor-widget-wrap elementor-element-populated\">\n\t\t\t\t\t\t<div class=\"elementor-element elementor-element-a4d82d1 elementor-widget elementor-widget-image\" data-id=\"a4d82d1\" data-element_type=\"widget\" data-e-type=\"widget\" data-widget_type=\"image.default\">\n\t\t\t\t<div class=\"elementor-widget-container\">\n\t\t\t\t\t\t\t\t\t\t\t\t\t\t\t<img decoding=\"async\" src=\"https:\/\/labenefica.org\/wp-content\/uploads\/2026\/03\/06-Per-Caleyes-IG.jpg\" title=\"06-Per-Caleyes-IG\" alt=\"06-Per-Caleyes-IG\" loading=\"lazy\" \/>\t\t\t\t\t\t\t\t\t\t\t\t\t\t\t<\/div>\n\t\t\t\t<\/div>\n\t\t\t\t<div class=\"elementor-element elementor-element-83c32f1 elementor-widget elementor-widget-heading\" data-id=\"83c32f1\" data-element_type=\"widget\" data-e-type=\"widget\" data-widget_type=\"heading.default\">\n\t\t\t\t<div class=\"elementor-widget-container\">\n\t\t\t\t\t<h3 class=\"elementor-heading-title elementor-size-default\">Domingu 12 d'abril de 2026<\/h3>\t\t\t\t<\/div>\n\t\t\t\t<\/div>\n\t\t\t\t<div class=\"elementor-element elementor-element-9bb39c9 elementor-widget elementor-widget-heading\" data-id=\"9bb39c9\" data-element_type=\"widget\" data-e-type=\"widget\" data-widget_type=\"heading.default\">\n\t\t\t\t<div class=\"elementor-widget-container\">\n\t\t\t\t\t<h3 class=\"elementor-heading-title elementor-size-default\">\u27a4 La Ben\u00e9fica de Pilo\u00f1a<\/h3>\t\t\t\t<\/div>\n\t\t\t\t<\/div>\n\t\t\t\t<div class=\"elementor-element elementor-element-8bcf68e elementor-widget elementor-widget-heading\" data-id=\"8bcf68e\" data-element_type=\"widget\" data-e-type=\"widget\" data-widget_type=\"heading.default\">\n\t\t\t\t<div class=\"elementor-widget-container\">\n\t\t\t\t\t<h2 class=\"elementor-heading-title elementor-size-default\">De la siesta<br \/>a la fiesta<\/h2>\t\t\t\t<\/div>\n\t\t\t\t<\/div>\n\t\t\t\t<div class=\"elementor-element elementor-element-749a751 elementor-widget elementor-widget-toggle\" data-id=\"749a751\" data-element_type=\"widget\" data-e-type=\"widget\" data-widget_type=\"toggle.default\">\n\t\t\t\t<div class=\"elementor-widget-container\">\n\t\t\t\t\t\t\t<div class=\"elementor-toggle\">\n\t\t\t\t\t\t\t<div class=\"elementor-toggle-item\">\n\t\t\t\t\t<div id=\"elementor-tab-title-1221\" class=\"elementor-tab-title\" data-tab=\"1\" role=\"button\" aria-controls=\"elementor-tab-content-1221\" aria-expanded=\"false\">\n\t\t\t\t\t\t\t\t\t\t\t\t<span class=\"elementor-toggle-icon elementor-toggle-icon-right\" aria-hidden=\"true\">\n\t\t\t\t\t\t\t\t\t\t\t\t\t\t\t<span class=\"elementor-toggle-icon-closed\"><i class=\"fas fa-angle-double-down\"><\/i><\/span>\n\t\t\t\t\t\t\t\t<span class=\"elementor-toggle-icon-opened\"><i class=\"elementor-toggle-icon-opened fas fa-angle-double-up\"><\/i><\/span>\n\t\t\t\t\t\t\t\t\t\t\t\t\t<\/span>\n\t\t\t\t\t\t\t\t\t\t\t\t<a class=\"elementor-toggle-title\" tabindex=\"0\">+ INFO<\/a>\n\t\t\t\t\t<\/div>\n\n\t\t\t\t\t<div id=\"elementor-tab-content-1221\" class=\"elementor-tab-content elementor-clearfix\" data-tab=\"1\" role=\"region\" aria-labelledby=\"elementor-tab-title-1221\"><p><strong>Domingu 12 d&#8217;abril de 2026<\/strong><br \/><strong>A les 12.30 (apertura 12.00)<br \/><\/strong><em>Pa tolos p\u00fablicos<br \/>Entrada de baldre con inscripci\u00f3n<br \/><\/em><\/p>\n<hr>\n<hr>\n<hr>\n<p><span style=\"font-weight: 400;\">De la siesta a la fiesta ye una esperiencia sensorial y colectiva, a partir d\u2019un momentu de pausa y de disfrute.<br \/><\/span><\/p>\n<p><span style=\"font-weight: 400;\">Tresformamos La Ben\u00e9fica de Pilo\u00f1a pa imaxinar una manera nueva d\u2019habitar l\u2019espaciu\u2014al travi\u00e9s de la escucha, el movimientu y la pausa\u2014 y pa esperimentar una forma nueva de ser espectador\/a, deslligada de la vista. Tr\u00e1i esterilla y sacu pa esfrutar.  <\/span><\/p>\n<p>Activid\u00e1 de descansu activu con Mara Sannia e Irene Aguilera de <span style=\"color: #3962ff;\"><a style=\"color: #3962ff;\" href=\"https:\/\/injuve.es\/node\/83786\/printable\/print\">POMPA<\/a><\/span><\/p>\n<p><strong>\u00a1M\u00e1s informaci\u00f3n e inscripciones <span style=\"color: #3962ff;\"><a style=\"color: #3962ff;\" title=\"Per Caleyes y Senderos II\" href=\"https:\/\/labenefica.org\/ast\/per-caleyes-y-senderos-ii\/\">equ\u00ed<\/a><\/span>!<\/strong><\/p>\n<\/div>\n\t\t\t\t<\/div>\n\t\t\t\t\t\t\t\t<\/div>\n\t\t\t\t\t\t<\/div>\n\t\t\t\t<\/div>\n\t\t\t\t\t<\/div>\n\t\t<\/div>\n\t\t\t\t<div class=\"elementor-column elementor-col-25 elementor-top-column elementor-element elementor-element-071c4a0\" data-id=\"071c4a0\" data-element_type=\"column\" data-e-type=\"column\" data-settings=\"{&quot;background_background&quot;:&quot;classic&quot;}\">\n\t\t\t<div class=\"elementor-widget-wrap elementor-element-populated\">\n\t\t\t\t\t\t<div class=\"elementor-element elementor-element-b9996fb elementor-widget elementor-widget-image\" data-id=\"b9996fb\" data-element_type=\"widget\" data-e-type=\"widget\" data-widget_type=\"image.default\">\n\t\t\t\t<div class=\"elementor-widget-container\">\n\t\t\t\t\t\t\t\t\t\t\t\t\t\t\t<img decoding=\"async\" src=\"https:\/\/labenefica.org\/wp-content\/uploads\/2026\/03\/04-Per-Caleyes-IG.jpg\" title=\"04-Per-Caleyes-IG\" alt=\"04-Per-Caleyes-IG\" loading=\"lazy\" \/>\t\t\t\t\t\t\t\t\t\t\t\t\t\t\t<\/div>\n\t\t\t\t<\/div>\n\t\t\t\t<div class=\"elementor-element elementor-element-66dec57 elementor-widget elementor-widget-heading\" data-id=\"66dec57\" data-element_type=\"widget\" data-e-type=\"widget\" data-widget_type=\"heading.default\">\n\t\t\t\t<div class=\"elementor-widget-container\">\n\t\t\t\t\t<h3 class=\"elementor-heading-title elementor-size-default\">Domingu 12 d'abril de 2026<\/h3>\t\t\t\t<\/div>\n\t\t\t\t<\/div>\n\t\t\t\t<div class=\"elementor-element elementor-element-6850fe7 elementor-widget elementor-widget-heading\" data-id=\"6850fe7\" data-element_type=\"widget\" data-e-type=\"widget\" data-widget_type=\"heading.default\">\n\t\t\t\t<div class=\"elementor-widget-container\">\n\t\t\t\t\t<h3 class=\"elementor-heading-title elementor-size-default\">\u27a4 La Ben\u00e9fica de Pilo\u00f1a<\/h3>\t\t\t\t<\/div>\n\t\t\t\t<\/div>\n\t\t\t\t<div class=\"elementor-element elementor-element-683690d elementor-widget elementor-widget-heading\" data-id=\"683690d\" data-element_type=\"widget\" data-e-type=\"widget\" data-widget_type=\"heading.default\">\n\t\t\t\t<div class=\"elementor-widget-container\">\n\t\t\t\t\t<h2 class=\"elementor-heading-title elementor-size-default\">Per Caleyes y Senderos<br \/>Xornada III, Remocicanos<\/h2>\t\t\t\t<\/div>\n\t\t\t\t<\/div>\n\t\t\t\t<div class=\"elementor-element elementor-element-7c5d530 elementor-widget elementor-widget-toggle\" data-id=\"7c5d530\" data-element_type=\"widget\" data-e-type=\"widget\" data-widget_type=\"toggle.default\">\n\t\t\t\t<div class=\"elementor-widget-container\">\n\t\t\t\t\t\t\t<div class=\"elementor-toggle\">\n\t\t\t\t\t\t\t<div class=\"elementor-toggle-item\">\n\t\t\t\t\t<div id=\"elementor-tab-title-1301\" class=\"elementor-tab-title\" data-tab=\"1\" role=\"button\" aria-controls=\"elementor-tab-content-1301\" aria-expanded=\"false\">\n\t\t\t\t\t\t\t\t\t\t\t\t<span class=\"elementor-toggle-icon elementor-toggle-icon-right\" aria-hidden=\"true\">\n\t\t\t\t\t\t\t\t\t\t\t\t\t\t\t<span class=\"elementor-toggle-icon-closed\"><i class=\"fas fa-angle-double-down\"><\/i><\/span>\n\t\t\t\t\t\t\t\t<span class=\"elementor-toggle-icon-opened\"><i class=\"elementor-toggle-icon-opened fas fa-angle-double-up\"><\/i><\/span>\n\t\t\t\t\t\t\t\t\t\t\t\t\t<\/span>\n\t\t\t\t\t\t\t\t\t\t\t\t<a class=\"elementor-toggle-title\" tabindex=\"0\">+ INFO<\/a>\n\t\t\t\t\t<\/div>\n\n\t\t\t\t\t<div id=\"elementor-tab-content-1301\" class=\"elementor-tab-content elementor-clearfix\" data-tab=\"1\" role=\"region\" aria-labelledby=\"elementor-tab-title-1301\"><p><strong>Domingu 12 d&#8217;abril de 2026<\/strong><br \/><strong>De 10.00 a 14.30h<br \/><\/strong><em>Pa tolos p\u00fablicos<br \/>Entrada de baldre con inscripci\u00f3n<br \/><\/em><\/p>\n<hr>\n<hr>\n<hr>\n<p><span style=\"font-weight: 400;\">Vuelven Per Caleyes y Senderos, tr\u00e9s d\u00edes d\u2019alcuentros ente persones profesionales, aficionaes y amantes de la cultura. Esti a\u00f1u vamos poner el focu na  <\/span><b> diversid\u00e1 de la cultura nel rural. <\/b> <\/p>\n<p><span style=\"font-weight: 400;\">El tercer d\u00eda, domingu 12 d\u2019abril, vamos<\/span> <b><i>remocicar <\/i><\/b><span style=\"font-weight: 400;\">y desbrozar esos caminos, pa ver bien l\u2019encruz que puede haber nos proyectos culturales, y rematar habit\u00e1ndolos baillando.<\/span><\/p>\n<p><span style=\"font-weight: 400;\">Estes xornaes t\u00e1n pensaes pa cualquier persona artista, artesana, profesional de la cultura, dinamizadora o interesada no cultural que desenvuelva l\u2019activid\u00e1 nel \u00e1mbitu rural.<\/span><\/p>\n<p><strong>\u00a1M\u00e1s informaci\u00f3n e inscripciones <span style=\"color: #3962ff;\"><a style=\"color: #3962ff;\" title=\"Per Caleyes y Senderos II\" href=\"https:\/\/labenefica.org\/ast\/per-caleyes-y-senderos-ii\/\">equ\u00ed<\/a><\/span>!<\/strong><\/p>\n<\/div>\n\t\t\t\t<\/div>\n\t\t\t\t\t\t\t\t<\/div>\n\t\t\t\t\t\t<\/div>\n\t\t\t\t<\/div>\n\t\t\t\t\t<\/div>\n\t\t<\/div>\n\t\t\t\t<div class=\"elementor-column elementor-col-25 elementor-top-column elementor-element elementor-element-e8d425c\" data-id=\"e8d425c\" data-element_type=\"column\" data-e-type=\"column\" data-settings=\"{&quot;background_background&quot;:&quot;classic&quot;}\">\n\t\t\t<div class=\"elementor-widget-wrap elementor-element-populated\">\n\t\t\t\t\t\t<div class=\"elementor-element elementor-element-620a2aa elementor-widget elementor-widget-image\" data-id=\"620a2aa\" data-element_type=\"widget\" data-e-type=\"widget\" data-widget_type=\"image.default\">\n\t\t\t\t<div class=\"elementor-widget-container\">\n\t\t\t\t\t\t\t\t\t\t\t\t\t\t\t<img decoding=\"async\" src=\"https:\/\/labenefica.org\/wp-content\/uploads\/2026\/03\/05-Per-Caleyes-IG.jpg\" title=\"05-Per-Caleyes-IG\" alt=\"05-Per-Caleyes-IG\" loading=\"lazy\" \/>\t\t\t\t\t\t\t\t\t\t\t\t\t\t\t<\/div>\n\t\t\t\t<\/div>\n\t\t\t\t<div class=\"elementor-element elementor-element-a4875b6 elementor-widget elementor-widget-heading\" data-id=\"a4875b6\" data-element_type=\"widget\" data-e-type=\"widget\" data-widget_type=\"heading.default\">\n\t\t\t\t<div class=\"elementor-widget-container\">\n\t\t\t\t\t<h3 class=\"elementor-heading-title elementor-size-default\">S\u00e1badu 11 d'abril de 2026<\/h3>\t\t\t\t<\/div>\n\t\t\t\t<\/div>\n\t\t\t\t<div class=\"elementor-element elementor-element-5950fb3 elementor-widget elementor-widget-heading\" data-id=\"5950fb3\" data-element_type=\"widget\" data-e-type=\"widget\" data-widget_type=\"heading.default\">\n\t\t\t\t<div class=\"elementor-widget-container\">\n\t\t\t\t\t<h3 class=\"elementor-heading-title elementor-size-default\">\u27a4 La Ben\u00e9fica de Pilo\u00f1a<\/h3>\t\t\t\t<\/div>\n\t\t\t\t<\/div>\n\t\t\t\t<div class=\"elementor-element elementor-element-930783b elementor-widget elementor-widget-heading\" data-id=\"930783b\" data-element_type=\"widget\" data-e-type=\"widget\" data-widget_type=\"heading.default\">\n\t\t\t\t<div class=\"elementor-widget-container\">\n\t\t\t\t\t<h2 class=\"elementor-heading-title elementor-size-default\">El esfuerzo constante<br \/>de ganarse la vida<\/h2>\t\t\t\t<\/div>\n\t\t\t\t<\/div>\n\t\t\t\t<div class=\"elementor-element elementor-element-b9a42f0 elementor-widget elementor-widget-toggle\" data-id=\"b9a42f0\" data-element_type=\"widget\" data-e-type=\"widget\" data-widget_type=\"toggle.default\">\n\t\t\t\t<div class=\"elementor-widget-container\">\n\t\t\t\t\t\t\t<div class=\"elementor-toggle\">\n\t\t\t\t\t\t\t<div class=\"elementor-toggle-item\">\n\t\t\t\t\t<div id=\"elementor-tab-title-1941\" class=\"elementor-tab-title\" data-tab=\"1\" role=\"button\" aria-controls=\"elementor-tab-content-1941\" aria-expanded=\"false\">\n\t\t\t\t\t\t\t\t\t\t\t\t<span class=\"elementor-toggle-icon elementor-toggle-icon-right\" aria-hidden=\"true\">\n\t\t\t\t\t\t\t\t\t\t\t\t\t\t\t<span class=\"elementor-toggle-icon-closed\"><i class=\"fas fa-angle-double-down\"><\/i><\/span>\n\t\t\t\t\t\t\t\t<span class=\"elementor-toggle-icon-opened\"><i class=\"elementor-toggle-icon-opened fas fa-angle-double-up\"><\/i><\/span>\n\t\t\t\t\t\t\t\t\t\t\t\t\t<\/span>\n\t\t\t\t\t\t\t\t\t\t\t\t<a class=\"elementor-toggle-title\" tabindex=\"0\">+ INFO<\/a>\n\t\t\t\t\t<\/div>\n\n\t\t\t\t\t<div id=\"elementor-tab-content-1941\" class=\"elementor-tab-content elementor-clearfix\" data-tab=\"1\" role=\"region\" aria-labelledby=\"elementor-tab-title-1941\"><p><strong>S\u00e1badu 11 d&#8217;abril de 2026<\/strong><br \/><strong>A les 20.30 (apertura 19.30)<br \/><\/strong><em>Pa tolos p\u00fablicos<br \/>Entrada de baldre con inscripci\u00f3n<br \/><\/em><\/p>\n<hr>\n<hr>\n<hr>\n<p><strong><span style=\"color: #3962ff;\"><a style=\"color: #3962ff;\" href=\"https:\/\/tallerplacer.com\/el-esfuerzo-constante-de-ganarse-la-vida\/\">&#8216;El esfuerzo constante de ganarse la vida<\/a><\/span><\/strong><span style=\"font-weight: 400;\">\u00bb ye una performance onde se trabaya lo m\u00ednimo, lo xusto y lo que\u2019l protagonista entiende por razonable. Va contanos lo que piensa de la disciplina, del trabayu del baillar\u00edn y del secuestru del nuestru tiempu. Va contanos c\u00f3mo se siente al repetir ocho hores al d\u00eda la mesma acci\u00f3n nuna f\u00e1brica o c\u00f3mo queda\u2019l cuerpu al baillar el mesmu espect\u00e1culu cinco a\u00f1os. Y pa poner el ramu va contanos unos chistes, equ\u00ed va \u00fan como exemplu: \u201dToos sedr\u00edemos m\u00e1s felices si trabay\u00e1semos de lo que nos gusta. Nel mio casu ta mui malo d\u2019atopar trabayu de macarrones con quesu.\u201d   <\/span><\/p>\n<p><span style=\"font-weight: 400;\">Una idea de Vicente Arlandis.<\/span><span style=\"font-weight: 400;\"> <\/span><\/p>\n<p>Masaxista: <span style=\"font-weight: 400;\"><strong><span style=\"color: #3962ff;\"><a style=\"color: #3962ff;\" href=\"https:\/\/www.instagram.com\/atroposbelladonna8\/\">Atropos Belladona.<\/a><\/span><\/strong><\/span><\/p>\n<p>Una producci\u00f3n de <span style=\"font-weight: 400;\"><strong><a style=\"color: #3962ff;\" href=\"https:\/\/tallerplacer.com\">Taller Placer.<\/a><\/strong><\/span><\/p>\n<p><strong>\u00a1M\u00e1s informaci\u00f3n e inscripciones <span style=\"color: #3962ff;\"><a style=\"color: #3962ff;\" title=\"Per Caleyes y Senderos II\" href=\"https:\/\/labenefica.org\/ast\/per-caleyes-y-senderos-ii\/\">equ\u00ed<\/a><\/span>!<\/strong><\/p>\n<\/div>\n\t\t\t\t<\/div>\n\t\t\t\t\t\t\t\t<\/div>\n\t\t\t\t\t\t<\/div>\n\t\t\t\t<\/div>\n\t\t\t\t\t<\/div>\n\t\t<\/div>\n\t\t\t\t<div class=\"elementor-column elementor-col-25 elementor-top-column elementor-element elementor-element-6c8962f\" data-id=\"6c8962f\" data-element_type=\"column\" data-e-type=\"column\" data-settings=\"{&quot;background_background&quot;:&quot;classic&quot;}\">\n\t\t\t<div class=\"elementor-widget-wrap elementor-element-populated\">\n\t\t\t\t\t\t<div class=\"elementor-element elementor-element-6477e13 elementor-widget elementor-widget-image\" data-id=\"6477e13\" data-element_type=\"widget\" data-e-type=\"widget\" data-widget_type=\"image.default\">\n\t\t\t\t<div class=\"elementor-widget-container\">\n\t\t\t\t\t\t\t\t\t\t\t\t\t\t\t<img decoding=\"async\" src=\"https:\/\/labenefica.org\/wp-content\/uploads\/2026\/03\/03-Per-Caleyes-IG.jpg\" title=\"03-Per-Caleyes-IG\" alt=\"03-Per-Caleyes-IG\" loading=\"lazy\" \/>\t\t\t\t\t\t\t\t\t\t\t\t\t\t\t<\/div>\n\t\t\t\t<\/div>\n\t\t\t\t<div class=\"elementor-element elementor-element-7fed144 elementor-widget elementor-widget-heading\" data-id=\"7fed144\" data-element_type=\"widget\" data-e-type=\"widget\" data-widget_type=\"heading.default\">\n\t\t\t\t<div class=\"elementor-widget-container\">\n\t\t\t\t\t<h3 class=\"elementor-heading-title elementor-size-default\">S\u00e1badu 11 d'abril de 2026<\/h3>\t\t\t\t<\/div>\n\t\t\t\t<\/div>\n\t\t\t\t<div class=\"elementor-element elementor-element-08416ad elementor-widget elementor-widget-heading\" data-id=\"08416ad\" data-element_type=\"widget\" data-e-type=\"widget\" data-widget_type=\"heading.default\">\n\t\t\t\t<div class=\"elementor-widget-container\">\n\t\t\t\t\t<h3 class=\"elementor-heading-title elementor-size-default\">\u27a4 La Ben\u00e9fica de Pilo\u00f1a<\/h3>\t\t\t\t<\/div>\n\t\t\t\t<\/div>\n\t\t\t\t<div class=\"elementor-element elementor-element-0e0c1cf elementor-widget elementor-widget-heading\" data-id=\"0e0c1cf\" data-element_type=\"widget\" data-e-type=\"widget\" data-widget_type=\"heading.default\">\n\t\t\t\t<div class=\"elementor-widget-container\">\n\t\t\t\t\t<h2 class=\"elementor-heading-title elementor-size-default\">Per Caleyes y Senderos<br \/>Xornada II, Les Llendes<\/h2>\t\t\t\t<\/div>\n\t\t\t\t<\/div>\n\t\t\t\t<div class=\"elementor-element elementor-element-f9501a2 elementor-widget elementor-widget-toggle\" data-id=\"f9501a2\" data-element_type=\"widget\" data-e-type=\"widget\" data-widget_type=\"toggle.default\">\n\t\t\t\t<div class=\"elementor-widget-container\">\n\t\t\t\t\t\t\t<div class=\"elementor-toggle\">\n\t\t\t\t\t\t\t<div class=\"elementor-toggle-item\">\n\t\t\t\t\t<div id=\"elementor-tab-title-2611\" class=\"elementor-tab-title\" data-tab=\"1\" role=\"button\" aria-controls=\"elementor-tab-content-2611\" aria-expanded=\"false\">\n\t\t\t\t\t\t\t\t\t\t\t\t<span class=\"elementor-toggle-icon elementor-toggle-icon-right\" aria-hidden=\"true\">\n\t\t\t\t\t\t\t\t\t\t\t\t\t\t\t<span class=\"elementor-toggle-icon-closed\"><i class=\"fas fa-angle-double-down\"><\/i><\/span>\n\t\t\t\t\t\t\t\t<span class=\"elementor-toggle-icon-opened\"><i class=\"elementor-toggle-icon-opened fas fa-angle-double-up\"><\/i><\/span>\n\t\t\t\t\t\t\t\t\t\t\t\t\t<\/span>\n\t\t\t\t\t\t\t\t\t\t\t\t<a class=\"elementor-toggle-title\" tabindex=\"0\">+ INFO<\/a>\n\t\t\t\t\t<\/div>\n\n\t\t\t\t\t<div id=\"elementor-tab-content-2611\" class=\"elementor-tab-content elementor-clearfix\" data-tab=\"1\" role=\"region\" aria-labelledby=\"elementor-tab-title-2611\"><p><strong>S\u00e1badu 11 d&#8217;abril de 2026<\/strong><br \/><strong>De 10.00 a 21.30<br \/><\/strong><em>Pa tolos p\u00fablicos<br \/>Entrada de baldre con inscripci\u00f3n<br \/><\/em><\/p>\n<hr>\n<hr>\n<hr>\n<p><span style=\"font-weight: 400;\">Vuelven Per Caleyes y Senderos, tr\u00e9s d\u00edes d\u2019alcuentros ente persones profesionales, aficionaes y amantes de la cultura. Esti a\u00f1u vamos poner el focu na  <\/span><b> diversid\u00e1 de la cultura nel rural. <\/b> <\/p>\n<p><span style=\"font-weight: 400;\">En la segunda jornada, s\u00e1bado 11 de abril, vamos a andar despacio y explorar<\/span> <b>los l\u00edmites <\/b>d<span style=\"font-weight: 400;\">el trabajo cultural para redirigirlos, ampliarlos o jugar con ellos.<\/span><\/p>\n<p><span style=\"font-weight: 400;\">Estes xornaes t\u00e1n pensaes pa cualquier persona artista, artesana, profesional de la cultura, dinamizadora o interesada no cultural que desenvuelva l\u2019activid\u00e1 nel \u00e1mbitu rural.<\/span><\/p>\n<p><strong>\u00a1M\u00e1s informaci\u00f3n e inscripciones <span style=\"color: #3962ff;\"><a style=\"color: #3962ff;\" title=\"Per Caleyes y Senderos II\" href=\"https:\/\/labenefica.org\/ast\/per-caleyes-y-senderos-ii\/\">equ\u00ed<\/a><\/span>!<\/strong><\/p>\n<\/div>\n\t\t\t\t<\/div>\n\t\t\t\t\t\t\t\t<\/div>\n\t\t\t\t\t\t<\/div>\n\t\t\t\t<\/div>\n\t\t\t\t\t<\/div>\n\t\t<\/div>\n\t\t\t\t\t<\/div>\n\t\t<\/section>\n\t\t\t\t<section class=\"elementor-section elementor-top-section elementor-element elementor-element-9617a39 elementor-section-full_width elementor-section-height-default elementor-section-height-default qodef-elementor-content-no\" data-id=\"9617a39\" data-element_type=\"section\" data-e-type=\"section\">\n\t\t\t\t\t\t<div class=\"elementor-container elementor-column-gap-custom\">\n\t\t\t\t\t<div class=\"elementor-column elementor-col-25 elementor-top-column elementor-element elementor-element-e6052e7\" data-id=\"e6052e7\" data-element_type=\"column\" data-e-type=\"column\" data-settings=\"{&quot;background_background&quot;:&quot;classic&quot;}\">\n\t\t\t<div class=\"elementor-widget-wrap elementor-element-populated\">\n\t\t\t\t\t\t<div class=\"elementor-element elementor-element-58d7eed elementor-widget elementor-widget-image\" data-id=\"58d7eed\" data-element_type=\"widget\" data-e-type=\"widget\" data-widget_type=\"image.default\">\n\t\t\t\t<div class=\"elementor-widget-container\">\n\t\t\t\t\t\t\t\t\t\t\t\t\t\t\t<img decoding=\"async\" src=\"https:\/\/labenefica.org\/wp-content\/uploads\/2026\/03\/01-Per-Caleyes-IG.jpg\" title=\"01-Per-Caleyes-IG\" alt=\"01-Per-Caleyes-IG\" loading=\"lazy\" \/>\t\t\t\t\t\t\t\t\t\t\t\t\t\t\t<\/div>\n\t\t\t\t<\/div>\n\t\t\t\t<div class=\"elementor-element elementor-element-716f140 elementor-widget elementor-widget-heading\" data-id=\"716f140\" data-element_type=\"widget\" data-e-type=\"widget\" data-widget_type=\"heading.default\">\n\t\t\t\t<div class=\"elementor-widget-container\">\n\t\t\t\t\t<h3 class=\"elementor-heading-title elementor-size-default\">Vienres 10 d'abril de 2026<\/h3>\t\t\t\t<\/div>\n\t\t\t\t<\/div>\n\t\t\t\t<div class=\"elementor-element elementor-element-9cb328f elementor-widget elementor-widget-heading\" data-id=\"9cb328f\" data-element_type=\"widget\" data-e-type=\"widget\" data-widget_type=\"heading.default\">\n\t\t\t\t<div class=\"elementor-widget-container\">\n\t\t\t\t\t<h3 class=\"elementor-heading-title elementor-size-default\">\u27a4 La Ben\u00e9fica de Pilo\u00f1a<\/h3>\t\t\t\t<\/div>\n\t\t\t\t<\/div>\n\t\t\t\t<div class=\"elementor-element elementor-element-e43efb0 elementor-widget elementor-widget-heading\" data-id=\"e43efb0\" data-element_type=\"widget\" data-e-type=\"widget\" data-widget_type=\"heading.default\">\n\t\t\t\t<div class=\"elementor-widget-container\">\n\t\t\t\t\t<h2 class=\"elementor-heading-title elementor-size-default\">Per Caleyes y Senderos\nXornada I, Orientanos<\/h2>\t\t\t\t<\/div>\n\t\t\t\t<\/div>\n\t\t\t\t<div class=\"elementor-element elementor-element-2723f1b elementor-widget elementor-widget-toggle\" data-id=\"2723f1b\" data-element_type=\"widget\" data-e-type=\"widget\" data-widget_type=\"toggle.default\">\n\t\t\t\t<div class=\"elementor-widget-container\">\n\t\t\t\t\t\t\t<div class=\"elementor-toggle\">\n\t\t\t\t\t\t\t<div class=\"elementor-toggle-item\">\n\t\t\t\t\t<div id=\"elementor-tab-title-4101\" class=\"elementor-tab-title\" data-tab=\"1\" role=\"button\" aria-controls=\"elementor-tab-content-4101\" aria-expanded=\"false\">\n\t\t\t\t\t\t\t\t\t\t\t\t<span class=\"elementor-toggle-icon elementor-toggle-icon-right\" aria-hidden=\"true\">\n\t\t\t\t\t\t\t\t\t\t\t\t\t\t\t<span class=\"elementor-toggle-icon-closed\"><i class=\"fas fa-angle-double-down\"><\/i><\/span>\n\t\t\t\t\t\t\t\t<span class=\"elementor-toggle-icon-opened\"><i class=\"elementor-toggle-icon-opened fas fa-angle-double-up\"><\/i><\/span>\n\t\t\t\t\t\t\t\t\t\t\t\t\t<\/span>\n\t\t\t\t\t\t\t\t\t\t\t\t<a class=\"elementor-toggle-title\" tabindex=\"0\">+ INFO<\/a>\n\t\t\t\t\t<\/div>\n\n\t\t\t\t\t<div id=\"elementor-tab-content-4101\" class=\"elementor-tab-content elementor-clearfix\" data-tab=\"1\" role=\"region\" aria-labelledby=\"elementor-tab-title-4101\"><p><strong>Vienres 10 d&#8217;abril de 2026<\/strong><br \/><strong>De 16.00 a 19.45<br \/><\/strong><em>Par tolos p\u00fablicos<br \/>Entrada de baldre con inscripci\u00f3n<br \/><\/em><\/p>\n<hr>\n<hr>\n<hr>\n<p><span style=\"font-weight: 400;\">Vuelven Per Caleyes y Senderos, tr\u00e9s d\u00edes d\u2019alcuentros ente persones profesionales, aficionaes y amantes de la cultura. Esti a\u00f1u vamos poner el focu na  <\/span><b> diversid\u00e1 de la cultura nel rural. <\/b> <\/p>\n<p><span style=\"font-weight: 400;\">Na primer xornada, vienres 10 d\u2019abril, vamos <\/span><b>orientanos<\/b>,<span style=\"font-weight: 400;\"> entender \u00f3nde tamos pa ponenos a caleyar. <\/span><\/p>\n<p><span style=\"font-weight: 400;\">Estes xornaes t\u00e1n pensaes pa cualquier persona artista, artesana, profesional de la cultura, dinamizadora o interesada no cultural que desenvuelva l\u2019activid\u00e1 nel \u00e1mbitu rural.<\/span><\/p>\n<p><strong>\u00a1M\u00e1s informaci\u00f3n e inscripciones <span style=\"color: #3962ff;\"><a style=\"color: #3962ff;\" title=\"Per Caleyes y Senderos II\" href=\"https:\/\/labenefica.org\/ast\/per-caleyes-y-senderos-ii\/\">equ\u00ed<\/a><\/span>!<\/strong><\/p>\n<\/div>\n\t\t\t\t<\/div>\n\t\t\t\t\t\t\t\t<\/div>\n\t\t\t\t\t\t<\/div>\n\t\t\t\t<\/div>\n\t\t\t\t\t<\/div>\n\t\t<\/div>\n\t\t\t\t<div class=\"elementor-column elementor-col-25 elementor-top-column elementor-element elementor-element-31f3c61\" data-id=\"31f3c61\" data-element_type=\"column\" data-e-type=\"column\" data-settings=\"{&quot;background_background&quot;:&quot;classic&quot;}\">\n\t\t\t<div class=\"elementor-widget-wrap elementor-element-populated\">\n\t\t\t\t\t\t<div class=\"elementor-element elementor-element-fee30a5 elementor-widget elementor-widget-image\" data-id=\"fee30a5\" data-element_type=\"widget\" data-e-type=\"widget\" data-widget_type=\"image.default\">\n\t\t\t\t<div class=\"elementor-widget-container\">\n\t\t\t\t\t\t\t\t\t\t\t\t\t\t\t<img decoding=\"async\" src=\"https:\/\/labenefica.org\/wp-content\/uploads\/2026\/02\/29M-Baile-IG.jpg\" title=\"29M-Baile-IG\" alt=\"29M-Baile-IG\" loading=\"lazy\" \/>\t\t\t\t\t\t\t\t\t\t\t\t\t\t\t<\/div>\n\t\t\t\t<\/div>\n\t\t\t\t<div class=\"elementor-element elementor-element-9ea7ce6 elementor-widget elementor-widget-heading\" data-id=\"9ea7ce6\" data-element_type=\"widget\" data-e-type=\"widget\" data-widget_type=\"heading.default\">\n\t\t\t\t<div class=\"elementor-widget-container\">\n\t\t\t\t\t<h3 class=\"elementor-heading-title elementor-size-default\">Domingu 29 de marzu de 2026<\/h3>\t\t\t\t<\/div>\n\t\t\t\t<\/div>\n\t\t\t\t<div class=\"elementor-element elementor-element-626c577 elementor-widget elementor-widget-heading\" data-id=\"626c577\" data-element_type=\"widget\" data-e-type=\"widget\" data-widget_type=\"heading.default\">\n\t\t\t\t<div class=\"elementor-widget-container\">\n\t\t\t\t\t<h3 class=\"elementor-heading-title elementor-size-default\">\u27a4 La Ben\u00e9fica de Pilo\u00f1a<\/h3>\t\t\t\t<\/div>\n\t\t\t\t<\/div>\n\t\t\t\t<div class=\"elementor-element elementor-element-ac4ec9a elementor-widget elementor-widget-heading\" data-id=\"ac4ec9a\" data-element_type=\"widget\" data-e-type=\"widget\" data-widget_type=\"heading.default\">\n\t\t\t\t<div class=\"elementor-widget-container\">\n\t\t\t\t\t<h2 class=\"elementor-heading-title elementor-size-default\">\u00a1As\u00ed se baila! con D\u00fao Impresi\u00f3n<\/h2>\t\t\t\t<\/div>\n\t\t\t\t<\/div>\n\t\t\t\t<div class=\"elementor-element elementor-element-af2f1ac elementor-widget elementor-widget-toggle\" data-id=\"af2f1ac\" data-element_type=\"widget\" data-e-type=\"widget\" data-widget_type=\"toggle.default\">\n\t\t\t\t<div class=\"elementor-widget-container\">\n\t\t\t\t\t\t\t<div class=\"elementor-toggle\">\n\t\t\t\t\t\t\t<div class=\"elementor-toggle-item\">\n\t\t\t\t\t<div id=\"elementor-tab-title-1831\" class=\"elementor-tab-title\" data-tab=\"1\" role=\"button\" aria-controls=\"elementor-tab-content-1831\" aria-expanded=\"false\">\n\t\t\t\t\t\t\t\t\t\t\t\t<span class=\"elementor-toggle-icon elementor-toggle-icon-right\" aria-hidden=\"true\">\n\t\t\t\t\t\t\t\t\t\t\t\t\t\t\t<span class=\"elementor-toggle-icon-closed\"><i class=\"fas fa-angle-double-down\"><\/i><\/span>\n\t\t\t\t\t\t\t\t<span class=\"elementor-toggle-icon-opened\"><i class=\"elementor-toggle-icon-opened fas fa-angle-double-up\"><\/i><\/span>\n\t\t\t\t\t\t\t\t\t\t\t\t\t<\/span>\n\t\t\t\t\t\t\t\t\t\t\t\t<a class=\"elementor-toggle-title\" tabindex=\"0\">+ INFO<\/a>\n\t\t\t\t\t<\/div>\n\n\t\t\t\t\t<div id=\"elementor-tab-content-1831\" class=\"elementor-tab-content elementor-clearfix\" data-tab=\"1\" role=\"region\" aria-labelledby=\"elementor-tab-title-1831\"><p><strong>Domingu 29 de marzu de 2026<\/strong><br \/><strong>De 18.00 a 21.00<br \/><\/strong><em>Pa tolos p\u00fablicos<br \/>Entrada de baldre<\/em><\/p>\n<hr>\n<hr>\n<hr>\n<p><strong>Baille de los de tola vida, \u00a1acorde\u00f3n y chocolatada pa tolos p\u00fablicos!<\/strong><\/p>\n<p><span style=\"font-weight: 400;\">Vuelve el nuestru baille, de los de tola vida, col acorde\u00f3n y la voz de los nuestros quer\u00edos<\/span> <b>D\u00fao Impresi\u00f3n.<\/b><span style=\"font-weight: 400;\"> Proponemos esti plan de tardeo, que tambi\u00e9n ye un plan de meneo, nun apto pa mirones, pero s\u00ed pa menores. Dende\u2019l pasodoble hasta\u2019l chachach\u00e1, pasando pola cumbia, el merengue y asturianada varia.  Va haber chocolatada y rifa, pero sobremanera bien de m\u00fasica y baille.<\/span><\/p>\n<\/div>\n\t\t\t\t<\/div>\n\t\t\t\t\t\t\t\t<\/div>\n\t\t\t\t\t\t<\/div>\n\t\t\t\t<\/div>\n\t\t\t\t\t<\/div>\n\t\t<\/div>\n\t\t\t\t<div class=\"elementor-column elementor-col-25 elementor-top-column elementor-element elementor-element-4a43768\" data-id=\"4a43768\" data-element_type=\"column\" data-e-type=\"column\" data-settings=\"{&quot;background_background&quot;:&quot;classic&quot;}\">\n\t\t\t<div class=\"elementor-widget-wrap elementor-element-populated\">\n\t\t\t\t\t\t<div class=\"elementor-element elementor-element-931ca82 elementor-widget elementor-widget-image\" data-id=\"931ca82\" data-element_type=\"widget\" data-e-type=\"widget\" data-widget_type=\"image.default\">\n\t\t\t\t<div class=\"elementor-widget-container\">\n\t\t\t\t\t\t\t\t\t\t\t\t\t\t\t<img decoding=\"async\" src=\"https:\/\/labenefica.org\/wp-content\/uploads\/2025\/10\/Decrecer-Web-1.jpg\" title=\"Decrecer-Web\" alt=\"Decrecer-Web\" loading=\"lazy\" \/>\t\t\t\t\t\t\t\t\t\t\t\t\t\t\t<\/div>\n\t\t\t\t<\/div>\n\t\t\t\t<div class=\"elementor-element elementor-element-60fbf22 elementor-widget elementor-widget-heading\" data-id=\"60fbf22\" data-element_type=\"widget\" data-e-type=\"widget\" data-widget_type=\"heading.default\">\n\t\t\t\t<div class=\"elementor-widget-container\">\n\t\t\t\t\t<h3 class=\"elementor-heading-title elementor-size-default\">S\u00e1badu 28 de marzu de 2026<\/h3>\t\t\t\t<\/div>\n\t\t\t\t<\/div>\n\t\t\t\t<div class=\"elementor-element elementor-element-bc212e1 elementor-widget elementor-widget-heading\" data-id=\"bc212e1\" data-element_type=\"widget\" data-e-type=\"widget\" data-widget_type=\"heading.default\">\n\t\t\t\t<div class=\"elementor-widget-container\">\n\t\t\t\t\t<h3 class=\"elementor-heading-title elementor-size-default\">\u27a4 La Ben\u00e9fica de Pilo\u00f1a<\/h3>\t\t\t\t<\/div>\n\t\t\t\t<\/div>\n\t\t\t\t<div class=\"elementor-element elementor-element-cf8e631 elementor-widget elementor-widget-heading\" data-id=\"cf8e631\" data-element_type=\"widget\" data-e-type=\"widget\" data-widget_type=\"heading.default\">\n\t\t\t\t<div class=\"elementor-widget-container\">\n\t\t\t\t\t<h2 class=\"elementor-heading-title elementor-size-default\">Asamblea abierta de Asturies pol Decrecer<\/h2>\t\t\t\t<\/div>\n\t\t\t\t<\/div>\n\t\t\t\t<div class=\"elementor-element elementor-element-70c10bc elementor-widget elementor-widget-toggle\" data-id=\"70c10bc\" data-element_type=\"widget\" data-e-type=\"widget\" data-widget_type=\"toggle.default\">\n\t\t\t\t<div class=\"elementor-widget-container\">\n\t\t\t\t\t\t\t<div class=\"elementor-toggle\">\n\t\t\t\t\t\t\t<div class=\"elementor-toggle-item\">\n\t\t\t\t\t<div id=\"elementor-tab-title-1181\" class=\"elementor-tab-title\" data-tab=\"1\" role=\"button\" aria-controls=\"elementor-tab-content-1181\" aria-expanded=\"false\">\n\t\t\t\t\t\t\t\t\t\t\t\t<span class=\"elementor-toggle-icon elementor-toggle-icon-right\" aria-hidden=\"true\">\n\t\t\t\t\t\t\t\t\t\t\t\t\t\t\t<span class=\"elementor-toggle-icon-closed\"><i class=\"fas fa-angle-double-down\"><\/i><\/span>\n\t\t\t\t\t\t\t\t<span class=\"elementor-toggle-icon-opened\"><i class=\"elementor-toggle-icon-opened fas fa-angle-double-up\"><\/i><\/span>\n\t\t\t\t\t\t\t\t\t\t\t\t\t<\/span>\n\t\t\t\t\t\t\t\t\t\t\t\t<a class=\"elementor-toggle-title\" tabindex=\"0\">+ INFO<\/a>\n\t\t\t\t\t<\/div>\n\n\t\t\t\t\t<div id=\"elementor-tab-content-1181\" class=\"elementor-tab-content elementor-clearfix\" data-tab=\"1\" role=\"region\" aria-labelledby=\"elementor-tab-title-1181\"><p><strong>S\u00e1badu 28 de marzu de 2026<\/strong><br \/><strong>A partir de les 10.00<br \/><\/strong><em>Pa tolos p\u00fablicos<br \/>Entrada de baldre<br \/><\/em><\/p>\n<hr>\n<hr>\n<hr>\n<p><strong>\u00a1Ven compartir moliciones, propuestes y enfotu! Xuntes podemos imaginar y construir otru futuru.<\/strong><\/p>\n<p>\u00bfSientes que&#8217; l sistema actual nos lleva a un futuru esmolecedor? \u00bfOyes falar del decrecimientu pero nun sabes bien qu\u00e9 prop\u00f3n?<br \/>El Decrecimientu ye un cam\u00edn pa vivir meyor y de forma m\u00e1s plena, poniendo la vida nel centru.<br \/>Mediuambiente, ecolox\u00eda, ecofeminismu, xusticia social, econom\u00eda alternativa, movilid\u00e1 sostenible, &#8230;<br \/>Convid\u00e1mosvos a una asamblea din\u00e1mica y participativa pa pensar xuntos c\u00f3mo aterrizar estes idees na nuesa vida cotidiana, nel nuesu pueblu, na nuesa tierra.   <\/p>\n<p>\u00a1Ven compartir moliciones, propuestes y enfotu! Xuntes podemos imaginar y construir otru futuru. <\/p>\n<\/div>\n\t\t\t\t<\/div>\n\t\t\t\t\t\t\t\t<\/div>\n\t\t\t\t\t\t<\/div>\n\t\t\t\t<\/div>\n\t\t\t\t\t<\/div>\n\t\t<\/div>\n\t\t\t\t<div class=\"elementor-column elementor-col-25 elementor-top-column elementor-element elementor-element-a98d960\" data-id=\"a98d960\" data-element_type=\"column\" data-e-type=\"column\" data-settings=\"{&quot;background_background&quot;:&quot;classic&quot;}\">\n\t\t\t<div class=\"elementor-widget-wrap elementor-element-populated\">\n\t\t\t\t\t\t<div class=\"elementor-element elementor-element-635f39c elementor-widget elementor-widget-image\" data-id=\"635f39c\" data-element_type=\"widget\" data-e-type=\"widget\" data-widget_type=\"image.default\">\n\t\t\t\t<div class=\"elementor-widget-container\">\n\t\t\t\t\t\t\t\t\t\t\t\t\t\t\t<img decoding=\"async\" src=\"https:\/\/labenefica.org\/wp-content\/uploads\/2026\/03\/Residencias-1-IG.jpg\" title=\"Residencias-1-IG\" alt=\"Residencias-1-IG\" loading=\"lazy\" \/>\t\t\t\t\t\t\t\t\t\t\t\t\t\t\t<\/div>\n\t\t\t\t<\/div>\n\t\t\t\t<div class=\"elementor-element elementor-element-df6b662 elementor-widget elementor-widget-heading\" data-id=\"df6b662\" data-element_type=\"widget\" data-e-type=\"widget\" data-widget_type=\"heading.default\">\n\t\t\t\t<div class=\"elementor-widget-container\">\n\t\t\t\t\t<h3 class=\"elementor-heading-title elementor-size-default\">Hasta\u2019l 22 de marzu de 2026<\/h3>\t\t\t\t<\/div>\n\t\t\t\t<\/div>\n\t\t\t\t<div class=\"elementor-element elementor-element-f0d44a9 elementor-widget elementor-widget-heading\" data-id=\"f0d44a9\" data-element_type=\"widget\" data-e-type=\"widget\" data-widget_type=\"heading.default\">\n\t\t\t\t<div class=\"elementor-widget-container\">\n\t\t\t\t\t<h3 class=\"elementor-heading-title elementor-size-default\">\u27a4 La Ben\u00e9fica de Pilo\u00f1a<\/h3>\t\t\t\t<\/div>\n\t\t\t\t<\/div>\n\t\t\t\t<div class=\"elementor-element elementor-element-eb8b818 elementor-widget elementor-widget-heading\" data-id=\"eb8b818\" data-element_type=\"widget\" data-e-type=\"widget\" data-widget_type=\"heading.default\">\n\t\t\t\t<div class=\"elementor-widget-container\">\n\t\t\t\t\t<h2 class=\"elementor-heading-title elementor-size-default\">Murmullu: Convocatoria abierta pa facer podcast n'asturianu<\/h2>\t\t\t\t<\/div>\n\t\t\t\t<\/div>\n\t\t\t\t<div class=\"elementor-element elementor-element-11c6e61 elementor-widget elementor-widget-toggle\" data-id=\"11c6e61\" data-element_type=\"widget\" data-e-type=\"widget\" data-widget_type=\"toggle.default\">\n\t\t\t\t<div class=\"elementor-widget-container\">\n\t\t\t\t\t\t\t<div class=\"elementor-toggle\">\n\t\t\t\t\t\t\t<div class=\"elementor-toggle-item\">\n\t\t\t\t\t<div id=\"elementor-tab-title-1861\" class=\"elementor-tab-title\" data-tab=\"1\" role=\"button\" aria-controls=\"elementor-tab-content-1861\" aria-expanded=\"false\">\n\t\t\t\t\t\t\t\t\t\t\t\t<span class=\"elementor-toggle-icon elementor-toggle-icon-right\" aria-hidden=\"true\">\n\t\t\t\t\t\t\t\t\t\t\t\t\t\t\t<span class=\"elementor-toggle-icon-closed\"><i class=\"fas fa-angle-double-down\"><\/i><\/span>\n\t\t\t\t\t\t\t\t<span class=\"elementor-toggle-icon-opened\"><i class=\"elementor-toggle-icon-opened fas fa-angle-double-up\"><\/i><\/span>\n\t\t\t\t\t\t\t\t\t\t\t\t\t<\/span>\n\t\t\t\t\t\t\t\t\t\t\t\t<a class=\"elementor-toggle-title\" tabindex=\"0\">+ INFO<\/a>\n\t\t\t\t\t<\/div>\n\n\t\t\t\t\t<div id=\"elementor-tab-content-1861\" class=\"elementor-tab-content elementor-clearfix\" data-tab=\"1\" role=\"region\" aria-labelledby=\"elementor-tab-title-1861\"><p><strong>Hasta&#8217;l 22 de marzu de 2026 hasta les 23:59<\/strong><strong><br \/><\/strong><em>Condiciones <span style=\"color: #17c466;\"><strong><a style=\"color: #17c466;\" href=\"https:\/\/radiobarullu.com\/murmullu\/\" target=\"_blank\" rel=\"noopener\">aqu\u00ed<\/a><\/strong><\/span><\/em><\/p>\n<hr>\n<hr>\n<hr>\n<p><b>MURMULLU<\/b><span style=\"font-weight: 400;\"> ye una residencia pa facer podcasts n\u2019asturianu. amos buscando moced\u00e1 residente n\u2019Asturies con inter\u00e9s na radio. Esta convocatoria nun se dirixe a artistes o perfiles espec\u00edficos, sin\u00f3n a cualquier persona con molici\u00f3n por crear un podcast propiu. La tem\u00e1tica del podcast es llibre y el n\u00famberu de participantes por propuesta ye d\u2019ente 1 y 5 persones ente 14 y 35 a\u00f1os. Nun fai falta esperiencia art\u00edstica, solo inter\u00e9s por facer radio.  <\/span><\/p>\n<\/div>\n\t\t\t\t<\/div>\n\t\t\t\t\t\t\t\t<\/div>\n\t\t\t\t\t\t<\/div>\n\t\t\t\t<\/div>\n\t\t\t\t\t<\/div>\n\t\t<\/div>\n\t\t\t\t\t<\/div>\n\t\t<\/section>\n\t\t\t\t<section class=\"elementor-section elementor-top-section elementor-element elementor-element-8f59bdf elementor-section-full_width elementor-section-height-default elementor-section-height-default qodef-elementor-content-no\" data-id=\"8f59bdf\" data-element_type=\"section\" data-e-type=\"section\">\n\t\t\t\t\t\t<div class=\"elementor-container elementor-column-gap-custom\">\n\t\t\t\t\t<div class=\"elementor-column elementor-col-25 elementor-top-column elementor-element elementor-element-c67ed4d\" data-id=\"c67ed4d\" data-element_type=\"column\" data-e-type=\"column\" data-settings=\"{&quot;background_background&quot;:&quot;classic&quot;}\">\n\t\t\t<div class=\"elementor-widget-wrap elementor-element-populated\">\n\t\t\t\t\t\t<div class=\"elementor-element elementor-element-911a589 elementor-widget elementor-widget-image\" data-id=\"911a589\" data-element_type=\"widget\" data-e-type=\"widget\" data-widget_type=\"image.default\">\n\t\t\t\t<div class=\"elementor-widget-container\">\n\t\t\t\t\t\t\t\t\t\t\t\t\t\t\t<img decoding=\"async\" src=\"https:\/\/labenefica.org\/wp-content\/uploads\/2026\/02\/14M-Primavera.jpg\" title=\"14M-Primavera\" alt=\"14M-Primavera\" loading=\"lazy\" \/>\t\t\t\t\t\t\t\t\t\t\t\t\t\t\t<\/div>\n\t\t\t\t<\/div>\n\t\t\t\t<div class=\"elementor-element elementor-element-1c40dd1 elementor-widget elementor-widget-heading\" data-id=\"1c40dd1\" data-element_type=\"widget\" data-e-type=\"widget\" data-widget_type=\"heading.default\">\n\t\t\t\t<div class=\"elementor-widget-container\">\n\t\t\t\t\t<h3 class=\"elementor-heading-title elementor-size-default\">S\u00e1badu 14 de marzu de 2026<\/h3>\t\t\t\t<\/div>\n\t\t\t\t<\/div>\n\t\t\t\t<div class=\"elementor-element elementor-element-09101ef elementor-widget elementor-widget-heading\" data-id=\"09101ef\" data-element_type=\"widget\" data-e-type=\"widget\" data-widget_type=\"heading.default\">\n\t\t\t\t<div class=\"elementor-widget-container\">\n\t\t\t\t\t<h3 class=\"elementor-heading-title elementor-size-default\">\u27a4 La Ben\u00e9fica de Pilo\u00f1a<\/h3>\t\t\t\t<\/div>\n\t\t\t\t<\/div>\n\t\t\t\t<div class=\"elementor-element elementor-element-e526edf elementor-widget elementor-widget-heading\" data-id=\"e526edf\" data-element_type=\"widget\" data-e-type=\"widget\" data-widget_type=\"heading.default\">\n\t\t\t\t<div class=\"elementor-widget-container\">\n\t\t\t\t\t<h2 class=\"elementor-heading-title elementor-size-default\">Primavera en el Bosque, de Guillermo Forcelledo<\/h2>\t\t\t\t<\/div>\n\t\t\t\t<\/div>\n\t\t\t\t<div class=\"elementor-element elementor-element-11ce1d6 elementor-widget elementor-widget-toggle\" data-id=\"11ce1d6\" data-element_type=\"widget\" data-e-type=\"widget\" data-widget_type=\"toggle.default\">\n\t\t\t\t<div class=\"elementor-widget-container\">\n\t\t\t\t\t\t\t<div class=\"elementor-toggle\">\n\t\t\t\t\t\t\t<div class=\"elementor-toggle-item\">\n\t\t\t\t\t<div id=\"elementor-tab-title-1861\" class=\"elementor-tab-title\" data-tab=\"1\" role=\"button\" aria-controls=\"elementor-tab-content-1861\" aria-expanded=\"false\">\n\t\t\t\t\t\t\t\t\t\t\t\t<span class=\"elementor-toggle-icon elementor-toggle-icon-right\" aria-hidden=\"true\">\n\t\t\t\t\t\t\t\t\t\t\t\t\t\t\t<span class=\"elementor-toggle-icon-closed\"><i class=\"fas fa-angle-double-down\"><\/i><\/span>\n\t\t\t\t\t\t\t\t<span class=\"elementor-toggle-icon-opened\"><i class=\"elementor-toggle-icon-opened fas fa-angle-double-up\"><\/i><\/span>\n\t\t\t\t\t\t\t\t\t\t\t\t\t<\/span>\n\t\t\t\t\t\t\t\t\t\t\t\t<a class=\"elementor-toggle-title\" tabindex=\"0\">+ INFO<\/a>\n\t\t\t\t\t<\/div>\n\n\t\t\t\t\t<div id=\"elementor-tab-content-1861\" class=\"elementor-tab-content elementor-clearfix\" data-tab=\"1\" role=\"region\" aria-labelledby=\"elementor-tab-title-1861\"><p><strong>S\u00e1badu 14 de marzu de 2026<\/strong><br \/><strong>A les 12:30 (apertura de puertas a les 12:00)<br \/><\/strong><em>Pa tolos p\u00fablicos<br \/>Entrada de baldre<br \/><\/em><\/p>\n<hr>\n<hr>\n<hr>\n<p><strong>Presentaci\u00f3n de llibru con Rodrigo Cuevas, vecines y vecinos<br \/><\/strong><\/p>\n<p><span style=\"font-weight: 400;\">El s\u00e1badu 14 de marzu, vamos tener al nuestru vec\u00edn Guillermo Forcelledo present\u00e1ndonos el so llibru \u201cPrimavera en el bosque\u201d. <\/span><br \/>El que fuera maestru de la escuela L\u2019Infiestu y gran apasion\u00e1u de la bot\u00e1nica, <br \/><span style=\"font-weight: 400;\">narra nel so primer llibru la hestoria d&#8217;un fay\u00e9u asturianu al travi\u00e9s de los sos habitantes.<\/span><br \/><span style=\"font-weight: 400;\">Na presentaci\u00f3n va tar acompa\u00f1\u00e1u por Rodrigo Cuevas y polos vecinos que ficieron posible la edici\u00f3n del manuscritu.<\/span><\/p>\n<p><span style=\"font-weight: 400;\"> <\/span><\/p>\n<\/div>\n\t\t\t\t<\/div>\n\t\t\t\t\t\t\t\t<\/div>\n\t\t\t\t\t\t<\/div>\n\t\t\t\t<\/div>\n\t\t\t\t\t<\/div>\n\t\t<\/div>\n\t\t\t\t<div class=\"elementor-column elementor-col-25 elementor-top-column elementor-element elementor-element-bc49aff\" data-id=\"bc49aff\" data-element_type=\"column\" data-e-type=\"column\" data-settings=\"{&quot;background_background&quot;:&quot;classic&quot;}\">\n\t\t\t<div class=\"elementor-widget-wrap elementor-element-populated\">\n\t\t\t\t\t\t<div class=\"elementor-element elementor-element-73a6b0c elementor-widget elementor-widget-image\" data-id=\"73a6b0c\" data-element_type=\"widget\" data-e-type=\"widget\" data-widget_type=\"image.default\">\n\t\t\t\t<div class=\"elementor-widget-container\">\n\t\t\t\t\t\t\t\t\t\t\t\t\t\t\t<img decoding=\"async\" src=\"https:\/\/labenefica.org\/wp-content\/uploads\/2026\/02\/6M-Pancarta.jpg\" title=\"6M-Pancarta\" alt=\"6M-Pancarta\" loading=\"lazy\" \/>\t\t\t\t\t\t\t\t\t\t\t\t\t\t\t<\/div>\n\t\t\t\t<\/div>\n\t\t\t\t<div class=\"elementor-element elementor-element-41e1cf3 elementor-widget elementor-widget-heading\" data-id=\"41e1cf3\" data-element_type=\"widget\" data-e-type=\"widget\" data-widget_type=\"heading.default\">\n\t\t\t\t<div class=\"elementor-widget-container\">\n\t\t\t\t\t<h3 class=\"elementor-heading-title elementor-size-default\">Vienres 6 de marzu de 2026<\/h3>\t\t\t\t<\/div>\n\t\t\t\t<\/div>\n\t\t\t\t<div class=\"elementor-element elementor-element-f1bdeac elementor-widget elementor-widget-heading\" data-id=\"f1bdeac\" data-element_type=\"widget\" data-e-type=\"widget\" data-widget_type=\"heading.default\">\n\t\t\t\t<div class=\"elementor-widget-container\">\n\t\t\t\t\t<h3 class=\"elementor-heading-title elementor-size-default\">\u27a4 La Ben\u00e9fica de Pilo\u00f1a<\/h3>\t\t\t\t<\/div>\n\t\t\t\t<\/div>\n\t\t\t\t<div class=\"elementor-element elementor-element-d65d9e7 elementor-widget elementor-widget-heading\" data-id=\"d65d9e7\" data-element_type=\"widget\" data-e-type=\"widget\" data-widget_type=\"heading.default\">\n\t\t\t\t<div class=\"elementor-widget-container\">\n\t\t\t\t\t<h2 class=\"elementor-heading-title elementor-size-default\">\u00a1Ven facer la to pancarta pal 8M!<\/h2>\t\t\t\t<\/div>\n\t\t\t\t<\/div>\n\t\t\t\t<div class=\"elementor-element elementor-element-097bbd7 elementor-widget elementor-widget-toggle\" data-id=\"097bbd7\" data-element_type=\"widget\" data-e-type=\"widget\" data-widget_type=\"toggle.default\">\n\t\t\t\t<div class=\"elementor-widget-container\">\n\t\t\t\t\t\t\t<div class=\"elementor-toggle\">\n\t\t\t\t\t\t\t<div class=\"elementor-toggle-item\">\n\t\t\t\t\t<div id=\"elementor-tab-title-9941\" class=\"elementor-tab-title\" data-tab=\"1\" role=\"button\" aria-controls=\"elementor-tab-content-9941\" aria-expanded=\"false\">\n\t\t\t\t\t\t\t\t\t\t\t\t<span class=\"elementor-toggle-icon elementor-toggle-icon-right\" aria-hidden=\"true\">\n\t\t\t\t\t\t\t\t\t\t\t\t\t\t\t<span class=\"elementor-toggle-icon-closed\"><i class=\"fas fa-angle-double-down\"><\/i><\/span>\n\t\t\t\t\t\t\t\t<span class=\"elementor-toggle-icon-opened\"><i class=\"elementor-toggle-icon-opened fas fa-angle-double-up\"><\/i><\/span>\n\t\t\t\t\t\t\t\t\t\t\t\t\t<\/span>\n\t\t\t\t\t\t\t\t\t\t\t\t<a class=\"elementor-toggle-title\" tabindex=\"0\">+ INFO<\/a>\n\t\t\t\t\t<\/div>\n\n\t\t\t\t\t<div id=\"elementor-tab-content-9941\" class=\"elementor-tab-content elementor-clearfix\" data-tab=\"1\" role=\"region\" aria-labelledby=\"elementor-tab-title-9941\"><p><strong>Vienres 6 de marzu de 2026<\/strong><br \/><strong>De 11.00 a 14.00<br \/><\/strong><em>Pa tolos p\u00fablicos (espaciu de conciliaci\u00f3n infantil)<br \/>Entrada de baldre<br \/><\/em><\/p>\n<hr>\n<hr>\n<hr>\n<p><strong>Trai materiales recicl\u00e1os, dalg\u00fan lema pens\u00e1u \u00a1y ganes de compartir la llucha!<\/strong><\/p>\n<p><span style=\"font-weight: 400;\">Esti a\u00f1u, el 8M ye m\u00e1s rural que nunca, la manifestaci\u00f3n va ser el 8 de marzu a partir de les 12:30 en Villaviciosa, y por eso en L\u2019Infiestu queremos preparanos bien. Propon\u00e9mosvos utilizar l&#8217;espaciu de La Ben\u00e9fica pa facer pancartes, vamos tener cartones y daqu\u00e9 de pintura pero invit\u00e1mosvos a traer materiales reciclaos de casa pa poder crear xuntes. Va haber espaciu de conciliaci\u00f3n infantil con monitores pa facilitar l&#8217;asistencia de madres o padres. <\/span><\/p>\n<\/div>\n\t\t\t\t<\/div>\n\t\t\t\t\t\t\t\t<\/div>\n\t\t\t\t\t\t<\/div>\n\t\t\t\t<\/div>\n\t\t\t\t\t<\/div>\n\t\t<\/div>\n\t\t\t\t<div class=\"elementor-column elementor-col-25 elementor-top-column elementor-element elementor-element-acb9e9f\" data-id=\"acb9e9f\" data-element_type=\"column\" data-e-type=\"column\" data-settings=\"{&quot;background_background&quot;:&quot;classic&quot;}\">\n\t\t\t<div class=\"elementor-widget-wrap elementor-element-populated\">\n\t\t\t\t\t\t<div class=\"elementor-element elementor-element-4a017eb elementor-widget elementor-widget-image\" data-id=\"4a017eb\" data-element_type=\"widget\" data-e-type=\"widget\" data-widget_type=\"image.default\">\n\t\t\t\t<div class=\"elementor-widget-container\">\n\t\t\t\t\t\t\t\t\t\t\t\t\t\t\t<img decoding=\"async\" src=\"https:\/\/labenefica.org\/wp-content\/uploads\/2026\/02\/AntroxuDanza-26-Cancelau-IG.jpg\" title=\"Antroxu+Danza-26-Cancelau-IG\" alt=\"Antroxu+Danza-26-Cancelau-IG\" loading=\"lazy\" \/>\t\t\t\t\t\t\t\t\t\t\t\t\t\t\t<\/div>\n\t\t\t\t<\/div>\n\t\t\t\t<div class=\"elementor-element elementor-element-922684e elementor-widget elementor-widget-heading\" data-id=\"922684e\" data-element_type=\"widget\" data-e-type=\"widget\" data-widget_type=\"heading.default\">\n\t\t\t\t<div class=\"elementor-widget-container\">\n\t\t\t\t\t<h3 class=\"elementor-heading-title elementor-size-default\">S\u00e1badu 28 de febreru de 2026<\/h3>\t\t\t\t<\/div>\n\t\t\t\t<\/div>\n\t\t\t\t<div class=\"elementor-element elementor-element-851a68b elementor-widget elementor-widget-heading\" data-id=\"851a68b\" data-element_type=\"widget\" data-e-type=\"widget\" data-widget_type=\"heading.default\">\n\t\t\t\t<div class=\"elementor-widget-container\">\n\t\t\t\t\t<h3 class=\"elementor-heading-title elementor-size-default\">\u27a4 La Ben\u00e9fica de Pilo\u00f1a<\/h3>\t\t\t\t<\/div>\n\t\t\t\t<\/div>\n\t\t\t\t<div class=\"elementor-element elementor-element-fafe0fd elementor-widget elementor-widget-heading\" data-id=\"fafe0fd\" data-element_type=\"widget\" data-e-type=\"widget\" data-widget_type=\"heading.default\">\n\t\t\t\t<div class=\"elementor-widget-container\">\n\t\t\t\t\t<h2 class=\"elementor-heading-title elementor-size-default\">Antroxu en danza<\/h2>\t\t\t\t<\/div>\n\t\t\t\t<\/div>\n\t\t\t\t<div class=\"elementor-element elementor-element-0ec224e elementor-widget elementor-widget-toggle\" data-id=\"0ec224e\" data-element_type=\"widget\" data-e-type=\"widget\" data-widget_type=\"toggle.default\">\n\t\t\t\t<div class=\"elementor-widget-container\">\n\t\t\t\t\t\t\t<div class=\"elementor-toggle\">\n\t\t\t\t\t\t\t<div class=\"elementor-toggle-item\">\n\t\t\t\t\t<div id=\"elementor-tab-title-1541\" class=\"elementor-tab-title\" data-tab=\"1\" role=\"button\" aria-controls=\"elementor-tab-content-1541\" aria-expanded=\"false\">\n\t\t\t\t\t\t\t\t\t\t\t\t<span class=\"elementor-toggle-icon elementor-toggle-icon-right\" aria-hidden=\"true\">\n\t\t\t\t\t\t\t\t\t\t\t\t\t\t\t<span class=\"elementor-toggle-icon-closed\"><i class=\"fas fa-angle-double-down\"><\/i><\/span>\n\t\t\t\t\t\t\t\t<span class=\"elementor-toggle-icon-opened\"><i class=\"elementor-toggle-icon-opened fas fa-angle-double-up\"><\/i><\/span>\n\t\t\t\t\t\t\t\t\t\t\t\t\t<\/span>\n\t\t\t\t\t\t\t\t\t\t\t\t<a class=\"elementor-toggle-title\" tabindex=\"0\">CANCEL\u00c1U<\/a>\n\t\t\t\t\t<\/div>\n\n\t\t\t\t\t<div id=\"elementor-tab-content-1541\" class=\"elementor-tab-content elementor-clearfix\" data-tab=\"1\" role=\"region\" aria-labelledby=\"elementor-tab-title-1541\"><h3><strong>CANCEL\u00c1U<\/strong><\/h3>\n<p><span style=\"text-decoration: line-through;\"><strong>S\u00e1badu 28 de febreru de 2026<\/strong><\/span><br \/>\n<span style=\"text-decoration: line-through;\"><strong>Horario por confirmar<br \/>\n<\/strong><em>Para todos los p\u00fablicos<br \/>\nEntrada gratuita<\/em><\/span><\/p>\n<hr>\n<hr>\n<hr>\n<p><span style=\"text-decoration: line-through;\"><span style=\"font-weight: 400;\">\u00a1Un a\u00f1o m\u00e1s con nuestro Antroxu en Danza! <\/span><span style=\"font-weight: 400;\">Tendremos un d\u00eda completo de actividades (<\/span><span style=\"font-weight: 400;\">talleres, fabada popular, desfile\u2026)<\/span><span style=\"font-weight: 400;\"> gracias a la colaboraci\u00f3n de diferentes asociaciones del pueblo, como<\/span><strong><a href=\"https:\/\/www.facebook.com\/RiuFontoria\/\"> Riu Fontoria<\/a>, <a href=\"https:\/\/www.lakadarma.com\/escuela-de-m%C3%BAsica-tradicional-lakadarma\/\">LaKadarma<\/a><\/strong><span style=\"font-weight: 400;\"> y <\/span><strong><a href=\"https:\/\/elprial.com\/\">El Prial<\/a><\/strong><span style=\"font-weight: 400;\">. Este a\u00f1o, adem\u00e1s, combinamos nuestra programaci\u00f3n con la programaci\u00f3n del chigre La Mal\u00e9fica, m\u00e1s informaci\u00f3n <a href=\"https:\/\/labenefica.org\/ast\/antroxu-en-danza-26\/\">aqu\u00ed.<\/a><\/span><\/span><\/p>\n<\/div>\n\t\t\t\t<\/div>\n\t\t\t\t\t\t\t\t<\/div>\n\t\t\t\t\t\t<\/div>\n\t\t\t\t<\/div>\n\t\t\t\t\t<\/div>\n\t\t<\/div>\n\t\t\t\t<div class=\"elementor-column elementor-col-25 elementor-top-column elementor-element elementor-element-8b74e6c\" data-id=\"8b74e6c\" data-element_type=\"column\" data-e-type=\"column\" data-settings=\"{&quot;background_background&quot;:&quot;classic&quot;}\">\n\t\t\t<div class=\"elementor-widget-wrap elementor-element-populated\">\n\t\t\t\t\t\t<div class=\"elementor-element elementor-element-24f95cc elementor-widget elementor-widget-image\" data-id=\"24f95cc\" data-element_type=\"widget\" data-e-type=\"widget\" data-widget_type=\"image.default\">\n\t\t\t\t<div class=\"elementor-widget-container\">\n\t\t\t\t\t\t\t\t\t\t\t\t\t\t\t<img decoding=\"async\" src=\"https:\/\/labenefica.org\/wp-content\/uploads\/2026\/01\/22F-Baile-IG.jpg\" title=\"22F-Baile-IG\" alt=\"22F-Baile-IG\" loading=\"lazy\" \/>\t\t\t\t\t\t\t\t\t\t\t\t\t\t\t<\/div>\n\t\t\t\t<\/div>\n\t\t\t\t<div class=\"elementor-element elementor-element-006c580 elementor-widget elementor-widget-heading\" data-id=\"006c580\" data-element_type=\"widget\" data-e-type=\"widget\" data-widget_type=\"heading.default\">\n\t\t\t\t<div class=\"elementor-widget-container\">\n\t\t\t\t\t<h3 class=\"elementor-heading-title elementor-size-default\">Domingu 22 de febreru de 2026<\/h3>\t\t\t\t<\/div>\n\t\t\t\t<\/div>\n\t\t\t\t<div class=\"elementor-element elementor-element-7a6250e elementor-widget elementor-widget-heading\" data-id=\"7a6250e\" data-element_type=\"widget\" data-e-type=\"widget\" data-widget_type=\"heading.default\">\n\t\t\t\t<div class=\"elementor-widget-container\">\n\t\t\t\t\t<h3 class=\"elementor-heading-title elementor-size-default\">\u27a4 La Ben\u00e9fica de Pilo\u00f1a<\/h3>\t\t\t\t<\/div>\n\t\t\t\t<\/div>\n\t\t\t\t<div class=\"elementor-element elementor-element-7923b73 elementor-widget elementor-widget-heading\" data-id=\"7923b73\" data-element_type=\"widget\" data-e-type=\"widget\" data-widget_type=\"heading.default\">\n\t\t\t\t<div class=\"elementor-widget-container\">\n\t\t\t\t\t<h2 class=\"elementor-heading-title elementor-size-default\">\u00a1As\u00ed se baila!<\/h2>\t\t\t\t<\/div>\n\t\t\t\t<\/div>\n\t\t\t\t<div class=\"elementor-element elementor-element-8f67953 elementor-widget elementor-widget-toggle\" data-id=\"8f67953\" data-element_type=\"widget\" data-e-type=\"widget\" data-widget_type=\"toggle.default\">\n\t\t\t\t<div class=\"elementor-widget-container\">\n\t\t\t\t\t\t\t<div class=\"elementor-toggle\">\n\t\t\t\t\t\t\t<div class=\"elementor-toggle-item\">\n\t\t\t\t\t<div id=\"elementor-tab-title-1501\" class=\"elementor-tab-title\" data-tab=\"1\" role=\"button\" aria-controls=\"elementor-tab-content-1501\" aria-expanded=\"false\">\n\t\t\t\t\t\t\t\t\t\t\t\t<span class=\"elementor-toggle-icon elementor-toggle-icon-right\" aria-hidden=\"true\">\n\t\t\t\t\t\t\t\t\t\t\t\t\t\t\t<span class=\"elementor-toggle-icon-closed\"><i class=\"fas fa-angle-double-down\"><\/i><\/span>\n\t\t\t\t\t\t\t\t<span class=\"elementor-toggle-icon-opened\"><i class=\"elementor-toggle-icon-opened fas fa-angle-double-up\"><\/i><\/span>\n\t\t\t\t\t\t\t\t\t\t\t\t\t<\/span>\n\t\t\t\t\t\t\t\t\t\t\t\t<a class=\"elementor-toggle-title\" tabindex=\"0\">+ INFO<\/a>\n\t\t\t\t\t<\/div>\n\n\t\t\t\t\t<div id=\"elementor-tab-content-1501\" class=\"elementor-tab-content elementor-clearfix\" data-tab=\"1\" role=\"region\" aria-labelledby=\"elementor-tab-title-1501\"><p><strong>Domingu 22 de febreru de 2026<\/strong><br \/><strong>De 12.00 a 16.30<br \/><\/strong><em>Pa tolos p\u00fablicos<br \/>Entrada de baldre.<br \/><\/em><\/p>\n<hr>\n<hr>\n<hr>\n<p><strong>Especial Swing con Swing4Asturias<\/strong><\/p>\n<p dir=\"ltr\" style=\"line-height: 1.38; margin-top: 12pt; margin-bottom: 12pt;\"><span style=\"font-weight: 400;\">Este mes, el baile que os proponemos es un poco diferente: \u00a1se viene el swing! Vamos a bailar con Swing4Asturias, que nos dar\u00e1n una clase abierta a todo el mundo para que podamos disfrutar juntas y bailar esta m\u00fasica tan divertida. A las 12h ser\u00e1 la clase, y a la 13h ya empezar\u00e1 el concierto de Ojos Negros, grupo de m\u00fasicos de la zona que nos amenizar\u00e1n el meneo. Habr\u00e1 picoteo y rifa, para disfrutar este verm\u00fa bailongo, \u00a1vente a gozar!   <\/span><\/p>\n<\/div>\n\t\t\t\t<\/div>\n\t\t\t\t\t\t\t\t<\/div>\n\t\t\t\t\t\t<\/div>\n\t\t\t\t<\/div>\n\t\t\t\t\t<\/div>\n\t\t<\/div>\n\t\t\t\t\t<\/div>\n\t\t<\/section>\n\t\t\t\t<section class=\"elementor-section elementor-top-section elementor-element elementor-element-8104db5 elementor-section-full_width elementor-section-height-default elementor-section-height-default qodef-elementor-content-no\" data-id=\"8104db5\" data-element_type=\"section\" data-e-type=\"section\">\n\t\t\t\t\t\t<div class=\"elementor-container elementor-column-gap-custom\">\n\t\t\t\t\t<div class=\"elementor-column elementor-col-25 elementor-top-column elementor-element elementor-element-5bf82a1\" data-id=\"5bf82a1\" data-element_type=\"column\" data-e-type=\"column\" data-settings=\"{&quot;background_background&quot;:&quot;classic&quot;}\">\n\t\t\t<div class=\"elementor-widget-wrap elementor-element-populated\">\n\t\t\t\t\t\t<div class=\"elementor-element elementor-element-79b8b1a elementor-widget elementor-widget-image\" data-id=\"79b8b1a\" data-element_type=\"widget\" data-e-type=\"widget\" data-widget_type=\"image.default\">\n\t\t\t\t<div class=\"elementor-widget-container\">\n\t\t\t\t\t\t\t\t\t\t\t\t\t\t\t<img decoding=\"async\" src=\"https:\/\/labenefica.org\/wp-content\/uploads\/2026\/01\/14F-Remiendu-2-IG.jpg\" title=\"14F-Remiendu-2-IG\" alt=\"14F-Remiendu-2-IG\" loading=\"lazy\" \/>\t\t\t\t\t\t\t\t\t\t\t\t\t\t\t<\/div>\n\t\t\t\t<\/div>\n\t\t\t\t<div class=\"elementor-element elementor-element-0c7086e elementor-widget elementor-widget-heading\" data-id=\"0c7086e\" data-element_type=\"widget\" data-e-type=\"widget\" data-widget_type=\"heading.default\">\n\t\t\t\t<div class=\"elementor-widget-container\">\n\t\t\t\t\t<h3 class=\"elementor-heading-title elementor-size-default\">S\u00e1badu 14 de febreru de 2026<\/h3>\t\t\t\t<\/div>\n\t\t\t\t<\/div>\n\t\t\t\t<div class=\"elementor-element elementor-element-ad0b72d elementor-widget elementor-widget-heading\" data-id=\"ad0b72d\" data-element_type=\"widget\" data-e-type=\"widget\" data-widget_type=\"heading.default\">\n\t\t\t\t<div class=\"elementor-widget-container\">\n\t\t\t\t\t<h3 class=\"elementor-heading-title elementor-size-default\">\u27a4 La Ben\u00e9fica de Pilo\u00f1a<\/h3>\t\t\t\t<\/div>\n\t\t\t\t<\/div>\n\t\t\t\t<div class=\"elementor-element elementor-element-15b1d87 elementor-widget elementor-widget-heading\" data-id=\"15b1d87\" data-element_type=\"widget\" data-e-type=\"widget\" data-widget_type=\"heading.default\">\n\t\t\t\t<div class=\"elementor-widget-container\">\n\t\t\t\t\t<h2 class=\"elementor-heading-title elementor-size-default\">Namoraes d'El Remiendu<\/h2>\t\t\t\t<\/div>\n\t\t\t\t<\/div>\n\t\t\t\t<div class=\"elementor-element elementor-element-025d0f1 elementor-widget elementor-widget-toggle\" data-id=\"025d0f1\" data-element_type=\"widget\" data-e-type=\"widget\" data-widget_type=\"toggle.default\">\n\t\t\t\t<div class=\"elementor-widget-container\">\n\t\t\t\t\t\t\t<div class=\"elementor-toggle\">\n\t\t\t\t\t\t\t<div class=\"elementor-toggle-item\">\n\t\t\t\t\t<div id=\"elementor-tab-title-2471\" class=\"elementor-tab-title\" data-tab=\"1\" role=\"button\" aria-controls=\"elementor-tab-content-2471\" aria-expanded=\"false\">\n\t\t\t\t\t\t\t\t\t\t\t\t<span class=\"elementor-toggle-icon elementor-toggle-icon-right\" aria-hidden=\"true\">\n\t\t\t\t\t\t\t\t\t\t\t\t\t\t\t<span class=\"elementor-toggle-icon-closed\"><i class=\"fas fa-angle-double-down\"><\/i><\/span>\n\t\t\t\t\t\t\t\t<span class=\"elementor-toggle-icon-opened\"><i class=\"elementor-toggle-icon-opened fas fa-angle-double-up\"><\/i><\/span>\n\t\t\t\t\t\t\t\t\t\t\t\t\t<\/span>\n\t\t\t\t\t\t\t\t\t\t\t\t<a class=\"elementor-toggle-title\" tabindex=\"0\">+ INFO<\/a>\n\t\t\t\t\t<\/div>\n\n\t\t\t\t\t<div id=\"elementor-tab-content-2471\" class=\"elementor-tab-content elementor-clearfix\" data-tab=\"1\" role=\"region\" aria-labelledby=\"elementor-tab-title-2471\"><p><strong>S\u00e1badu 14 de febreru de 2026<\/strong><br \/>De 11.00 a 18.00<br \/>Pa tolos p\u00fablicos<br \/>Entrada de baldre<\/p>\n<hr>\n<hr>\n<hr>\n<p><strong>La fiesta del desapegu: Merc\u00e1u de segunda mano, reutilizaci\u00f3n y recicle textil<\/strong><\/p>\n<p><span style=\"font-weight: 400;\">Planazo para pasar con las amigas y amigos, en pareja o en familia este d\u00eda dedicado al amor. Mercado de segunda mano dedicado al acto de remendar, que tiene que ver con el decrecimiento y con alejarse del consumismo, una forma de dar m\u00e1s vida, de cuidar nuestras prendas y los objetos que nos acompa\u00f1an. Habr\u00e1 mesa redonda con artesanas de la reutilizaci\u00f3n textil, y dos talleres a lo largo del d\u00eda. M\u00e1s detalles de la programaci\u00f3n<strong><a title=\"Enamoraes de El Remiendu\" href=\"https:\/\/labenefica.org\/ast\/enamoraes-de-el-remiendu\/\"> aqu\u00ed.<\/a><\/strong>   <\/span><\/p>\n<\/div>\n\t\t\t\t<\/div>\n\t\t\t\t\t\t\t\t<\/div>\n\t\t\t\t\t\t<\/div>\n\t\t\t\t<\/div>\n\t\t\t\t\t<\/div>\n\t\t<\/div>\n\t\t\t\t<div class=\"elementor-column elementor-col-25 elementor-top-column elementor-element elementor-element-307494b\" data-id=\"307494b\" data-element_type=\"column\" data-e-type=\"column\" data-settings=\"{&quot;background_background&quot;:&quot;classic&quot;}\">\n\t\t\t<div class=\"elementor-widget-wrap elementor-element-populated\">\n\t\t\t\t\t\t<div class=\"elementor-element elementor-element-c196498 elementor-widget elementor-widget-image\" data-id=\"c196498\" data-element_type=\"widget\" data-e-type=\"widget\" data-widget_type=\"image.default\">\n\t\t\t\t<div class=\"elementor-widget-container\">\n\t\t\t\t\t\t\t\t\t\t\t\t\t\t\t<img decoding=\"async\" src=\"https:\/\/labenefica.org\/wp-content\/uploads\/2025\/10\/Nacho-Vegas-Web.jpg\" title=\"Nacho-Vegas-Web\" alt=\"Nacho-Vegas-Web\" loading=\"lazy\" \/>\t\t\t\t\t\t\t\t\t\t\t\t\t\t\t<\/div>\n\t\t\t\t<\/div>\n\t\t\t\t<div class=\"elementor-element elementor-element-ead3f86 elementor-widget elementor-widget-heading\" data-id=\"ead3f86\" data-element_type=\"widget\" data-e-type=\"widget\" data-widget_type=\"heading.default\">\n\t\t\t\t<div class=\"elementor-widget-container\">\n\t\t\t\t\t<h3 class=\"elementor-heading-title elementor-size-default\">S\u00e1badu 31 de xineru de 2026<\/h3>\t\t\t\t<\/div>\n\t\t\t\t<\/div>\n\t\t\t\t<div class=\"elementor-element elementor-element-5b55769 elementor-widget elementor-widget-heading\" data-id=\"5b55769\" data-element_type=\"widget\" data-e-type=\"widget\" data-widget_type=\"heading.default\">\n\t\t\t\t<div class=\"elementor-widget-container\">\n\t\t\t\t\t<h3 class=\"elementor-heading-title elementor-size-default\">\u27a4 La Ben\u00e9fica de Pilo\u00f1a<\/h3>\t\t\t\t<\/div>\n\t\t\t\t<\/div>\n\t\t\t\t<div class=\"elementor-element elementor-element-7538996 elementor-widget elementor-widget-heading\" data-id=\"7538996\" data-element_type=\"widget\" data-e-type=\"widget\" data-widget_type=\"heading.default\">\n\t\t\t\t<div class=\"elementor-widget-container\">\n\t\t\t\t\t<h2 class=\"elementor-heading-title elementor-size-default\">Conciertu Nacho Vegas<\/h2>\t\t\t\t<\/div>\n\t\t\t\t<\/div>\n\t\t\t\t<div class=\"elementor-element elementor-element-ca020a8 elementor-widget elementor-widget-toggle\" data-id=\"ca020a8\" data-element_type=\"widget\" data-e-type=\"widget\" data-widget_type=\"toggle.default\">\n\t\t\t\t<div class=\"elementor-widget-container\">\n\t\t\t\t\t\t\t<div class=\"elementor-toggle\">\n\t\t\t\t\t\t\t<div class=\"elementor-toggle-item\">\n\t\t\t\t\t<div id=\"elementor-tab-title-2111\" class=\"elementor-tab-title\" data-tab=\"1\" role=\"button\" aria-controls=\"elementor-tab-content-2111\" aria-expanded=\"false\">\n\t\t\t\t\t\t\t\t\t\t\t\t<span class=\"elementor-toggle-icon elementor-toggle-icon-right\" aria-hidden=\"true\">\n\t\t\t\t\t\t\t\t\t\t\t\t\t\t\t<span class=\"elementor-toggle-icon-closed\"><i class=\"fas fa-angle-double-down\"><\/i><\/span>\n\t\t\t\t\t\t\t\t<span class=\"elementor-toggle-icon-opened\"><i class=\"elementor-toggle-icon-opened fas fa-angle-double-up\"><\/i><\/span>\n\t\t\t\t\t\t\t\t\t\t\t\t\t<\/span>\n\t\t\t\t\t\t\t\t\t\t\t\t<a class=\"elementor-toggle-title\" tabindex=\"0\">+ INFO<\/a>\n\t\t\t\t\t<\/div>\n\n\t\t\t\t\t<div id=\"elementor-tab-content-2111\" class=\"elementor-tab-content elementor-clearfix\" data-tab=\"1\" role=\"region\" aria-labelledby=\"elementor-tab-title-2111\"><p><strong>S\u00e1badu 31 de xineru de 2026<\/strong><br \/><strong>21.00 \/ Apertura 20.00<br \/><\/strong><em>Pa tolos p\u00fablicos<br \/>Entrada 27\u20ac \/ <span style=\"color: #ff0000;\"><strong>Entraes escosaes<\/strong><\/span><\/em><\/p>\n<hr>\n<hr>\n<hr>\n<p><b>Nacho Vegas <\/b>presenta\u2019l so nuevu trabayu<i> Vides Semiprecioses <\/i>en <b>La Ben\u00e9fica.<\/b> Escucharemos les canciones que formen parte d\u2019esta nueva etapa y tami\u00e9n les canciones de siempres. <\/p>\n<\/div>\n\t\t\t\t<\/div>\n\t\t\t\t\t\t\t\t<\/div>\n\t\t\t\t\t\t<\/div>\n\t\t\t\t<\/div>\n\t\t\t\t\t<\/div>\n\t\t<\/div>\n\t\t\t\t<div class=\"elementor-column elementor-col-25 elementor-top-column elementor-element elementor-element-feb1a9e\" data-id=\"feb1a9e\" data-element_type=\"column\" data-e-type=\"column\" data-settings=\"{&quot;background_background&quot;:&quot;classic&quot;}\">\n\t\t\t<div class=\"elementor-widget-wrap elementor-element-populated\">\n\t\t\t\t\t\t<div class=\"elementor-element elementor-element-75e388f elementor-widget elementor-widget-image\" data-id=\"75e388f\" data-element_type=\"widget\" data-e-type=\"widget\" data-widget_type=\"image.default\">\n\t\t\t\t<div class=\"elementor-widget-container\">\n\t\t\t\t\t\t\t\t\t\t\t\t\t\t\t<img decoding=\"async\" src=\"https:\/\/labenefica.org\/wp-content\/uploads\/2026\/01\/24E-Futura-Actua-IG.jpg\" title=\"24E-Futura-Act\u00faa-IG\" alt=\"24E-Futura-Act\u00faa-IG\" loading=\"lazy\" \/>\t\t\t\t\t\t\t\t\t\t\t\t\t\t\t<\/div>\n\t\t\t\t<\/div>\n\t\t\t\t<div class=\"elementor-element elementor-element-8fd5f7e elementor-widget elementor-widget-heading\" data-id=\"8fd5f7e\" data-element_type=\"widget\" data-e-type=\"widget\" data-widget_type=\"heading.default\">\n\t\t\t\t<div class=\"elementor-widget-container\">\n\t\t\t\t\t<h3 class=\"elementor-heading-title elementor-size-default\">S\u00e1badu 24 de xineru de 2026<\/h3>\t\t\t\t<\/div>\n\t\t\t\t<\/div>\n\t\t\t\t<div class=\"elementor-element elementor-element-7fee968 elementor-widget elementor-widget-heading\" data-id=\"7fee968\" data-element_type=\"widget\" data-e-type=\"widget\" data-widget_type=\"heading.default\">\n\t\t\t\t<div class=\"elementor-widget-container\">\n\t\t\t\t\t<h3 class=\"elementor-heading-title elementor-size-default\">\u27a4 La Ben\u00e9fica de Pilo\u00f1a<\/h3>\t\t\t\t<\/div>\n\t\t\t\t<\/div>\n\t\t\t\t<div class=\"elementor-element elementor-element-f8d0646 elementor-widget elementor-widget-heading\" data-id=\"f8d0646\" data-element_type=\"widget\" data-e-type=\"widget\" data-widget_type=\"heading.default\">\n\t\t\t\t<div class=\"elementor-widget-container\">\n\t\t\t\t\t<h2 class=\"elementor-heading-title elementor-size-default\">El Futuru Entama Equ\u00ed: ACTUA<\/h2>\t\t\t\t<\/div>\n\t\t\t\t<\/div>\n\t\t\t\t<div class=\"elementor-element elementor-element-41c72cc elementor-widget elementor-widget-toggle\" data-id=\"41c72cc\" data-element_type=\"widget\" data-e-type=\"widget\" data-widget_type=\"toggle.default\">\n\t\t\t\t<div class=\"elementor-widget-container\">\n\t\t\t\t\t\t\t<div class=\"elementor-toggle\">\n\t\t\t\t\t\t\t<div class=\"elementor-toggle-item\">\n\t\t\t\t\t<div id=\"elementor-tab-title-6891\" class=\"elementor-tab-title\" data-tab=\"1\" role=\"button\" aria-controls=\"elementor-tab-content-6891\" aria-expanded=\"false\">\n\t\t\t\t\t\t\t\t\t\t\t\t<span class=\"elementor-toggle-icon elementor-toggle-icon-right\" aria-hidden=\"true\">\n\t\t\t\t\t\t\t\t\t\t\t\t\t\t\t<span class=\"elementor-toggle-icon-closed\"><i class=\"fas fa-angle-double-down\"><\/i><\/span>\n\t\t\t\t\t\t\t\t<span class=\"elementor-toggle-icon-opened\"><i class=\"elementor-toggle-icon-opened fas fa-angle-double-up\"><\/i><\/span>\n\t\t\t\t\t\t\t\t\t\t\t\t\t<\/span>\n\t\t\t\t\t\t\t\t\t\t\t\t<a class=\"elementor-toggle-title\" tabindex=\"0\">+ INFO<\/a>\n\t\t\t\t\t<\/div>\n\n\t\t\t\t\t<div id=\"elementor-tab-content-6891\" class=\"elementor-tab-content elementor-clearfix\" data-tab=\"1\" role=\"region\" aria-labelledby=\"elementor-tab-title-6891\"><p><strong>S\u00e1badu 24 de xineru de 2026<\/strong><br \/><strong>Dende les 10.30<br \/><\/strong><em>Pa tolos p\u00fablicos (con espacio de conciliaci\u00f3n familiar)<br \/>Entrada de baldre con reserva <span style=\"color: #3962ff;\"><a style=\"color: #3962ff;\" href=\"https:\/\/forms.gle\/UQs2DNn463VoXiV69\" target=\"_blank\" rel=\"noopener\"><b>aqu\u00ed<\/b><\/a><\/span><br \/><\/em><\/p>\n<hr>\n<hr>\n<hr>\n<p><span style=\"font-size: 11pt; font-family: Montserrat,sans-serif; color: #000000; background-color: transparent; font-weight: 400; font-style: normal; font-variant: normal; text-decoration: none; vertical-align: baseline; white-space: pre-wrap;\">Cuarta etapa de<\/span><span style=\"color: #3962ff;\"><a style=\"text-decoration: none; color: #3962ff;\" href=\"https:\/\/labenefica.org\/ast\/el-futuru-entama-equi-llaboratoriu-dutopies-comunale\/\"> <span style=\"font-size: 11pt; font-family: Montserrat, sans-serif; background-color: transparent; font-weight: bold; font-style: italic; font-variant: normal; text-decoration-skip-ink: none; vertical-align: baseline; white-space: pre-wrap;\">El Futuru Entama Equ\u00ed: Llaboratoriu d&#8217;utop\u00edes Comunitaries<\/span><span style=\"font-size: 11pt; font-family: Montserrat, sans-serif; background-color: transparent; font-weight: 400; font-style: normal; font-variant: normal; text-decoration-skip-ink: none; vertical-align: baseline; white-space: pre-wrap;\">.<\/span><\/a><\/span><\/p>\n<p dir=\"ltr\" style=\"line-height: 1.38; margin-top: 12pt; margin-bottom: 12pt;\">Tr\u00e1tase d\u2019un espaciu colectivu de creativid\u00e1, escucha, expresi\u00f3n y aici\u00f3n pa construyir futuros esperanzadores ente la crisis ecosocial. ACT\u00daA ye l\u2019\u00faltima sesi\u00f3n de cuatro, que se desarrollan ente setiembre 2025 y xineru 2026. Va ser una xornada d\u2019ellaboraci\u00f3n de propuestes pala acci\u00f3n comunitaria,, na que vamos contar coles compa\u00f1eres d\u2019Una Gran Conversaci\u00f3n, pa partir xuntes de les sus indagaciones y entamar activanos hacia futuros meyores nel nuestru territoriu. Va ser un fin de fiesta con xinta popular (\u00a1trae\u2019l to platu pa compartir!) y una pinchada ut\u00f3pica con WyllyW.   <\/p>\n<\/div>\n\t\t\t\t<\/div>\n\t\t\t\t\t\t\t\t<\/div>\n\t\t\t\t\t\t<\/div>\n\t\t\t\t<\/div>\n\t\t\t\t\t<\/div>\n\t\t<\/div>\n\t\t\t\t<div class=\"elementor-column elementor-col-25 elementor-top-column elementor-element elementor-element-b5301bc elementor-hidden-desktop elementor-hidden-tablet elementor-hidden-mobile\" data-id=\"b5301bc\" data-element_type=\"column\" data-e-type=\"column\" data-settings=\"{&quot;background_background&quot;:&quot;classic&quot;}\">\n\t\t\t<div class=\"elementor-widget-wrap elementor-element-populated\">\n\t\t\t\t\t\t<div class=\"elementor-element elementor-element-0594aae elementor-widget elementor-widget-image\" data-id=\"0594aae\" data-element_type=\"widget\" data-e-type=\"widget\" data-widget_type=\"image.default\">\n\t\t\t\t<div class=\"elementor-widget-container\">\n\t\t\t\t\t\t\t\t\t\t\t\t\t\t\t<img decoding=\"async\" src=\"https:\/\/labenefica.org\/wp-content\/uploads\/2026\/01\/22F-Baile-IG.jpg\" title=\"22F-Baile-IG\" alt=\"22F-Baile-IG\" loading=\"lazy\" \/>\t\t\t\t\t\t\t\t\t\t\t\t\t\t\t<\/div>\n\t\t\t\t<\/div>\n\t\t\t\t<div class=\"elementor-element elementor-element-374bcf2 elementor-widget elementor-widget-heading\" data-id=\"374bcf2\" data-element_type=\"widget\" data-e-type=\"widget\" data-widget_type=\"heading.default\">\n\t\t\t\t<div class=\"elementor-widget-container\">\n\t\t\t\t\t<h3 class=\"elementor-heading-title elementor-size-default\">Domingu 22 de febreru de 2026<\/h3>\t\t\t\t<\/div>\n\t\t\t\t<\/div>\n\t\t\t\t<div class=\"elementor-element elementor-element-ac3558b elementor-widget elementor-widget-heading\" data-id=\"ac3558b\" data-element_type=\"widget\" data-e-type=\"widget\" data-widget_type=\"heading.default\">\n\t\t\t\t<div class=\"elementor-widget-container\">\n\t\t\t\t\t<h3 class=\"elementor-heading-title elementor-size-default\">\u27a4 La Ben\u00e9fica de Pilo\u00f1a<\/h3>\t\t\t\t<\/div>\n\t\t\t\t<\/div>\n\t\t\t\t<div class=\"elementor-element elementor-element-03522be elementor-widget elementor-widget-heading\" data-id=\"03522be\" data-element_type=\"widget\" data-e-type=\"widget\" data-widget_type=\"heading.default\">\n\t\t\t\t<div class=\"elementor-widget-container\">\n\t\t\t\t\t<h2 class=\"elementor-heading-title elementor-size-default\">\u00a1As\u00ed se baila!<\/h2>\t\t\t\t<\/div>\n\t\t\t\t<\/div>\n\t\t\t\t<div class=\"elementor-element elementor-element-fc27936 elementor-widget elementor-widget-toggle\" data-id=\"fc27936\" data-element_type=\"widget\" data-e-type=\"widget\" data-widget_type=\"toggle.default\">\n\t\t\t\t<div class=\"elementor-widget-container\">\n\t\t\t\t\t\t\t<div class=\"elementor-toggle\">\n\t\t\t\t\t\t\t<div class=\"elementor-toggle-item\">\n\t\t\t\t\t<div id=\"elementor-tab-title-2641\" class=\"elementor-tab-title\" data-tab=\"1\" role=\"button\" aria-controls=\"elementor-tab-content-2641\" aria-expanded=\"false\">\n\t\t\t\t\t\t\t\t\t\t\t\t<span class=\"elementor-toggle-icon elementor-toggle-icon-right\" aria-hidden=\"true\">\n\t\t\t\t\t\t\t\t\t\t\t\t\t\t\t<span class=\"elementor-toggle-icon-closed\"><i class=\"fas fa-angle-double-down\"><\/i><\/span>\n\t\t\t\t\t\t\t\t<span class=\"elementor-toggle-icon-opened\"><i class=\"elementor-toggle-icon-opened fas fa-angle-double-up\"><\/i><\/span>\n\t\t\t\t\t\t\t\t\t\t\t\t\t<\/span>\n\t\t\t\t\t\t\t\t\t\t\t\t<a class=\"elementor-toggle-title\" tabindex=\"0\">+ INFO<\/a>\n\t\t\t\t\t<\/div>\n\n\t\t\t\t\t<div id=\"elementor-tab-content-2641\" class=\"elementor-tab-content elementor-clearfix\" data-tab=\"1\" role=\"region\" aria-labelledby=\"elementor-tab-title-2641\"><p><strong>Domingu 22 de febreru de 2026<\/strong><br \/><strong>De 12.00 a 16.30<br \/><\/strong><em>Pa tolos p\u00fablicos<br \/>Entrada de baldre.<br \/><\/em><\/p>\n<hr>\n<hr>\n<hr>\n<p><strong>Especial Swing con Swing4Asturias<\/strong><\/p>\n<p dir=\"ltr\" style=\"line-height: 1.38; margin-top: 12pt; margin-bottom: 12pt;\"><span style=\"font-weight: 400;\">Este mes, el baile que os proponemos es un poco diferente: \u00a1se viene el swing! Vamos a bailar con Swing4Asturias, que nos dar\u00e1n una clase abierta a todo el mundo para que podamos disfrutar juntas y bailar esta m\u00fasica tan divertida. A las 12h ser\u00e1 la clase, y a la 13h ya empezar\u00e1 el concierto de Ojos Negros, grupo de m\u00fasicos de la zona que nos amenizar\u00e1n el meneo. Habr\u00e1 picoteo y rifa, para disfrutar este verm\u00fa bailongo, \u00a1vente a gozar!   <\/span><\/p>\n<\/div>\n\t\t\t\t<\/div>\n\t\t\t\t\t\t\t\t<\/div>\n\t\t\t\t\t\t<\/div>\n\t\t\t\t<\/div>\n\t\t\t\t\t<\/div>\n\t\t<\/div>\n\t\t\t\t\t<\/div>\n\t\t<\/section>\n\t\t\t\t<section class=\"elementor-section elementor-top-section elementor-element elementor-element-2b51ee0 elementor-section-full_width elementor-section-height-default elementor-section-height-default qodef-elementor-content-no\" data-id=\"2b51ee0\" data-element_type=\"section\" data-e-type=\"section\">\n\t\t\t\t\t\t<div class=\"elementor-container elementor-column-gap-custom\">\n\t\t\t\t\t<div class=\"elementor-column elementor-col-50 elementor-top-column elementor-element elementor-element-7388452\" data-id=\"7388452\" data-element_type=\"column\" data-e-type=\"column\" data-settings=\"{&quot;background_background&quot;:&quot;classic&quot;}\">\n\t\t\t<div class=\"elementor-widget-wrap elementor-element-populated\">\n\t\t\t\t\t\t<div class=\"elementor-element elementor-element-e408e52 elementor-align-justify elementor-widget elementor-widget-button\" data-id=\"e408e52\" data-element_type=\"widget\" data-e-type=\"widget\" data-widget_type=\"button.default\">\n\t\t\t\t<div class=\"elementor-widget-container\">\n\t\t\t\t\t\t\t\t\t<div class=\"elementor-button-wrapper\">\n\t\t\t\t\t<a class=\"elementor-button elementor-button-link elementor-size-sm\" href=\"https:\/\/labenefica.org\/ast\/?page_id=19123\">\n\t\t\t\t\t\t<span class=\"elementor-button-content-wrapper\">\n\t\t\t\t\t\t\t\t\t<span class=\"elementor-button-text\">EVENTOS 25<\/span>\n\t\t\t\t\t<\/span>\n\t\t\t\t\t<\/a>\n\t\t\t\t<\/div>\n\t\t\t\t\t\t\t\t<\/div>\n\t\t\t\t<\/div>\n\t\t\t\t\t<\/div>\n\t\t<\/div>\n\t\t\t\t<div class=\"elementor-column elementor-col-50 elementor-top-column elementor-element elementor-element-ed3c1cd\" data-id=\"ed3c1cd\" data-element_type=\"column\" data-e-type=\"column\" data-settings=\"{&quot;background_background&quot;:&quot;classic&quot;}\">\n\t\t\t<div class=\"elementor-widget-wrap elementor-element-populated\">\n\t\t\t\t\t\t<div class=\"elementor-element elementor-element-6f37bf5 elementor-align-justify elementor-widget elementor-widget-button\" data-id=\"6f37bf5\" data-element_type=\"widget\" data-e-type=\"widget\" data-widget_type=\"button.default\">\n\t\t\t\t<div class=\"elementor-widget-container\">\n\t\t\t\t\t\t\t\t\t<div class=\"elementor-button-wrapper\">\n\t\t\t\t\t<a class=\"elementor-button elementor-button-link elementor-size-sm\" href=\"https:\/\/labenefica.org\/ast\/?page_id=19128\">\n\t\t\t\t\t\t<span class=\"elementor-button-content-wrapper\">\n\t\t\t\t\t\t\t\t\t<span class=\"elementor-button-text\">EVENTOS 23-24<\/span>\n\t\t\t\t\t<\/span>\n\t\t\t\t\t<\/a>\n\t\t\t\t<\/div>\n\t\t\t\t\t\t\t\t<\/div>\n\t\t\t\t<\/div>\n\t\t\t\t\t<\/div>\n\t\t<\/div>\n\t\t\t\t\t<\/div>\n\t\t<\/section>\n\t\t\t\t<\/div>\n\t\t","protected":false},"excerpt":{"rendered":"<p>AXENDA Si quies recibir cada mes la nuestra fueyinade bilordios, suscr\u00edbite darr\u00e9u: Si nun te presta, siempres pues date de baxa, pero sabemos qu\u2019eso nun va pasar. Del 1 d&#8217;agostu al 6 de setiembre de 2026 \u27a4 Antiguu Balneariu de Borines Artistes Ben\u00e9ficos: Merc\u00e1u d\u2019Arte + INFO Del 1 d&#8217;agostu al 6 de setiembre de [&hellip;]<\/p>\n","protected":false},"author":1,"featured_media":0,"parent":0,"menu_order":0,"comment_status":"closed","ping_status":"closed","template":"","meta":{"_monsterinsights_skip_tracking":false,"footnotes":""},"class_list":["post-17302","page","type-page","status-publish","hentry"],"aioseo_notices":[],"aioseo_head":"\n\t\t<!-- All in One SEO 5.0.1.1 - aioseo.com -->\n\t<meta name=\"description\" content=\"AXENDA Si quies recibir cada mes la nuestra fueyinade bilordios, suscr\u00edbite darr\u00e9u: Leave this field empty if you&#039;re human: Si nun te presta, siempres pues date de baxa, pero sabemos qu\u2019eso nun va pasar. Del 1 d&#039;agostu al 6 de setiembre de 2026 \u27a4 Antiguu Balneariu de Borines Artistes Ben\u00e9ficos: Merc\u00e1u d\u2019Arte + INFO Del\" \/>\n\t<meta name=\"robots\" content=\"max-image-preview:large\" \/>\n\t<link rel=\"canonical\" href=\"https:\/\/labenefica.org\/ast\/axenda\/\" \/>\n\t<meta name=\"generator\" content=\"All in One SEO (AIOSEO) 5.0.1.1\" \/>\n\t\t<meta property=\"og:locale\" content=\"en_US\" \/>\n\t\t<meta property=\"og:site_name\" content=\"La Ben\u00e9fica de Pilo\u00f1a | Espaciu Cultural\" \/>\n\t\t<meta property=\"og:type\" content=\"article\" \/>\n\t\t<meta property=\"og:title\" content=\"Axenda | La Ben\u00e9fica de Pilo\u00f1a\" \/>\n\t\t<meta property=\"og:description\" content=\"AXENDA Si quies recibir cada mes la nuestra fueyinade bilordios, suscr\u00edbite darr\u00e9u: Leave this field empty if you&#039;re human: Si nun te presta, siempres pues date de baxa, pero sabemos qu\u2019eso nun va pasar. Del 1 d&#039;agostu al 6 de setiembre de 2026 \u27a4 Antiguu Balneariu de Borines Artistes Ben\u00e9ficos: Merc\u00e1u d\u2019Arte + INFO Del\" \/>\n\t\t<meta property=\"og:url\" content=\"https:\/\/labenefica.org\/ast\/axenda\/\" \/>\n\t\t<meta property=\"og:image\" content=\"https:\/\/labenefica.org\/wp-content\/uploads\/2024\/01\/fachadabenefica-43.jpg\" \/>\n\t\t<meta property=\"og:image:secure_url\" content=\"https:\/\/labenefica.org\/wp-content\/uploads\/2024\/01\/fachadabenefica-43.jpg\" \/>\n\t\t<meta property=\"og:image:width\" content=\"1500\" \/>\n\t\t<meta property=\"og:image:height\" content=\"1000\" \/>\n\t\t<meta property=\"article:published_time\" content=\"2025-10-16T08:33:34+00:00\" \/>\n\t\t<meta property=\"article:modified_time\" content=\"2026-08-31T15:41:17+00:00\" \/>\n\t\t<meta property=\"article:publisher\" content=\"https:\/\/www.facebook.com\/labeneficadepilona\" \/>\n\t\t<meta name=\"twitter:card\" content=\"summary\" \/>\n\t\t<meta name=\"twitter:title\" content=\"Axenda | La Ben\u00e9fica de Pilo\u00f1a\" \/>\n\t\t<meta name=\"twitter:description\" content=\"AXENDA Si quies recibir cada mes la nuestra fueyinade bilordios, suscr\u00edbite darr\u00e9u: Leave this field empty if you&#039;re human: Si nun te presta, siempres pues date de baxa, pero sabemos qu\u2019eso nun va pasar. Del 1 d&#039;agostu al 6 de setiembre de 2026 \u27a4 Antiguu Balneariu de Borines Artistes Ben\u00e9ficos: Merc\u00e1u d\u2019Arte + INFO Del\" \/>\n\t\t<meta name=\"twitter:image\" content=\"https:\/\/labenefica.org\/wp-content\/uploads\/2024\/01\/fachadabenefica-43.jpg\" \/>\n\t\t<script type=\"application\/ld+json\" class=\"aioseo-schema\">\n\t\t\t{\"@context\":\"https:\\\/\\\/schema.org\",\"@graph\":[{\"@type\":\"BreadcrumbList\",\"@id\":\"https:\\\/\\\/labenefica.org\\\/ast\\\/axenda\\\/#breadcrumblist\",\"itemListElement\":[{\"@type\":\"ListItem\",\"@id\":\"https:\\\/\\\/labenefica.org\\\/ast\\\/#listItem\",\"position\":1,\"name\":\"Inicio\",\"item\":\"https:\\\/\\\/labenefica.org\\\/ast\\\/\",\"nextItem\":{\"@type\":\"ListItem\",\"@id\":\"https:\\\/\\\/labenefica.org\\\/ast\\\/axenda\\\/#listItem\",\"name\":\"Axenda\"}},{\"@type\":\"ListItem\",\"@id\":\"https:\\\/\\\/labenefica.org\\\/ast\\\/axenda\\\/#listItem\",\"position\":2,\"name\":\"Axenda\",\"previousItem\":{\"@type\":\"ListItem\",\"@id\":\"https:\\\/\\\/labenefica.org\\\/ast\\\/#listItem\",\"name\":\"Inicio\"}}]},{\"@type\":\"Organization\",\"@id\":\"https:\\\/\\\/labenefica.org\\\/ast\\\/#organization\",\"name\":\"La Ben\\u00e9fica de Pilo\\u00f1a\",\"description\":\"Espaciu Cultural\",\"url\":\"https:\\\/\\\/labenefica.org\\\/ast\\\/\",\"sameAs\":[\"https:\\\/\\\/www.facebook.com\\\/labeneficadepilona\",\"https:\\\/\\\/www.instagram.com\\\/la_benefica_pilona\\\/\"]},{\"@type\":\"WebPage\",\"@id\":\"https:\\\/\\\/labenefica.org\\\/ast\\\/axenda\\\/#webpage\",\"url\":\"https:\\\/\\\/labenefica.org\\\/ast\\\/axenda\\\/\",\"name\":\"Axenda | La Ben\\u00e9fica de Pilo\\u00f1a\",\"description\":\"AXENDA Si quies recibir cada mes la nuestra fueyinade bilordios, suscr\\u00edbite darr\\u00e9u: Leave this field empty if you're human: Si nun te presta, siempres pues date de baxa, pero sabemos qu\\u2019eso nun va pasar. Del 1 d'agostu al 6 de setiembre de 2026 \\u27a4 Antiguu Balneariu de Borines Artistes Ben\\u00e9ficos: Merc\\u00e1u d\\u2019Arte + INFO Del\",\"inLanguage\":\"ast-ES\",\"isPartOf\":{\"@id\":\"https:\\\/\\\/labenefica.org\\\/ast\\\/#website\"},\"breadcrumb\":{\"@id\":\"https:\\\/\\\/labenefica.org\\\/ast\\\/axenda\\\/#breadcrumblist\"},\"datePublished\":\"2025-10-16T10:33:34+02:00\",\"dateModified\":\"2026-08-31T17:41:17+02:00\"},{\"@type\":\"WebSite\",\"@id\":\"https:\\\/\\\/labenefica.org\\\/ast\\\/#website\",\"url\":\"https:\\\/\\\/labenefica.org\\\/ast\\\/\",\"name\":\"La Ben\\u00e9fica de Pilo\\u00f1a\",\"description\":\"Espaciu Cultural\",\"inLanguage\":\"ast-ES\",\"publisher\":{\"@id\":\"https:\\\/\\\/labenefica.org\\\/ast\\\/#organization\"}}]}\n\t\t<\/script>\n\t\t<!-- All in One SEO -->\n\n","aioseo_head_json":{"title":"Axenda | La Ben\u00e9fica de Pilo\u00f1a","description":"AXENDA Si quies recibir cada mes la nuestra fueyinade bilordios, suscr\u00edbite darr\u00e9u: Leave this field empty if you're human: Si nun te presta, siempres pues date de baxa, pero sabemos qu\u2019eso nun va pasar. Del 1 d'agostu al 6 de setiembre de 2026 \u27a4 Antiguu Balneariu de Borines Artistes Ben\u00e9ficos: Merc\u00e1u d\u2019Arte + INFO Del","canonical_url":"https:\/\/labenefica.org\/ast\/axenda\/","robots":"max-image-preview:large","keywords":"","webmasterTools":{"miscellaneous":""},"schema":{"@context":"https:\/\/schema.org","@graph":[{"@type":"BreadcrumbList","@id":"https:\/\/labenefica.org\/ast\/axenda\/#breadcrumblist","itemListElement":[{"@type":"ListItem","@id":"https:\/\/labenefica.org\/ast\/#listItem","position":1,"name":"Inicio","item":"https:\/\/labenefica.org\/ast\/","nextItem":{"@type":"ListItem","@id":"https:\/\/labenefica.org\/ast\/axenda\/#listItem","name":"Axenda"}},{"@type":"ListItem","@id":"https:\/\/labenefica.org\/ast\/axenda\/#listItem","position":2,"name":"Axenda","previousItem":{"@type":"ListItem","@id":"https:\/\/labenefica.org\/ast\/#listItem","name":"Inicio"}}]},{"@type":"Organization","@id":"https:\/\/labenefica.org\/ast\/#organization","name":"La Ben\u00e9fica de Pilo\u00f1a","description":"Espaciu Cultural","url":"https:\/\/labenefica.org\/ast\/","sameAs":["https:\/\/www.facebook.com\/labeneficadepilona","https:\/\/www.instagram.com\/la_benefica_pilona\/"]},{"@type":"WebPage","@id":"https:\/\/labenefica.org\/ast\/axenda\/#webpage","url":"https:\/\/labenefica.org\/ast\/axenda\/","name":"Axenda | La Ben\u00e9fica de Pilo\u00f1a","description":"AXENDA Si quies recibir cada mes la nuestra fueyinade bilordios, suscr\u00edbite darr\u00e9u: Leave this field empty if you're human: Si nun te presta, siempres pues date de baxa, pero sabemos qu\u2019eso nun va pasar. Del 1 d'agostu al 6 de setiembre de 2026 \u27a4 Antiguu Balneariu de Borines Artistes Ben\u00e9ficos: Merc\u00e1u d\u2019Arte + INFO Del","inLanguage":"ast-ES","isPartOf":{"@id":"https:\/\/labenefica.org\/ast\/#website"},"breadcrumb":{"@id":"https:\/\/labenefica.org\/ast\/axenda\/#breadcrumblist"},"datePublished":"2025-10-16T10:33:34+02:00","dateModified":"2026-08-31T17:41:17+02:00"},{"@type":"WebSite","@id":"https:\/\/labenefica.org\/ast\/#website","url":"https:\/\/labenefica.org\/ast\/","name":"La Ben\u00e9fica de Pilo\u00f1a","description":"Espaciu Cultural","inLanguage":"ast-ES","publisher":{"@id":"https:\/\/labenefica.org\/ast\/#organization"}}]},"og:locale":"en_US","og:site_name":"La Ben\u00e9fica de Pilo\u00f1a | Espaciu Cultural","og:type":"article","og:title":"Axenda | La Ben\u00e9fica de Pilo\u00f1a","og:description":"AXENDA Si quies recibir cada mes la nuestra fueyinade bilordios, suscr\u00edbite darr\u00e9u: Leave this field empty if you're human: Si nun te presta, siempres pues date de baxa, pero sabemos qu\u2019eso nun va pasar. Del 1 d'agostu al 6 de setiembre de 2026 \u27a4 Antiguu Balneariu de Borines Artistes Ben\u00e9ficos: Merc\u00e1u d\u2019Arte + INFO Del","og:url":"https:\/\/labenefica.org\/ast\/axenda\/","og:image":"https:\/\/labenefica.org\/wp-content\/uploads\/2024\/01\/fachadabenefica-43.jpg","og:image:secure_url":"https:\/\/labenefica.org\/wp-content\/uploads\/2024\/01\/fachadabenefica-43.jpg","og:image:width":1500,"og:image:height":1000,"article:published_time":"2025-10-16T08:33:34+00:00","article:modified_time":"2026-08-31T15:41:17+00:00","article:publisher":"https:\/\/www.facebook.com\/labeneficadepilona","twitter:card":"summary","twitter:title":"Axenda | La Ben\u00e9fica de Pilo\u00f1a","twitter:description":"AXENDA Si quies recibir cada mes la nuestra fueyinade bilordios, suscr\u00edbite darr\u00e9u: Leave this field empty if you're human: Si nun te presta, siempres pues date de baxa, pero sabemos qu\u2019eso nun va pasar. Del 1 d'agostu al 6 de setiembre de 2026 \u27a4 Antiguu Balneariu de Borines Artistes Ben\u00e9ficos: Merc\u00e1u d\u2019Arte + INFO Del","twitter:image":"https:\/\/labenefica.org\/wp-content\/uploads\/2024\/01\/fachadabenefica-43.jpg"},"aioseo_meta_data":{"post_id":"17302","title":"#post_title #separator_sa #site_title","description":"#post_content","keywords":[],"keyphrases":{"focus":[],"additional":[]},"primary_term":null,"canonical_url":null,"og_title":null,"og_description":null,"og_object_type":"default","og_image_type":"default","og_image_url":null,"og_image_width":null,"og_image_height":null,"og_image_custom_url":null,"og_image_custom_fields":null,"og_video":"","og_custom_url":null,"og_article_section":null,"og_article_tags":[],"twitter_use_og":false,"twitter_card":"default","twitter_image_type":"default","twitter_image_url":null,"twitter_image_custom_url":null,"twitter_image_custom_fields":null,"twitter_title":null,"twitter_description":null,"schema":{"blockGraphs":[],"customGraphs":[],"default":{"data":{"Article":[],"Course":[],"Dataset":[],"FAQPage":[],"Movie":[],"Person":[],"Product":[],"ProductReview":[],"Car":[],"Recipe":[],"Service":[],"SoftwareApplication":[],"WebPage":{"id":"aioseo-web-page-6373ce0b4c9b4","slug":"web-page","graphName":"WebPage","label":"P\u00e1gina web","properties":{"type":"WebPage","name":"","description":""}}},"graphName":"","isEnabled":true},"graphs":[]},"schema_type":"default","schema_type_options":"{\"article\":{\"articleType\":\"BlogPosting\"},\"course\":{\"name\":\"\",\"description\":\"\",\"provider\":\"\"},\"faq\":{\"pages\":[]},\"product\":{\"reviews\":[]},\"recipe\":{\"ingredients\":[],\"instructions\":[],\"keywords\":[]},\"software\":{\"reviews\":[],\"operatingSystems\":[]},\"webPage\":{\"webPageType\":\"WebPage\"}}","pillar_content":false,"robots_default":true,"robots_noindex":false,"robots_noarchive":false,"robots_nosnippet":false,"robots_nofollow":false,"robots_noimageindex":false,"robots_noodp":false,"robots_notranslate":false,"robots_max_snippet":"-1","robots_max_videopreview":"-1","robots_max_imagepreview":"large","priority":null,"frequency":"default","local_seo":null,"breadcrumb_settings":null,"limit_modified_date":false,"ai":null,"created":"2025-12-05 11:26:46","updated":"2026-08-31 21:28:39","seo_analyzer_scan_date":null,"focus_keyword":null,"additional_keywords":null,"truseo_locale":null},"aioseo_breadcrumb":"<div class=\"aioseo-breadcrumbs\"><span class=\"aioseo-breadcrumb\">\n\t\t\t<a href=\"https:\/\/labenefica.org\/ast\/\" title=\"Inicio\">Inicio<\/a>\n\t\t<\/span><span class=\"aioseo-breadcrumb-separator\">&raquo;<\/span><span class=\"aioseo-breadcrumb\">\n\t\t\tAxenda\n\t\t<\/span><\/div>","aioseo_breadcrumb_json":[{"label":"Inicio","link":"https:\/\/labenefica.org\/ast\/"},{"label":"Axenda","link":"https:\/\/labenefica.org\/ast\/axenda\/"}],"_links":{"self":[{"href":"https:\/\/labenefica.org\/ast\/wp-json\/wp\/v2\/pages\/17302","targetHints":{"allow":["GET"]}}],"collection":[{"href":"https:\/\/labenefica.org\/ast\/wp-json\/wp\/v2\/pages"}],"about":[{"href":"https:\/\/labenefica.org\/ast\/wp-json\/wp\/v2\/types\/page"}],"author":[{"embeddable":true,"href":"https:\/\/labenefica.org\/ast\/wp-json\/wp\/v2\/users\/1"}],"replies":[{"embeddable":true,"href":"https:\/\/labenefica.org\/ast\/wp-json\/wp\/v2\/comments?post=17302"}],"version-history":[{"count":92,"href":"https:\/\/labenefica.org\/ast\/wp-json\/wp\/v2\/pages\/17302\/revisions"}],"predecessor-version":[{"id":21038,"href":"https:\/\/labenefica.org\/ast\/wp-json\/wp\/v2\/pages\/17302\/revisions\/21038"}],"wp:attachment":[{"href":"https:\/\/labenefica.org\/ast\/wp-json\/wp\/v2\/media?parent=17302"}],"curies":[{"name":"wp","href":"https:\/\/api.w.org\/{rel}","templated":true}]}}